{"id":16484,"date":"2025-11-10T08:53:46","date_gmt":"2025-11-10T00:53:46","guid":{"rendered":"https:\/\/luxpowertek.com\/?page_id=16484"},"modified":"2025-11-10T16:59:11","modified_gmt":"2025-11-10T08:59:11","slug":"intersolarsouthamerica2024-8","status":"publish","type":"page","link":"https:\/\/luxpowertek.com\/pt\/intersolarsouthamerica2024-8\/","title":{"rendered":"Exposi\u00e7\u00e3o de Solu\u00e7\u00f5es Solares D\u00fcsseldorf 2025"},"content":{"rendered":"<div class=\"banner has-hover hide-for-medium\" id=\"banner-510756675\">\n          <div class=\"banner-inner fill\">\n        <div class=\"banner-bg fill\" >\n            <div class=\"bg fill bg-fill\"><\/div>\n                        <div class=\"overlay\"><\/div>            \n                    <\/div>\n\t\t\n        <div class=\"banner-layers container\">\n            <div class=\"fill banner-link\"><\/div>            \n   <div id=\"text-box-810398934\" class=\"text-box banner-layer x0 md-x5 lg-x80 y95 md-y100 lg-y65 res-text\">\n                                <div class=\"text-box-content text dark\">\n              \n              <div class=\"text-inner text-center\">\n                  \n<div class=\"row\"  id=\"row-569599113\">\n\n\t<div id=\"col-886938803\" class=\"col medium-10 small-12 large-10\"  >\n\t\t\t\t<div class=\"col-inner text-right\"  >\n\t\t\t\n\t\t\t\n<a href=\"https:\/\/en.solarsolutionsduesseldorf.de\/tickets\/\" target=\"_blank\" class=\"button secondary\" rel=\"noopener\"  style=\"border-radius:10px;\">\n    <span>Registre-se agora<\/span>\n  <\/a>\n\n\t\t<\/div>\n\t\t\t\t\n<style>\n#col-886938803 > .col-inner {\n  padding: 0px 200px 0px 22px;\n  margin: 117px -31px -119px -472px;\n}\n<\/style>\n\t<\/div>\n\n\t\n<\/div>\n              <\/div>\n           <\/div>\n                            \n<style>\n#text-box-810398934 {\n  width: 92%;\n}\n#text-box-810398934 .text-box-content {\n  font-size: 100%;\n}\n@media (min-width:550px) {\n  #text-box-810398934 {\n    width: 91%;\n  }\n}\n@media (min-width:850px) {\n  #text-box-810398934 {\n    width: 52%;\n  }\n}\n<\/style>\n    <\/div>\n \n        <\/div>\n      <\/div>\n\n            \n<style>\n#banner-510756675 {\n  padding-top: 56.25%;\n}\n#banner-510756675 .bg.bg-loaded {\n  background-image: url(https:\/\/luxpowertek.com\/wp-content\/uploads\/2025\/11\/Invitation-Letter-Solar-Solutions-Dusseldorf-solar-solutions-scaled.webp);\n}\n#banner-510756675 .overlay {\n  background-color: rgba(0, 0, 0, 0.128);\n}\n#banner-510756675 .bg {\n  background-position: 4% 29%;\n}\n@media (min-width:550px) {\n  #banner-510756675 {\n    padding-top: 56.25%;\n  }\n  #banner-510756675 .overlay {\n    background-color: rgba(0, 0, 0, 0.023);\n  }\n}\n<\/style>\n  <\/div>\n\n\n\t<div id=\"gap-1558459681\" class=\"gap-element clearfix show-for-small\" style=\"display:block; height:auto;\">\n\t\t\n<style>\n#gap-1558459681 {\n  padding-top: 50px;\n}\n@media (min-width:550px) {\n  #gap-1558459681 {\n    padding-top: 30px;\n  }\n}\n<\/style>\n\t<\/div>\n\t\n\n  <div class=\"banner has-hover show-for-small\" id=\"banner-1340783341\">\n          <div class=\"banner-inner fill\">\n        <div class=\"banner-bg fill\" >\n            <div class=\"bg fill bg-fill\"><\/div>\n                                    \n                    <\/div>\n\t\t\n        <div class=\"banner-layers container\">\n            <div class=\"fill banner-link\"><\/div>            \n   <div id=\"text-box-1794108705\" class=\"text-box banner-layer x5 md-x50 lg-x50 y95 md-y50 lg-y50 res-text\">\n                                <div class=\"text-box-content text dark\">\n              \n              <div class=\"text-inner text-center\">\n                  \n<a href=\"https:\/\/www.intersolar.de\/tickets\" class=\"button secondary\"  style=\"border-radius:99px;\">\n    <span>Registre-se agora<\/span>\n  <\/a>\n\n              <\/div>\n           <\/div>\n                            \n<style>\n#text-box-1794108705 {\n  width: 37%;\n}\n#text-box-1794108705 .text-box-content {\n  font-size: 100%;\n}\n@media (min-width:550px) {\n  #text-box-1794108705 {\n    width: 60%;\n  }\n}\n<\/style>\n    <\/div>\n \n        <\/div>\n      <\/div>\n\n            \n<style>\n#banner-1340783341 {\n  padding-top: 56.25%;\n}\n#banner-1340783341 .bg.bg-loaded {\n  background-image: url(https:\/\/luxpowertek.com\/wp-content\/uploads\/2025\/04\/IntersolarEurope-2025-1030x579.webp);\n}\n@media (min-width:550px) {\n  #banner-1340783341 {\n    padding-top: 500px;\n  }\n}\n<\/style>\n  <\/div>\n\n\n\t<section class=\"section roadpage_join_us_section\" id=\"section_922320476\">\n\t\t<div class=\"bg section-bg fill bg-fill  bg-loaded\" >\n\n\t\t\t\n\t\t\t\n\t\t\t\n\n\t\t<\/div>\n\n\t\t\n\n\t\t<div class=\"section-content relative\">\n\t\t\t\n<div class=\"row\"  id=\"row-502141147\">\n\n\t<div id=\"col-493905765\" class=\"col small-12 large-12\"  >\n\t\t\t\t<div class=\"col-inner\"  >\n\t\t\t\n\t<div class=\"is-border\"\n\t\tstyle=\"border-width:0px 0px 0px 0px;margin:0px 0px 0px -43px;\">\n\t<\/div>\n\t\t\t\n<div class=\"row\"  id=\"row-1787271445\">\n\n\t<div id=\"col-505110669\" class=\"col medium-11 small-12 large-11\"  >\n\t\t\t\t<div class=\"col-inner\"  >\n\t\t\t\n\t\t\t\n\t<div id=\"text-1423708973\" class=\"text\">\n\t\t\n<p><strong><b>LuxpowerTek apresentar\u00e1 novas solu\u00e7\u00f5es de armazenamento de energia na Solar Solutions D\u00fcsseldorf, Alemanha, em 2025.<\/b><\/strong><br \/>\n\t\t\n<style>\n#text-1423708973 {\n  font-size: 1rem;\n  text-align: left;\n}\n@media (min-width:550px) {\n  #text-1423708973 {\n    font-size: 1.4rem;\n  }\n}\n@media (min-width:850px) {\n  #text-1423708973 {\n    text-align: center;\n  }\n}\n<\/style>\n\t<\/div>\n\t\n<div class=\"text-center\"><div class=\"is-divider divider clearfix\" ><\/div><\/div>\n<p><strong>Estande n\u00ba: D7, Pavilh\u00e3o 14<\/strong><br \/>\n<strong>Datas da exposi\u00e7\u00e3o: 3 e 4 de dezembro de 2025<\/strong><br \/>\n<strong>Local: Messe D\u00fcsseldorf, D\u00fcsseldorf, Alemanha<\/strong><\/p>\n<p>A LuxpowerTek tem o prazer de anunciar nossa participa\u00e7\u00e3o em <strong>Solu\u00e7\u00f5es Solares D\u00fcsseldorf 2025<\/strong>A principal feira europeia de solu\u00e7\u00f5es de energia descentralizada e gest\u00e3o de energia. Neste prestigiado evento, apresentaremos um conjunto de conceitos inovadores de armazenamento de energia e inversores, concebidos para redefinir a flexibilidade, a intelig\u00eancia e a escalabilidade em aplica\u00e7\u00f5es residenciais, sistemas fotovoltaicos em varandas e aplica\u00e7\u00f5es comerciais e industriais.<\/p>\n<h3><strong>Linha de produtos voltada para o futuro<\/strong><\/h3>\n<p><strong>Inversor h\u00edbrido monof\u00e1sico de baixa tens\u00e3o de \u00faltima gera\u00e7\u00e3o (12 kW)<\/strong><br \/>\nTotalmente modernizado para atender \u00e0s demandas do mercado alem\u00e3o, este modelo suporta baterias de baixa tens\u00e3o, oferece capacidade aprimorada de intera\u00e7\u00e3o com a rede el\u00e9trica, gerenciamento inteligente de tarifas por hor\u00e1rio de consumo (TOU) e compatibilidade com geradores \u2014 ideal para resid\u00eancias que buscam independ\u00eancia energ\u00e9tica, resili\u00eancia e efici\u00eancia de custos.<\/p>\n<p><strong>Conceito de inversor eco-h\u00edbrido de pr\u00f3xima gera\u00e7\u00e3o<\/strong><br \/>\nCompacto e vers\u00e1til, projetado para usu\u00e1rios que est\u00e3o entrando no mercado de energia solar com armazenamento. Combina facilidade de instala\u00e7\u00e3o com roteamento inteligente de energia, perfeito para maximizar o autoconsumo em resid\u00eancias e pequenos com\u00e9rcios.<\/p>\n<p><strong>Sistema trif\u00e1sico de alta tens\u00e3o tudo-em-um<\/strong><br \/>\nProjetado para resid\u00eancias maiores e instala\u00e7\u00f5es comerciais, integra um sistema de baterias de alta tens\u00e3o com um potente inversor trif\u00e1sico em um gabinete compacto. Oferece desempenho robusto, instala\u00e7\u00e3o simplificada e autonomia energ\u00e9tica superior.<\/p>\n<p><strong>Solu\u00e7\u00e3o de armazenamento de energia para com\u00e9rcio e ind\u00fastria \/ Solu\u00e7\u00e3o de armazenamento fotovoltaico para varandas<\/strong><br \/>\nComo destaque especial, entramos em um novo patamar de energia solar! Para mais detalhes, visite nosso estande.<\/p>\n<h3><strong>O que esperar em nosso estande<\/strong><\/h3>\n<p class=\"ds-markdown-paragraph\">Os visitantes do estande D7 ter\u00e3o a oportunidade de...\u00a0<strong>oportunidade exclusiva<\/strong>\u00a0Para explorar esses prot\u00f3tipos conceituais antes do seu lan\u00e7amento no mercado, nossos especialistas em P&amp;D e t\u00e9cnicos estar\u00e3o dispon\u00edveis durante todo o evento para discutir arquitetura de sistema, potencial de integra\u00e7\u00e3o e aplica\u00e7\u00f5es pr\u00e1ticas.<\/p>\n<p class=\"ds-markdown-paragraph\">Interaja conosco atrav\u00e9s de:<\/p>\n<ul>\n<li>\n<p class=\"ds-markdown-paragraph\"><strong>Demonstra\u00e7\u00f5es de produtos ao vivo<\/strong><\/p>\n<\/li>\n<li>\n<p class=\"ds-markdown-paragraph\"><strong>Sess\u00f5es de consulta individual<\/strong><\/p>\n<\/li>\n<li>\n<p class=\"ds-markdown-paragraph\"><strong>Discuss\u00f5es t\u00e9cnicas detalhadas e sobre parcerias<\/strong><\/p>\n<\/li>\n<\/ul>\n<p class=\"ds-markdown-paragraph\">Convidamos distribuidores, instaladores, desenvolvedores de projetos e colegas do setor a se juntarem a n\u00f3s em\u00a0<strong>Estande D7, Pavilh\u00e3o 14<\/strong>Descubra como as inova\u00e7\u00f5es futuras da LuxpowerTek podem moldar o futuro da energia limpa, tornando-a mais inteligente, adapt\u00e1vel e amplamente acess\u00edvel em toda a Europa.<\/p>\n<a href=\"https:\/\/luxpowertek.com\/pt\/contate-nos\/\" class=\"button secondary is-outline\"  style=\"border-radius:99px;\">\n    <span>CONTATE-NOS<\/span>\n  <\/a>\n\n\t\t<\/div>\n\t\t\t\t\t<\/div>\n\n\t\n<\/div>\n\t\t<\/div>\n\t\t\t\t\t<\/div>\n\n\t\n<\/div>\n\t\t<\/div>\n\n\t\t\n<style>\n#section_922320476 {\n  padding-top: 19px;\n  padding-bottom: 19px;\n  background-color: rgb(245, 245, 245);\n}\n@media (min-width:550px) {\n  #section_922320476 {\n    padding-top: 50px;\n    padding-bottom: 50px;\n  }\n}\n<\/style>\n\t<\/section>\n\t\n\t<section class=\"section roadshow_page_h3\" id=\"section_2024191875\">\n\t\t<div class=\"bg section-bg fill bg-fill  bg-loaded\" >\n\n\t\t\t\n\t\t\t\n\t\t\t\n\n\t\t<\/div>\n\n\t\t\n\n\t\t<div class=\"section-content relative\">\n\t\t\t\n<div class=\"row\"  id=\"row-1267161611\">\n\n\t<div id=\"col-352933901\" class=\"col small-12 large-12\"  >\n\t\t\t\t<div class=\"col-inner\"  >\n\t\t\t\n\t\t\t\n\t<div id=\"text-3815900049\" class=\"text\">\n\t\t\n<h2><span style=\"font-size: 80%;\">Descubra o futuro de <strong>Solu\u00e7\u00e3o Solar Alem\u00e3<\/strong><strong>\u00a02025!<\/strong><\/span><\/h2>\n\t\t\n<style>\n#text-3815900049 {\n  font-size: 1rem;\n  text-align: center;\n}\n@media (min-width:550px) {\n  #text-3815900049 {\n    font-size: 1.4rem;\n  }\n}\n<\/style>\n\t<\/div>\n\t\n\t\t<\/div>\n\t\t\t\t\t<\/div>\n\n\t\n<\/div>\n<div class=\"row row-small\"  id=\"row-1556512922\">\n\n\t<div id=\"col-320057226\" class=\"col medium-4 small-12 large-4\"  >\n\t\t\t\t<div class=\"col-inner\"  >\n\t\t\t\n\t\t\t\n\t<div class=\"box has-hover   has-hover box-default box-text-bottom\" >\n\n\t\t<div class=\"box-image\" style=\"border-radius:2%;width:63%;\">\n\t\t\t\t\t\t<div class=\"image-cover\" style=\"padding-top:100%;\">\n\t\t\t\t<img loading=\"lazy\" decoding=\"async\" width=\"2560\" height=\"2048\" src=\"https:\/\/luxpowertek.com\/wp-content\/uploads\/2025\/11\/Hybrid-inverter-single-phase-GEN3-6-14K-scaled.webp\" class=\"attachment-original size-original\" alt=\"Inversor h\u00edbrido monof\u00e1sico - GEN3 6-14K\" srcset=\"https:\/\/luxpowertek.com\/wp-content\/uploads\/2025\/11\/Hybrid-inverter-single-phase-GEN3-6-14K-scaled.webp 2560w, https:\/\/luxpowertek.com\/wp-content\/uploads\/2025\/11\/Hybrid-inverter-single-phase-GEN3-6-14K-300x240.webp 300w, https:\/\/luxpowertek.com\/wp-content\/uploads\/2025\/11\/Hybrid-inverter-single-phase-GEN3-6-14K-1030x824.webp 1030w, https:\/\/luxpowertek.com\/wp-content\/uploads\/2025\/11\/Hybrid-inverter-single-phase-GEN3-6-14K-768x614.webp 768w, https:\/\/luxpowertek.com\/wp-content\/uploads\/2025\/11\/Hybrid-inverter-single-phase-GEN3-6-14K-1536x1229.webp 1536w, https:\/\/luxpowertek.com\/wp-content\/uploads\/2025\/11\/Hybrid-inverter-single-phase-GEN3-6-14K-2048x1638.webp 2048w, https:\/\/luxpowertek.com\/wp-content\/uploads\/2025\/11\/Hybrid-inverter-single-phase-GEN3-6-14K-15x12.webp 15w, https:\/\/luxpowertek.com\/wp-content\/uploads\/2025\/11\/Hybrid-inverter-single-phase-GEN3-6-14K-510x408.webp 510w\" sizes=\"auto, (max-width: 2560px) 100vw, 2560px\" \/>\t\t\t\t\t\t\t\t\t\t\t<\/div>\n\t\t\t\t\t<\/div>\n\n\t\t<div class=\"box-text text-left\" >\n\t\t\t<div class=\"box-text-inner\">\n\t\t\t\t\n\t<div id=\"text-1755641790\" class=\"text\">\n\t\t\n<p class=\"lead\" style=\"text-align: center;\"><strong>GEN3-LB-EU 12K<\/strong><\/p>\n<p class=\"lead\" style=\"text-align: center;\">Sistemas monof\u00e1sicos\/h\u00edbridos em s\u00e9rie que funcionam com baterias de baixa voltagem.<\/p>\n\t\t\n<style>\n#text-1755641790 {\n  text-align: left;\n}\n<\/style>\n\t<\/div>\n\t\n\t\t\t<\/div>\n\t\t<\/div>\n\t<\/div>\n\t\n\t<div id=\"gap-2038467468\" class=\"gap-element clearfix\" style=\"display:block; height:auto;\">\n\t\t\n<style>\n#gap-2038467468 {\n  padding-top: 66px;\n}\n<\/style>\n\t<\/div>\n\t\n\t<div class=\"box has-hover   has-hover box-default box-text-bottom\" >\n\n\t\t<div class=\"box-image\" style=\"border-radius:5%;width:62%;\">\n\t\t\t\t\t\t<div class=\"\" >\n\t\t\t\t<img loading=\"lazy\" decoding=\"async\" width=\"2304\" height=\"2560\" src=\"https:\/\/luxpowertek.com\/wp-content\/uploads\/2025\/11\/All-in-one-series-three-phase-TriStack-12K-scaled.webp\" class=\"attachment-original size-original\" alt=\"Tudo em um - s\u00e9rie trif\u00e1sica - TriStack 12K\" srcset=\"https:\/\/luxpowertek.com\/wp-content\/uploads\/2025\/11\/All-in-one-series-three-phase-TriStack-12K-scaled.webp 2304w, https:\/\/luxpowertek.com\/wp-content\/uploads\/2025\/11\/All-in-one-series-three-phase-TriStack-12K-270x300.webp 270w, https:\/\/luxpowertek.com\/wp-content\/uploads\/2025\/11\/All-in-one-series-three-phase-TriStack-12K-927x1030.webp 927w, https:\/\/luxpowertek.com\/wp-content\/uploads\/2025\/11\/All-in-one-series-three-phase-TriStack-12K-768x853.webp 768w, https:\/\/luxpowertek.com\/wp-content\/uploads\/2025\/11\/All-in-one-series-three-phase-TriStack-12K-1382x1536.webp 1382w, https:\/\/luxpowertek.com\/wp-content\/uploads\/2025\/11\/All-in-one-series-three-phase-TriStack-12K-1843x2048.webp 1843w, https:\/\/luxpowertek.com\/wp-content\/uploads\/2025\/11\/All-in-one-series-three-phase-TriStack-12K-11x12.webp 11w, https:\/\/luxpowertek.com\/wp-content\/uploads\/2025\/11\/All-in-one-series-three-phase-TriStack-12K-510x567.webp 510w\" sizes=\"auto, (max-width: 2304px) 100vw, 2304px\" \/>\t\t\t\t\t\t\t\t\t\t\t<\/div>\n\t\t\t\t\t<\/div>\n\n\t\t<div class=\"box-text text-left\" >\n\t\t\t<div class=\"box-text-inner\">\n\t\t\t\t\n\t<div id=\"text-3009944032\" class=\"text\">\n\t\t\n<p class=\"lead\" style=\"text-align: center;\"><b>TriStack (Inversor de 12 kW)<\/b><\/p>\n<p class=\"lead\" style=\"text-align: center;\">S\u00e9rie trif\u00e1sica \/ Tudo em um<\/p>\n\t\t\n<style>\n#text-3009944032 {\n  line-height: 2;\n}\n<\/style>\n\t<\/div>\n\t\n\t<div id=\"gap-89483723\" class=\"gap-element clearfix\" style=\"display:block; height:auto;\">\n\t\t\n<style>\n#gap-89483723 {\n  padding-top: 60px;\n}\n<\/style>\n\t<\/div>\n\t\n\t\t\t<\/div>\n\t\t<\/div>\n\t<\/div>\n\t\n\t<div class=\"box has-hover   has-hover box-default box-text-bottom\" >\n\n\t\t<div class=\"box-image\" style=\"border-radius:2%;width:63%;\">\n\t\t\t\t\t\t<div class=\"\" >\n\t\t\t\t<img loading=\"lazy\" decoding=\"async\" width=\"1920\" height=\"2560\" src=\"https:\/\/luxpowertek.com\/wp-content\/uploads\/2025\/11\/Storage-Battery-PShield-Max-16kWh-scaled.webp\" class=\"attachment-original size-original\" alt=\"Bateria de armazenamento - P Shield Max - 16 kWh\" srcset=\"https:\/\/luxpowertek.com\/wp-content\/uploads\/2025\/11\/Storage-Battery-PShield-Max-16kWh-scaled.webp 1920w, https:\/\/luxpowertek.com\/wp-content\/uploads\/2025\/11\/Storage-Battery-PShield-Max-16kWh-225x300.webp 225w, https:\/\/luxpowertek.com\/wp-content\/uploads\/2025\/11\/Storage-Battery-PShield-Max-16kWh-773x1030.webp 773w, https:\/\/luxpowertek.com\/wp-content\/uploads\/2025\/11\/Storage-Battery-PShield-Max-16kWh-768x1024.webp 768w, https:\/\/luxpowertek.com\/wp-content\/uploads\/2025\/11\/Storage-Battery-PShield-Max-16kWh-1152x1536.webp 1152w, https:\/\/luxpowertek.com\/wp-content\/uploads\/2025\/11\/Storage-Battery-PShield-Max-16kWh-1536x2048.webp 1536w, https:\/\/luxpowertek.com\/wp-content\/uploads\/2025\/11\/Storage-Battery-PShield-Max-16kWh-9x12.webp 9w, https:\/\/luxpowertek.com\/wp-content\/uploads\/2025\/11\/Storage-Battery-PShield-Max-16kWh-510x680.webp 510w\" sizes=\"auto, (max-width: 1920px) 100vw, 1920px\" \/>\t\t\t\t\t\t\t\t\t\t\t<\/div>\n\t\t\t\t\t<\/div>\n\n\t\t<div class=\"box-text text-left\" >\n\t\t\t<div class=\"box-text-inner\">\n\t\t\t\t\n<p class=\"lead\" style=\"text-align: center;\"><b>PSHELD M\u00c1XIMO \/ 16kWh<\/b><\/p>\n<p class=\"lead\" style=\"text-align: center;\">Alta capacidade para uso externo<\/p>\n\t<div id=\"text-533502043\" class=\"text\">\n\t\t\n\t\t\n<style>\n#text-533502043 {\n  line-height: 2;\n}\n<\/style>\n\t<\/div>\n\t\n\t\t\t<\/div>\n\t\t<\/div>\n\t<\/div>\n\t\n\t\t<\/div>\n\t\t\t\t\t<\/div>\n\n\t\n\n\t<div id=\"col-993066315\" class=\"col medium-4 small-12 large-4\"  >\n\t\t\t\t<div class=\"col-inner\"  >\n\t\t\t\n\t\t\t\n\t<div class=\"box has-hover   has-hover box-default box-text-bottom\" >\n\n\t\t<div class=\"box-image\" style=\"border-radius:2%;width:63%;\">\n\t\t\t\t\t\t<div class=\"image-cover\" style=\"padding-top:100%;\">\n\t\t\t\t<img loading=\"lazy\" decoding=\"async\" width=\"2240\" height=\"2560\" src=\"https:\/\/luxpowertek.com\/wp-content\/uploads\/2025\/11\/Eco-Hybrid-energy-storage-inverter-SNA3-EU-6k-scaled.webp\" class=\"attachment-original size-original\" alt=\"Inversor de armazenamento de energia Eco-Hybrid - SNA3 EU 6k\" srcset=\"https:\/\/luxpowertek.com\/wp-content\/uploads\/2025\/11\/Eco-Hybrid-energy-storage-inverter-SNA3-EU-6k-scaled.webp 2240w, https:\/\/luxpowertek.com\/wp-content\/uploads\/2025\/11\/Eco-Hybrid-energy-storage-inverter-SNA3-EU-6k-263x300.webp 263w, https:\/\/luxpowertek.com\/wp-content\/uploads\/2025\/11\/Eco-Hybrid-energy-storage-inverter-SNA3-EU-6k-901x1030.webp 901w, https:\/\/luxpowertek.com\/wp-content\/uploads\/2025\/11\/Eco-Hybrid-energy-storage-inverter-SNA3-EU-6k-768x878.webp 768w, https:\/\/luxpowertek.com\/wp-content\/uploads\/2025\/11\/Eco-Hybrid-energy-storage-inverter-SNA3-EU-6k-1344x1536.webp 1344w, https:\/\/luxpowertek.com\/wp-content\/uploads\/2025\/11\/Eco-Hybrid-energy-storage-inverter-SNA3-EU-6k-1792x2048.webp 1792w, https:\/\/luxpowertek.com\/wp-content\/uploads\/2025\/11\/Eco-Hybrid-energy-storage-inverter-SNA3-EU-6k-11x12.webp 11w, https:\/\/luxpowertek.com\/wp-content\/uploads\/2025\/11\/Eco-Hybrid-energy-storage-inverter-SNA3-EU-6k-510x583.webp 510w\" sizes=\"auto, (max-width: 2240px) 100vw, 2240px\" \/>\t\t\t\t\t\t\t\t\t\t\t<\/div>\n\t\t\t\t\t<\/div>\n\n\t\t<div class=\"box-text text-left\" >\n\t\t\t<div class=\"box-text-inner\">\n\t\t\t\t\n\t<div id=\"text-117567445\" class=\"text\">\n\t\t\n<p class=\"lead\" style=\"text-align: center;\"><strong>SNA3-EU 6K<\/strong><\/p>\n<p class=\"lead\" style=\"text-align: center;\">S\u00e9rie monof\u00e1sica\/eco-h\u00edbrida que funciona com bateria de baixa voltagem<\/p>\n\t\t\n<style>\n#text-117567445 {\n  text-align: left;\n}\n<\/style>\n\t<\/div>\n\t\n\t\t\t<\/div>\n\t\t<\/div>\n\t<\/div>\n\t\n\t<div id=\"gap-671654695\" class=\"gap-element clearfix\" style=\"display:block; height:auto;\">\n\t\t\n<style>\n#gap-671654695 {\n  padding-top: 65px;\n}\n<\/style>\n\t<\/div>\n\t\n\t<div class=\"box has-hover   has-hover box-default box-text-bottom\" >\n\n\t\t<div class=\"box-image\" style=\"border-radius:5%;width:87%;\">\n\t\t\t\t\t\t<div class=\"\" >\n\t\t\t\t<img loading=\"lazy\" decoding=\"async\" width=\"2560\" height=\"1706\" src=\"https:\/\/luxpowertek.com\/wp-content\/uploads\/2025\/11\/AC-couping-energy-storage-inverter-LXP-3600-ACS-scaled.webp\" class=\"attachment-original size-original\" alt=\"Inversor de armazenamento de energia com acoplamento CA - LXP 3600 ACS\" srcset=\"https:\/\/luxpowertek.com\/wp-content\/uploads\/2025\/11\/AC-couping-energy-storage-inverter-LXP-3600-ACS-scaled.webp 2560w, https:\/\/luxpowertek.com\/wp-content\/uploads\/2025\/11\/AC-couping-energy-storage-inverter-LXP-3600-ACS-300x200.webp 300w, https:\/\/luxpowertek.com\/wp-content\/uploads\/2025\/11\/AC-couping-energy-storage-inverter-LXP-3600-ACS-1030x687.webp 1030w, https:\/\/luxpowertek.com\/wp-content\/uploads\/2025\/11\/AC-couping-energy-storage-inverter-LXP-3600-ACS-768x512.webp 768w, https:\/\/luxpowertek.com\/wp-content\/uploads\/2025\/11\/AC-couping-energy-storage-inverter-LXP-3600-ACS-1536x1024.webp 1536w, https:\/\/luxpowertek.com\/wp-content\/uploads\/2025\/11\/AC-couping-energy-storage-inverter-LXP-3600-ACS-2048x1365.webp 2048w, https:\/\/luxpowertek.com\/wp-content\/uploads\/2025\/11\/AC-couping-energy-storage-inverter-LXP-3600-ACS-18x12.webp 18w, https:\/\/luxpowertek.com\/wp-content\/uploads\/2025\/11\/AC-couping-energy-storage-inverter-LXP-3600-ACS-510x340.webp 510w\" sizes=\"auto, (max-width: 2560px) 100vw, 2560px\" \/>\t\t\t\t\t\t\t\t\t\t\t<\/div>\n\t\t\t\t\t<\/div>\n\n\t\t<div class=\"box-text text-left\" >\n\t\t\t<div class=\"box-text-inner\">\n\t\t\t\t\n\t<div id=\"gap-792271689\" class=\"gap-element clearfix\" style=\"display:block; height:auto;\">\n\t\t\n<style>\n#gap-792271689 {\n  padding-top: 30px;\n}\n<\/style>\n\t<\/div>\n\t\n\t<div id=\"text-1933952032\" class=\"text\">\n\t\t\n<p class=\"lead\" style=\"text-align: center;\"><b>LXP 3600 ACS<\/b><\/p>\n<p class=\"lead\" style=\"text-align: center;\">Acoplamento CA \/ Adapta\u00e7\u00e3o do sistema para sistema de armazenamento de energia<\/p>\n\t\t\n<style>\n#text-1933952032 {\n  line-height: 2;\n}\n<\/style>\n\t<\/div>\n\t\n\t<div id=\"gap-618629290\" class=\"gap-element clearfix\" style=\"display:block; height:auto;\">\n\t\t\n<style>\n#gap-618629290 {\n  padding-top: 30px;\n}\n<\/style>\n\t<\/div>\n\t\n\t\t\t<\/div>\n\t\t<\/div>\n\t<\/div>\n\t\n\t<div class=\"box has-hover   has-hover box-default box-text-bottom\" >\n\n\t\t<div class=\"box-image\" style=\"border-radius:2%;width:63%;\">\n\t\t\t\t\t\t<div class=\"\" >\n\t\t\t\t<img loading=\"lazy\" decoding=\"async\" width=\"2133\" height=\"2560\" src=\"https:\/\/luxpowertek.com\/wp-content\/uploads\/2025\/11\/Storage-Battery-PGEM-5.12kWh-scaled.webp\" class=\"attachment-original size-original\" alt=\"Bateria de armazenamento - PGEM 5,12 kWh\" srcset=\"https:\/\/luxpowertek.com\/wp-content\/uploads\/2025\/11\/Storage-Battery-PGEM-5.12kWh-scaled.webp 2133w, https:\/\/luxpowertek.com\/wp-content\/uploads\/2025\/11\/Storage-Battery-PGEM-5.12kWh-250x300.webp 250w, https:\/\/luxpowertek.com\/wp-content\/uploads\/2025\/11\/Storage-Battery-PGEM-5.12kWh-858x1030.webp 858w, https:\/\/luxpowertek.com\/wp-content\/uploads\/2025\/11\/Storage-Battery-PGEM-5.12kWh-768x922.webp 768w, https:\/\/luxpowertek.com\/wp-content\/uploads\/2025\/11\/Storage-Battery-PGEM-5.12kWh-1280x1536.webp 1280w, https:\/\/luxpowertek.com\/wp-content\/uploads\/2025\/11\/Storage-Battery-PGEM-5.12kWh-1707x2048.webp 1707w, https:\/\/luxpowertek.com\/wp-content\/uploads\/2025\/11\/Storage-Battery-PGEM-5.12kWh-10x12.webp 10w, https:\/\/luxpowertek.com\/wp-content\/uploads\/2025\/11\/Storage-Battery-PGEM-5.12kWh-247x296.webp 247w, https:\/\/luxpowertek.com\/wp-content\/uploads\/2025\/11\/Storage-Battery-PGEM-5.12kWh-510x612.webp 510w\" sizes=\"auto, (max-width: 2133px) 100vw, 2133px\" \/>\t\t\t\t\t\t\t\t\t\t\t<\/div>\n\t\t\t\t\t<\/div>\n\n\t\t<div class=\"box-text text-left\" >\n\t\t\t<div class=\"box-text-inner\">\n\t\t\t\t\n<p class=\"lead\" style=\"text-align: center;\"><b>PGEM \/ 5,12 kWh<\/b><\/p>\n<p class=\"lead\" style=\"text-align: center;\">M\u00f3dulo de bateria residencial<\/p>\n\t<div id=\"gap-495414175\" class=\"gap-element clearfix\" style=\"display:block; height:auto;\">\n\t\t\n<style>\n#gap-495414175 {\n  padding-top: 114px;\n}\n<\/style>\n\t<\/div>\n\t\n\t\t\t<\/div>\n\t\t<\/div>\n\t<\/div>\n\t\n\t<div id=\"gap-18708794\" class=\"gap-element clearfix\" style=\"display:block; height:auto;\">\n\t\t\n<style>\n#gap-18708794 {\n  padding-top: 30px;\n}\n<\/style>\n\t<\/div>\n\t\n\t\t<\/div>\n\t\t\t\t\t<\/div>\n\n\t\n\n\t<div id=\"col-1450282992\" class=\"col medium-4 small-12 large-4\"  >\n\t\t\t\t<div class=\"col-inner\"  >\n\t\t\t\n\t\t\t\n\t<div class=\"box has-hover   has-hover box-default box-text-bottom\" >\n\n\t\t<div class=\"box-image\" style=\"border-radius:2%;width:63%;\">\n\t\t\t\t\t\t<div class=\"image-cover\" style=\"padding-top:100%;\">\n\t\t\t\t<img loading=\"lazy\" decoding=\"async\" width=\"1920\" height=\"2560\" src=\"https:\/\/luxpowertek.com\/wp-content\/uploads\/2025\/11\/Commercial-_-Industrial_Three-Phase-hybrid-inverter-TriP2-HB-3P-12-30K-scaled.webp\" class=\"attachment-original size-original\" alt=\"Inversor h\u00edbrido trif\u00e1sico comercial\/industrial - TriP2-HB-3P 12-30K\" srcset=\"https:\/\/luxpowertek.com\/wp-content\/uploads\/2025\/11\/Commercial-_-Industrial_Three-Phase-hybrid-inverter-TriP2-HB-3P-12-30K-scaled.webp 1920w, https:\/\/luxpowertek.com\/wp-content\/uploads\/2025\/11\/Commercial-_-Industrial_Three-Phase-hybrid-inverter-TriP2-HB-3P-12-30K-225x300.webp 225w, https:\/\/luxpowertek.com\/wp-content\/uploads\/2025\/11\/Commercial-_-Industrial_Three-Phase-hybrid-inverter-TriP2-HB-3P-12-30K-773x1030.webp 773w, https:\/\/luxpowertek.com\/wp-content\/uploads\/2025\/11\/Commercial-_-Industrial_Three-Phase-hybrid-inverter-TriP2-HB-3P-12-30K-768x1024.webp 768w, https:\/\/luxpowertek.com\/wp-content\/uploads\/2025\/11\/Commercial-_-Industrial_Three-Phase-hybrid-inverter-TriP2-HB-3P-12-30K-1152x1536.webp 1152w, https:\/\/luxpowertek.com\/wp-content\/uploads\/2025\/11\/Commercial-_-Industrial_Three-Phase-hybrid-inverter-TriP2-HB-3P-12-30K-1536x2048.webp 1536w, https:\/\/luxpowertek.com\/wp-content\/uploads\/2025\/11\/Commercial-_-Industrial_Three-Phase-hybrid-inverter-TriP2-HB-3P-12-30K-9x12.webp 9w, https:\/\/luxpowertek.com\/wp-content\/uploads\/2025\/11\/Commercial-_-Industrial_Three-Phase-hybrid-inverter-TriP2-HB-3P-12-30K-510x680.webp 510w\" sizes=\"auto, (max-width: 1920px) 100vw, 1920px\" \/>\t\t\t\t\t\t\t\t\t\t\t<\/div>\n\t\t\t\t\t<\/div>\n\n\t\t<div class=\"box-text text-left\" >\n\t\t\t<div class=\"box-text-inner\">\n\t\t\t\t\n\t<div id=\"text-4203934666\" class=\"text\">\n\t\t\n<p class=\"lead\" style=\"text-align: center;\"><strong>TriP2-HB-3P 30K<\/strong><\/p>\n<p class=\"lead\" style=\"text-align: center;\">Sistema trif\u00e1sico\/h\u00edbrido em s\u00e9rie para uso com bateria de alta voltagem<\/p>\n\t\t\n<style>\n#text-4203934666 {\n  text-align: left;\n}\n<\/style>\n\t<\/div>\n\t\n\t<div id=\"gap-2103801109\" class=\"gap-element clearfix\" style=\"display:block; height:auto;\">\n\t\t\n<style>\n#gap-2103801109 {\n  padding-top: 63px;\n}\n<\/style>\n\t<\/div>\n\t\n\t\t\t<\/div>\n\t\t<\/div>\n\t<\/div>\n\t\n\t<div class=\"box has-hover   has-hover box-default box-text-bottom\" >\n\n\t\t<div class=\"box-image\" style=\"border-radius:2%;width:63%;\">\n\t\t\t\t\t\t<div class=\"\" >\n\t\t\t\t<img loading=\"lazy\" decoding=\"async\" width=\"2133\" height=\"2560\" src=\"https:\/\/luxpowertek.com\/wp-content\/uploads\/2025\/11\/Storage-Battery-Pshiled-5.12kWh-scaled.webp\" class=\"attachment-original size-original\" alt=\"Bateria de armazenamento - Pshielded 5,12 kWh\" srcset=\"https:\/\/luxpowertek.com\/wp-content\/uploads\/2025\/11\/Storage-Battery-Pshiled-5.12kWh-scaled.webp 2133w, https:\/\/luxpowertek.com\/wp-content\/uploads\/2025\/11\/Storage-Battery-Pshiled-5.12kWh-250x300.webp 250w, https:\/\/luxpowertek.com\/wp-content\/uploads\/2025\/11\/Storage-Battery-Pshiled-5.12kWh-858x1030.webp 858w, https:\/\/luxpowertek.com\/wp-content\/uploads\/2025\/11\/Storage-Battery-Pshiled-5.12kWh-768x922.webp 768w, https:\/\/luxpowertek.com\/wp-content\/uploads\/2025\/11\/Storage-Battery-Pshiled-5.12kWh-1280x1536.webp 1280w, https:\/\/luxpowertek.com\/wp-content\/uploads\/2025\/11\/Storage-Battery-Pshiled-5.12kWh-1707x2048.webp 1707w, https:\/\/luxpowertek.com\/wp-content\/uploads\/2025\/11\/Storage-Battery-Pshiled-5.12kWh-10x12.webp 10w, https:\/\/luxpowertek.com\/wp-content\/uploads\/2025\/11\/Storage-Battery-Pshiled-5.12kWh-247x296.webp 247w, https:\/\/luxpowertek.com\/wp-content\/uploads\/2025\/11\/Storage-Battery-Pshiled-5.12kWh-510x612.webp 510w\" sizes=\"auto, (max-width: 2133px) 100vw, 2133px\" \/>\t\t\t\t\t\t\t\t\t\t\t<\/div>\n\t\t\t\t\t<\/div>\n\n\t\t<div class=\"box-text text-left\" >\n\t\t\t<div class=\"box-text-inner\">\n\t\t\t\t\n<p class=\"lead\" style=\"text-align: center;\"><b>Pshield (5,12 kWh)<\/b><b>\uff09<\/b><\/p>\n<p class=\"lead\" style=\"text-align: center;\">M\u00f3dulo de bateria residencial \/ Baixa tens\u00e3o<\/p>\n\t<div id=\"gap-453012069\" class=\"gap-element clearfix\" style=\"display:block; height:auto;\">\n\t\t\n<style>\n#gap-453012069 {\n  padding-top: 50px;\n}\n<\/style>\n\t<\/div>\n\t\n\t<div id=\"text-4071958481\" class=\"text\">\n\t\t\n\t\t\n<style>\n#text-4071958481 {\n  line-height: 2;\n}\n<\/style>\n\t<\/div>\n\t\n\t\t\t<\/div>\n\t\t<\/div>\n\t<\/div>\n\t\n\t<div class=\"box has-hover   has-hover box-default box-text-bottom\" >\n\n\t\t<div class=\"box-image\" style=\"border-radius:2%;width:63%;\">\n\t\t\t\t\t\t<div class=\"\" >\n\t\t\t\t<img loading=\"lazy\" decoding=\"async\" width=\"2133\" height=\"2560\" src=\"https:\/\/luxpowertek.com\/wp-content\/uploads\/2025\/11\/Storage-Battery-PSTACK-45kWh-scaled.webp\" class=\"attachment-original size-original\" alt=\"Bateria de armazenamento - PSTACK 45kWh\" srcset=\"https:\/\/luxpowertek.com\/wp-content\/uploads\/2025\/11\/Storage-Battery-PSTACK-45kWh-scaled.webp 2133w, https:\/\/luxpowertek.com\/wp-content\/uploads\/2025\/11\/Storage-Battery-PSTACK-45kWh-250x300.webp 250w, https:\/\/luxpowertek.com\/wp-content\/uploads\/2025\/11\/Storage-Battery-PSTACK-45kWh-858x1030.webp 858w, https:\/\/luxpowertek.com\/wp-content\/uploads\/2025\/11\/Storage-Battery-PSTACK-45kWh-768x922.webp 768w, https:\/\/luxpowertek.com\/wp-content\/uploads\/2025\/11\/Storage-Battery-PSTACK-45kWh-1280x1536.webp 1280w, https:\/\/luxpowertek.com\/wp-content\/uploads\/2025\/11\/Storage-Battery-PSTACK-45kWh-1707x2048.webp 1707w, https:\/\/luxpowertek.com\/wp-content\/uploads\/2025\/11\/Storage-Battery-PSTACK-45kWh-10x12.webp 10w, https:\/\/luxpowertek.com\/wp-content\/uploads\/2025\/11\/Storage-Battery-PSTACK-45kWh-247x296.webp 247w, https:\/\/luxpowertek.com\/wp-content\/uploads\/2025\/11\/Storage-Battery-PSTACK-45kWh-510x612.webp 510w\" sizes=\"auto, (max-width: 2133px) 100vw, 2133px\" \/>\t\t\t\t\t\t\t\t\t\t\t<\/div>\n\t\t\t\t\t<\/div>\n\n\t\t<div class=\"box-text text-left\" >\n\t\t\t<div class=\"box-text-inner\">\n\t\t\t\t\n<p class=\"lead\" style=\"text-align: center;\"><b>PStack \/ 5,069 kWh<\/b><\/p>\n<p class=\"lead\" style=\"text-align: center;\">M\u00f3dulo de bateria expans\u00edvel<\/p>\n\t<div id=\"gap-1363578440\" class=\"gap-element clearfix\" style=\"display:block; height:auto;\">\n\t\t\n<style>\n#gap-1363578440 {\n  padding-top: 6px;\n}\n<\/style>\n\t<\/div>\n\t\n\t<div id=\"text-1390559178\" class=\"text\">\n\t\t\n\t\t\n<style>\n#text-1390559178 {\n  line-height: 2;\n}\n<\/style>\n\t<\/div>\n\t\n\t\t\t<\/div>\n\t\t<\/div>\n\t<\/div>\n\t\n\t<div id=\"gap-613155550\" class=\"gap-element clearfix\" style=\"display:block; height:auto;\">\n\t\t\n<style>\n#gap-613155550 {\n  padding-top: 1px;\n}\n<\/style>\n\t<\/div>\n\t\n\t\t<\/div>\n\t\t\t\t\t<\/div>\n\n\t\n\n\t<div id=\"col-43918501\" class=\"col medium-4 small-12 large-4\"  >\n\t\t\t\t<div class=\"col-inner\"  >\n\t\t\t\n\t\t\t\n\t<div class=\"box has-hover   has-hover box-default box-text-bottom\" >\n\n\t\t<div class=\"box-image\" style=\"border-radius:2%;width:63%;\">\n\t\t\t\t\t\t<div class=\"\" >\n\t\t\t\t<img loading=\"lazy\" decoding=\"async\" width=\"2560\" height=\"1600\" src=\"https:\/\/luxpowertek.com\/wp-content\/uploads\/2025\/11\/Commercial-_-Industrial_energy-storage-inverter-BESS-125K-scaled.webp\" class=\"attachment-original size-original\" alt=\"Inversor de armazenamento de energia comercial\/industrial - BESS 125K\" srcset=\"https:\/\/luxpowertek.com\/wp-content\/uploads\/2025\/11\/Commercial-_-Industrial_energy-storage-inverter-BESS-125K-scaled.webp 2560w, https:\/\/luxpowertek.com\/wp-content\/uploads\/2025\/11\/Commercial-_-Industrial_energy-storage-inverter-BESS-125K-300x188.webp 300w, https:\/\/luxpowertek.com\/wp-content\/uploads\/2025\/11\/Commercial-_-Industrial_energy-storage-inverter-BESS-125K-1030x644.webp 1030w, https:\/\/luxpowertek.com\/wp-content\/uploads\/2025\/11\/Commercial-_-Industrial_energy-storage-inverter-BESS-125K-768x480.webp 768w, https:\/\/luxpowertek.com\/wp-content\/uploads\/2025\/11\/Commercial-_-Industrial_energy-storage-inverter-BESS-125K-1536x960.webp 1536w, https:\/\/luxpowertek.com\/wp-content\/uploads\/2025\/11\/Commercial-_-Industrial_energy-storage-inverter-BESS-125K-2048x1280.webp 2048w, https:\/\/luxpowertek.com\/wp-content\/uploads\/2025\/11\/Commercial-_-Industrial_energy-storage-inverter-BESS-125K-18x12.webp 18w, https:\/\/luxpowertek.com\/wp-content\/uploads\/2025\/11\/Commercial-_-Industrial_energy-storage-inverter-BESS-125K-510x319.webp 510w\" sizes=\"auto, (max-width: 2560px) 100vw, 2560px\" \/>\t\t\t\t\t\t\t\t\t\t\t<\/div>\n\t\t\t\t\t<\/div>\n\n\t\t<div class=\"box-text text-left\" >\n\t\t\t<div class=\"box-text-inner\">\n\t\t\t\t\n<p class=\"lead\" style=\"text-align: center;\"><b>C&amp;I <strong>Sistema de armazenamento de energia<\/strong><\/b><\/p>\n\t<div id=\"gap-818767353\" class=\"gap-element clearfix\" style=\"display:block; height:auto;\">\n\t\t\n<style>\n#gap-818767353 {\n  padding-top: 78px;\n}\n<\/style>\n\t<\/div>\n\t\n\t\t\t<\/div>\n\t\t<\/div>\n\t<\/div>\n\t\n\t<div id=\"gap-269003149\" class=\"gap-element clearfix\" style=\"display:block; height:auto;\">\n\t\t\n<style>\n#gap-269003149 {\n  padding-top: 66px;\n}\n<\/style>\n\t<\/div>\n\t\n\t\t<\/div>\n\t\t\t\t\t<\/div>\n\n\t\n\n\t<div id=\"col-1683839685\" class=\"col medium-4 small-12 large-4\"  >\n\t\t\t\t<div class=\"col-inner\"  >\n\t\t\t\n\t\t\t\n\t<div class=\"box has-hover   has-hover box-default box-text-bottom\" >\n\n\t\t<div class=\"box-image\" style=\"border-radius:2%;width:39%;\">\n\t\t\t\t\t\t<div class=\"image-cover\" style=\"padding-top:100%;\">\n\t\t\t\t<img loading=\"lazy\" decoding=\"async\" width=\"2560\" height=\"1600\" src=\"https:\/\/luxpowertek.com\/wp-content\/uploads\/2025\/11\/Commercial-_-Industrial_energy-storage-inverter-BESS-125K-scaled.webp\" class=\"attachment-original size-original\" alt=\"Inversor de armazenamento de energia comercial\/industrial - BESS 125K\" srcset=\"https:\/\/luxpowertek.com\/wp-content\/uploads\/2025\/11\/Commercial-_-Industrial_energy-storage-inverter-BESS-125K-scaled.webp 2560w, https:\/\/luxpowertek.com\/wp-content\/uploads\/2025\/11\/Commercial-_-Industrial_energy-storage-inverter-BESS-125K-300x188.webp 300w, https:\/\/luxpowertek.com\/wp-content\/uploads\/2025\/11\/Commercial-_-Industrial_energy-storage-inverter-BESS-125K-1030x644.webp 1030w, https:\/\/luxpowertek.com\/wp-content\/uploads\/2025\/11\/Commercial-_-Industrial_energy-storage-inverter-BESS-125K-768x480.webp 768w, https:\/\/luxpowertek.com\/wp-content\/uploads\/2025\/11\/Commercial-_-Industrial_energy-storage-inverter-BESS-125K-1536x960.webp 1536w, https:\/\/luxpowertek.com\/wp-content\/uploads\/2025\/11\/Commercial-_-Industrial_energy-storage-inverter-BESS-125K-2048x1280.webp 2048w, https:\/\/luxpowertek.com\/wp-content\/uploads\/2025\/11\/Commercial-_-Industrial_energy-storage-inverter-BESS-125K-18x12.webp 18w, https:\/\/luxpowertek.com\/wp-content\/uploads\/2025\/11\/Commercial-_-Industrial_energy-storage-inverter-BESS-125K-510x319.webp 510w\" sizes=\"auto, (max-width: 2560px) 100vw, 2560px\" \/>\t\t\t\t\t\t\t\t\t\t\t<\/div>\n\t\t\t\t\t<\/div>\n\n\t\t<div class=\"box-text text-left\" >\n\t\t\t<div class=\"box-text-inner\">\n\t\t\t\t\n\t<div id=\"text-2141822257\" class=\"text\">\n\t\t\n<p class=\"lead\" style=\"text-align: center;\"><strong>Solu\u00e7\u00e3o de armazenamento fotovoltaico para varandas<\/strong><\/p>\n\t\t\n<style>\n#text-2141822257 {\n  text-align: left;\n}\n<\/style>\n\t<\/div>\n\t\n\t\t\t<\/div>\n\t\t<\/div>\n\t<\/div>\n\t\n\t\t<\/div>\n\t\t\t\t\t<\/div>\n\n\t\n<\/div>\n\t<div id=\"gap-1869356806\" class=\"gap-element clearfix\" style=\"display:block; height:auto;\">\n\t\t\n<style>\n#gap-1869356806 {\n  padding-top: 17px;\n}\n<\/style>\n\t<\/div>\n\t\n\t\t<\/div>\n\n\t\t\n<style>\n#section_2024191875 {\n  padding-top: 30px;\n  padding-bottom: 30px;\n}\n<\/style>\n\t<\/section>","protected":false},"excerpt":{"rendered":"","protected":false},"author":3,"featured_media":0,"parent":0,"menu_order":0,"comment_status":"closed","ping_status":"closed","template":"page-transparent-header.php","meta":{"rop_custom_images_group":[],"rop_custom_messages_group":[],"rop_publish_now":"initial","rop_publish_now_accounts":[],"rop_publish_now_history":[],"rop_publish_now_status":"pending","footnotes":""},"class_list":["post-16484","page","type-page","status-publish","hentry"],"yoast_head":"<!-- This site is optimized with the Yoast SEO plugin v27.3 - https:\/\/yoast.com\/product\/yoast-seo-wordpress\/ -->\n<title>Exhibition-Solar Solutions Dusseldorf 2025 -<\/title>\n<meta name=\"robots\" content=\"index, follow, max-snippet:-1, max-image-preview:large, max-video-preview:-1\" \/>\n<link rel=\"canonical\" href=\"https:\/\/luxpowertek.com\/pt\/intersolarsouthamerica2024-8\/\" \/>\n<meta property=\"og:locale\" content=\"pt_BR\" \/>\n<meta property=\"og:type\" content=\"article\" \/>\n<meta property=\"og:title\" content=\"Exhibition-Solar Solutions Dusseldorf 2025 -\" \/>\n<meta property=\"og:url\" content=\"https:\/\/luxpowertek.com\/pt\/intersolarsouthamerica2024-8\/\" \/>\n<meta property=\"article:publisher\" content=\"https:\/\/www.facebook.com\/LUXPOWERTEK\" \/>\n<meta property=\"article:modified_time\" content=\"2025-11-10T08:59:11+00:00\" \/>\n<meta name=\"twitter:card\" content=\"summary_large_image\" \/>\n<meta name=\"twitter:label1\" content=\"Est. tempo de leitura\" \/>\n\t<meta name=\"twitter:data1\" content=\"4 minutos\" \/>\n<script type=\"application\/ld+json\" class=\"yoast-schema-graph\">{\"@context\":\"https:\\\/\\\/schema.org\",\"@graph\":[{\"@type\":\"WebPage\",\"@id\":\"https:\\\/\\\/luxpowertek.com\\\/exhibition-solar-solutions-dusseldorf-2025\\\/\",\"url\":\"https:\\\/\\\/luxpowertek.com\\\/exhibition-solar-solutions-dusseldorf-2025\\\/\",\"name\":\"Exhibition-Solar Solutions Dusseldorf 2025 -\",\"isPartOf\":{\"@id\":\"https:\\\/\\\/luxpowertek.com\\\/#website\"},\"datePublished\":\"2025-11-10T00:53:46+00:00\",\"dateModified\":\"2025-11-10T08:59:11+00:00\",\"breadcrumb\":{\"@id\":\"https:\\\/\\\/luxpowertek.com\\\/exhibition-solar-solutions-dusseldorf-2025\\\/#breadcrumb\"},\"inLanguage\":\"pt-BR\",\"potentialAction\":[{\"@type\":\"ReadAction\",\"target\":[\"https:\\\/\\\/luxpowertek.com\\\/exhibition-solar-solutions-dusseldorf-2025\\\/\"]}]},{\"@type\":\"BreadcrumbList\",\"@id\":\"https:\\\/\\\/luxpowertek.com\\\/exhibition-solar-solutions-dusseldorf-2025\\\/#breadcrumb\",\"itemListElement\":[{\"@type\":\"ListItem\",\"position\":1,\"name\":\"Home\",\"item\":\"https:\\\/\\\/luxpowertek.com\\\/\"},{\"@type\":\"ListItem\",\"position\":2,\"name\":\"Exhibition-Solar Solutions Dusseldorf 2025\"}]},{\"@type\":\"WebSite\",\"@id\":\"https:\\\/\\\/luxpowertek.com\\\/#website\",\"url\":\"https:\\\/\\\/luxpowertek.com\\\/\",\"name\":\"\",\"description\":\"\",\"publisher\":{\"@id\":\"https:\\\/\\\/luxpowertek.com\\\/#organization\"},\"potentialAction\":[{\"@type\":\"SearchAction\",\"target\":{\"@type\":\"EntryPoint\",\"urlTemplate\":\"https:\\\/\\\/luxpowertek.com\\\/?s={search_term_string}\"},\"query-input\":{\"@type\":\"PropertyValueSpecification\",\"valueRequired\":true,\"valueName\":\"search_term_string\"}}],\"inLanguage\":\"pt-BR\"},{\"@type\":\"Organization\",\"@id\":\"https:\\\/\\\/luxpowertek.com\\\/#organization\",\"name\":\"LuxpowerTek\",\"url\":\"https:\\\/\\\/luxpowertek.com\\\/\",\"logo\":{\"@type\":\"ImageObject\",\"inLanguage\":\"pt-BR\",\"@id\":\"https:\\\/\\\/luxpowertek.com\\\/#\\\/schema\\\/logo\\\/image\\\/\",\"url\":\"https:\\\/\\\/luxpowertek.com\\\/wp-content\\\/uploads\\\/2024\\\/08\\\/Luxpower_logo_new.webp\",\"contentUrl\":\"https:\\\/\\\/luxpowertek.com\\\/wp-content\\\/uploads\\\/2024\\\/08\\\/Luxpower_logo_new.webp\",\"width\":1030,\"height\":186,\"caption\":\"LuxpowerTek\"},\"image\":{\"@id\":\"https:\\\/\\\/luxpowertek.com\\\/#\\\/schema\\\/logo\\\/image\\\/\"},\"sameAs\":[\"https:\\\/\\\/www.facebook.com\\\/LUXPOWERTEK\"]}]}<\/script>\n<!-- \/ Yoast SEO plugin. -->","yoast_head_json":{"title":"Exposi\u00e7\u00e3o de Solu\u00e7\u00f5es Solares D\u00fcsseldorf 2025 -","robots":{"index":"index","follow":"follow","max-snippet":"max-snippet:-1","max-image-preview":"max-image-preview:large","max-video-preview":"max-video-preview:-1"},"canonical":"https:\/\/luxpowertek.com\/pt\/intersolarsouthamerica2024-8\/","og_locale":"pt_BR","og_type":"article","og_title":"Exhibition-Solar Solutions Dusseldorf 2025 -","og_url":"https:\/\/luxpowertek.com\/pt\/intersolarsouthamerica2024-8\/","article_publisher":"https:\/\/www.facebook.com\/LUXPOWERTEK","article_modified_time":"2025-11-10T08:59:11+00:00","twitter_card":"summary_large_image","twitter_misc":{"Est. tempo de leitura":"4 minutos"},"schema":{"@context":"https:\/\/schema.org","@graph":[{"@type":"WebPage","@id":"https:\/\/luxpowertek.com\/exhibition-solar-solutions-dusseldorf-2025\/","url":"https:\/\/luxpowertek.com\/exhibition-solar-solutions-dusseldorf-2025\/","name":"Exposi\u00e7\u00e3o de Solu\u00e7\u00f5es Solares D\u00fcsseldorf 2025 -","isPartOf":{"@id":"https:\/\/luxpowertek.com\/#website"},"datePublished":"2025-11-10T00:53:46+00:00","dateModified":"2025-11-10T08:59:11+00:00","breadcrumb":{"@id":"https:\/\/luxpowertek.com\/exhibition-solar-solutions-dusseldorf-2025\/#breadcrumb"},"inLanguage":"pt-BR","potentialAction":[{"@type":"ReadAction","target":["https:\/\/luxpowertek.com\/exhibition-solar-solutions-dusseldorf-2025\/"]}]},{"@type":"BreadcrumbList","@id":"https:\/\/luxpowertek.com\/exhibition-solar-solutions-dusseldorf-2025\/#breadcrumb","itemListElement":[{"@type":"ListItem","position":1,"name":"Home","item":"https:\/\/luxpowertek.com\/"},{"@type":"ListItem","position":2,"name":"Exhibition-Solar Solutions Dusseldorf 2025"}]},{"@type":"WebSite","@id":"https:\/\/luxpowertek.com\/#website","url":"https:\/\/luxpowertek.com\/","name":"","description":"","publisher":{"@id":"https:\/\/luxpowertek.com\/#organization"},"potentialAction":[{"@type":"SearchAction","target":{"@type":"EntryPoint","urlTemplate":"https:\/\/luxpowertek.com\/?s={search_term_string}"},"query-input":{"@type":"PropertyValueSpecification","valueRequired":true,"valueName":"search_term_string"}}],"inLanguage":"pt-BR"},{"@type":"Organization","@id":"https:\/\/luxpowertek.com\/#organization","name":"LuxpowerTek","url":"https:\/\/luxpowertek.com\/","logo":{"@type":"ImageObject","inLanguage":"pt-BR","@id":"https:\/\/luxpowertek.com\/#\/schema\/logo\/image\/","url":"https:\/\/luxpowertek.com\/wp-content\/uploads\/2024\/08\/Luxpower_logo_new.webp","contentUrl":"https:\/\/luxpowertek.com\/wp-content\/uploads\/2024\/08\/Luxpower_logo_new.webp","width":1030,"height":186,"caption":"LuxpowerTek"},"image":{"@id":"https:\/\/luxpowertek.com\/#\/schema\/logo\/image\/"},"sameAs":["https:\/\/www.facebook.com\/LUXPOWERTEK"]}]}},"_links":{"self":[{"href":"https:\/\/luxpowertek.com\/pt\/wp-json\/wp\/v2\/pages\/16484","targetHints":{"allow":["GET"]}}],"collection":[{"href":"https:\/\/luxpowertek.com\/pt\/wp-json\/wp\/v2\/pages"}],"about":[{"href":"https:\/\/luxpowertek.com\/pt\/wp-json\/wp\/v2\/types\/page"}],"author":[{"embeddable":true,"href":"https:\/\/luxpowertek.com\/pt\/wp-json\/wp\/v2\/users\/3"}],"replies":[{"embeddable":true,"href":"https:\/\/luxpowertek.com\/pt\/wp-json\/wp\/v2\/comments?post=16484"}],"version-history":[{"count":13,"href":"https:\/\/luxpowertek.com\/pt\/wp-json\/wp\/v2\/pages\/16484\/revisions"}],"predecessor-version":[{"id":16515,"href":"https:\/\/luxpowertek.com\/pt\/wp-json\/wp\/v2\/pages\/16484\/revisions\/16515"}],"wp:attachment":[{"href":"https:\/\/luxpowertek.com\/pt\/wp-json\/wp\/v2\/media?parent=16484"}],"curies":[{"name":"wp","href":"https:\/\/api.w.org\/{rel}","templated":true}]}}