{"id":16484,"date":"2025-11-10T08:53:46","date_gmt":"2025-11-10T00:53:46","guid":{"rendered":"https:\/\/luxpowertek.com\/?page_id=16484"},"modified":"2025-11-10T16:59:11","modified_gmt":"2025-11-10T08:59:11","slug":"wystawa-intersoalreurope2025-7","status":"publish","type":"page","link":"https:\/\/luxpowertek.com\/pl\/wystawa-intersoalreurope2025-7\/","title":{"rendered":"Wystawa \u2013 Rozwi\u0105zania Solarne Dusseldorf 2025"},"content":{"rendered":"<div class=\"banner has-hover hide-for-medium\" id=\"banner-277910404\">\n          <div class=\"banner-inner fill\">\n        <div class=\"banner-bg fill\" >\n            <div class=\"bg fill bg-fill\"><\/div>\n                        <div class=\"overlay\"><\/div>            \n                    <\/div>\n\t\t\n        <div class=\"banner-layers container\">\n            <div class=\"fill banner-link\"><\/div>            \n   <div id=\"text-box-1906874111\" class=\"text-box banner-layer x0 md-x5 lg-x80 y95 md-y100 lg-y65 res-text\">\n                                <div class=\"text-box-content text dark\">\n              \n              <div class=\"text-inner text-center\">\n                  \n<div class=\"row\"  id=\"row-1474641960\">\n\n\t<div id=\"col-1470559496\" class=\"col medium-10 small-12 large-10\"  >\n\t\t\t\t<div class=\"col-inner text-right\"  >\n\t\t\t\n\t\t\t\n<a href=\"https:\/\/en.solarsolutionsduesseldorf.de\/tickets\/\" target=\"_blank\" class=\"button secondary\" rel=\"noopener\"  style=\"border-radius:10px;\">\n    <span>Zarejestruj si\u0119 teraz<\/span>\n  <\/a>\n\n\t\t<\/div>\n\t\t\t\t\n<style>\n#col-1470559496 > .col-inner {\n  padding: 0px 200px 0px 22px;\n  margin: 117px -31px -119px -472px;\n}\n<\/style>\n\t<\/div>\n\n\t\n<\/div>\n              <\/div>\n           <\/div>\n                            \n<style>\n#text-box-1906874111 {\n  width: 92%;\n}\n#text-box-1906874111 .text-box-content {\n  font-size: 100%;\n}\n@media (min-width:550px) {\n  #text-box-1906874111 {\n    width: 91%;\n  }\n}\n@media (min-width:850px) {\n  #text-box-1906874111 {\n    width: 52%;\n  }\n}\n<\/style>\n    <\/div>\n \n        <\/div>\n      <\/div>\n\n            \n<style>\n#banner-277910404 {\n  padding-top: 56.25%;\n}\n#banner-277910404 .bg.bg-loaded {\n  background-image: url(https:\/\/luxpowertek.com\/wp-content\/uploads\/2025\/11\/Invitation-Letter-Solar-Solutions-Dusseldorf-solar-solutions-scaled.webp);\n}\n#banner-277910404 .overlay {\n  background-color: rgba(0, 0, 0, 0.128);\n}\n#banner-277910404 .bg {\n  background-position: 4% 29%;\n}\n@media (min-width:550px) {\n  #banner-277910404 {\n    padding-top: 56.25%;\n  }\n  #banner-277910404 .overlay {\n    background-color: rgba(0, 0, 0, 0.023);\n  }\n}\n<\/style>\n  <\/div>\n\n\n\t<div id=\"gap-310376193\" class=\"gap-element clearfix show-for-small\" style=\"display:block; height:auto;\">\n\t\t\n<style>\n#gap-310376193 {\n  padding-top: 50px;\n}\n@media (min-width:550px) {\n  #gap-310376193 {\n    padding-top: 30px;\n  }\n}\n<\/style>\n\t<\/div>\n\t\n\n  <div class=\"banner has-hover show-for-small\" id=\"banner-359993632\">\n          <div class=\"banner-inner fill\">\n        <div class=\"banner-bg fill\" >\n            <div class=\"bg fill bg-fill\"><\/div>\n                                    \n                    <\/div>\n\t\t\n        <div class=\"banner-layers container\">\n            <div class=\"fill banner-link\"><\/div>            \n   <div id=\"text-box-1019928203\" class=\"text-box banner-layer x5 md-x50 lg-x50 y95 md-y50 lg-y50 res-text\">\n                                <div class=\"text-box-content text dark\">\n              \n              <div class=\"text-inner text-center\">\n                  \n<a href=\"https:\/\/www.intersolar.de\/tickets\" class=\"button secondary\"  style=\"border-radius:99px;\">\n    <span>Zarejestruj si\u0119 teraz<\/span>\n  <\/a>\n\n              <\/div>\n           <\/div>\n                            \n<style>\n#text-box-1019928203 {\n  width: 37%;\n}\n#text-box-1019928203 .text-box-content {\n  font-size: 100%;\n}\n@media (min-width:550px) {\n  #text-box-1019928203 {\n    width: 60%;\n  }\n}\n<\/style>\n    <\/div>\n \n        <\/div>\n      <\/div>\n\n            \n<style>\n#banner-359993632 {\n  padding-top: 56.25%;\n}\n#banner-359993632 .bg.bg-loaded {\n  background-image: url(https:\/\/luxpowertek.com\/wp-content\/uploads\/2025\/04\/IntersolarEurope-2025-1030x579.webp);\n}\n@media (min-width:550px) {\n  #banner-359993632 {\n    padding-top: 500px;\n  }\n}\n<\/style>\n  <\/div>\n\n\n\t<section class=\"section roadpage_join_us_section\" id=\"section_366534345\">\n\t\t<div class=\"bg section-bg fill bg-fill  bg-loaded\" >\n\n\t\t\t\n\t\t\t\n\t\t\t\n\n\t\t<\/div>\n\n\t\t\n\n\t\t<div class=\"section-content relative\">\n\t\t\t\n<div class=\"row\"  id=\"row-776297027\">\n\n\t<div id=\"col-283625681\" class=\"col small-12 large-12\"  >\n\t\t\t\t<div class=\"col-inner\"  >\n\t\t\t\n\t<div class=\"is-border\"\n\t\tstyle=\"border-width:0px 0px 0px 0px;margin:0px 0px 0px -43px;\">\n\t<\/div>\n\t\t\t\n<div class=\"row\"  id=\"row-90864712\">\n\n\t<div id=\"col-1167224609\" class=\"col medium-11 small-12 large-11\"  >\n\t\t\t\t<div class=\"col-inner\"  >\n\t\t\t\n\t\t\t\n\t<div id=\"text-909198467\" class=\"text\">\n\t\t\n<p><strong><b>LuxpowerTek zaprezentuje nowe rozwi\u0105zania w zakresie magazynowania energii na targach Solar Solutions Dusseldorf German 2025<\/b><\/strong><br \/>\n\t\t\n<style>\n#text-909198467 {\n  font-size: 1rem;\n  text-align: left;\n}\n@media (min-width:550px) {\n  #text-909198467 {\n    font-size: 1.4rem;\n  }\n}\n@media (min-width:850px) {\n  #text-909198467 {\n    text-align: center;\n  }\n}\n<\/style>\n\t<\/div>\n\t\n<div class=\"text-center\"><div class=\"is-divider divider clearfix\" ><\/div><\/div>\n<p><strong>Stoisko nr: D7, hala 14<\/strong><br \/>\n<strong>Daty wystawy: 3\u20134 grudnia 2025 r.<\/strong><br \/>\n<strong>Lokalizacja: Messe D\u00fcsseldorf, D\u00fcsseldorf, Niemcy<\/strong><\/p>\n<p>Firma LuxpowerTek z rado\u015bci\u0105 og\u0142asza sw\u00f3j udzia\u0142 w <strong>Rozwi\u0105zania solarne Dusseldor 2025<\/strong>, wiod\u0105ca europejska wystawa rozwi\u0105za\u0144 z zakresu zdecentralizowanej energii i zarz\u0105dzania ni\u0105. Podczas tego presti\u017cowego wydarzenia zaprezentujemy zestaw przysz\u0142o\u015bciowych koncepcji magazynowania energii i falownik\u00f3w, zaprojektowanych z my\u015bl\u0105 o redefiniowaniu elastyczno\u015bci, inteligencji i skalowalno\u015bci w zastosowaniach domowych, balkonowych instalacjach fotowoltaicznych oraz w zastosowaniach komercyjnych i przemys\u0142owych.<\/p>\n<h3><strong>Linia produkt\u00f3w na przysz\u0142o\u015b\u0107<\/strong><\/h3>\n<p><strong>Jednofazowy falownik hybrydowy niskonapi\u0119ciowy nowej generacji (12 kW)<\/strong><br \/>\nCa\u0142kowicie zmodernizowany, aby sprosta\u0107 wymaganiom rynku niemieckiego, ten model obs\u0142uguje akumulatory niskonapi\u0119ciowe, oferuje ulepszone mo\u017cliwo\u015bci interakcji z sieci\u0105, inteligentne zarz\u0105dzanie czasem u\u017cytkowania (TOU) i kompatybilno\u015b\u0107 z generatorem \u2014 idealne rozwi\u0105zanie dla gospodarstw domowych niezale\u017cnych energetycznie, kt\u00f3re ceni\u0105 sobie odporno\u015b\u0107 i op\u0142acalno\u015b\u0107.<\/p>\n<p><strong>Koncepcja hybrydowego falownika Eco-Hybrid nowej generacji<\/strong><br \/>\nKompaktowy i wszechstronny, zaprojektowany dla u\u017cytkownik\u00f3w wchodz\u0105cych w bran\u017c\u0119 energii s\u0142onecznej i magazynowania energii. \u0141\u0105czy w sobie \u0142atwo\u015b\u0107 instalacji z inteligentnym zarz\u0105dzaniem energi\u0105, idealnie nadaj\u0105c si\u0119 do maksymalizacji zu\u017cycia w\u0142asnego w budynkach mieszkalnych i ma\u0142ych firmach.<\/p>\n<p><strong>Tr\u00f3jfazowy system wysokiego napi\u0119cia typu \u201ewszystko w jednym\u201d<\/strong><br \/>\nZaprojektowany z my\u015bl\u0105 o wi\u0119kszych domach i obiektach komercyjnych, integruje system akumulator\u00f3w wysokiego napi\u0119cia z wydajnym falownikiem tr\u00f3jfazowym w kompaktowej obudowie. Zapewnia solidn\u0105 wydajno\u015b\u0107, uproszczon\u0105 instalacj\u0119 i doskona\u0142\u0105 autonomi\u0119 energetyczn\u0105.<\/p>\n<p><strong>Rozwi\u0105zanie do magazynowania energii C&amp;I \/ Balkonowe rozwi\u0105zanie do magazynowania energii fotowoltaicznej<\/strong><br \/>\nA jako specjaln\u0105 atrakcj\u0119: wkroczyli\u015bmy w zupe\u0142nie nowy wymiar energii s\u0142onecznej! Aby uzyska\u0107 wi\u0119cej informacji, zapraszamy do odwiedzenia naszego stoiska.<\/p>\n<h3><strong>Czego mo\u017cna si\u0119 spodziewa\u0107 na naszym stoisku<\/strong><\/h3>\n<p class=\"ds-markdown-paragraph\">Odwiedzaj\u0105cy stoisko D7 b\u0119d\u0105 mieli okazj\u0119\u00a0<strong>ekskluzywna okazja<\/strong>\u00a0aby zbada\u0107 te koncepcyjne prototypy przed ich wprowadzeniem na rynek. Nasi specjali\u015bci ds. bada\u0144 i rozwoju oraz technicy b\u0119d\u0105 dost\u0119pni przez ca\u0142y czas trwania wydarzenia, aby om\u00f3wi\u0107 architektur\u0119 systemu, potencja\u0142 integracyjny i praktyczne zastosowania.<\/p>\n<p class=\"ds-markdown-paragraph\">Skontaktuj si\u0119 z nami poprzez:<\/p>\n<ul>\n<li>\n<p class=\"ds-markdown-paragraph\"><strong>Pokazy produkt\u00f3w na \u017cywo<\/strong><\/p>\n<\/li>\n<li>\n<p class=\"ds-markdown-paragraph\"><strong>Sesje konsultacji indywidualnych<\/strong><\/p>\n<\/li>\n<li>\n<p class=\"ds-markdown-paragraph\"><strong>Szczeg\u00f3\u0142owe dyskusje techniczne i partnerskie<\/strong><\/p>\n<\/li>\n<\/ul>\n<p class=\"ds-markdown-paragraph\">Zapraszamy dystrybutor\u00f3w, instalator\u00f3w, deweloper\u00f3w projekt\u00f3w i przedstawicieli bran\u017cy do do\u0142\u0105czenia do nas na\u00a0<strong>Stoisko D7, Hala 14<\/strong>, aby odkry\u0107, w jaki spos\u00f3b nadchodz\u0105ce innowacje LuxpowerTek mog\u0105 ukszta\u0142towa\u0107 przysz\u0142o\u015b\u0107 czystej energii, czyni\u0105c j\u0105 inteligentniejsz\u0105, bardziej adaptacyjn\u0105 i szeroko dost\u0119pn\u0105 w ca\u0142ej Europie.<\/p>\n<a href=\"https:\/\/luxpowertek.com\/pl\/skontaktuj-sie-z-nami\/\" class=\"button secondary is-outline\"  style=\"border-radius:99px;\">\n    <span>KONTAKT Z NAMI<\/span>\n  <\/a>\n\n\t\t<\/div>\n\t\t\t\t\t<\/div>\n\n\t\n<\/div>\n\t\t<\/div>\n\t\t\t\t\t<\/div>\n\n\t\n<\/div>\n\t\t<\/div>\n\n\t\t\n<style>\n#section_366534345 {\n  padding-top: 19px;\n  padding-bottom: 19px;\n  background-color: rgb(245, 245, 245);\n}\n@media (min-width:550px) {\n  #section_366534345 {\n    padding-top: 50px;\n    padding-bottom: 50px;\n  }\n}\n<\/style>\n\t<\/section>\n\t\n\t<section class=\"section roadshow_page_h3\" id=\"section_879544967\">\n\t\t<div class=\"bg section-bg fill bg-fill  bg-loaded\" >\n\n\t\t\t\n\t\t\t\n\t\t\t\n\n\t\t<\/div>\n\n\t\t\n\n\t\t<div class=\"section-content relative\">\n\t\t\t\n<div class=\"row\"  id=\"row-1265415597\">\n\n\t<div id=\"col-718550190\" class=\"col small-12 large-12\"  >\n\t\t\t\t<div class=\"col-inner\"  >\n\t\t\t\n\t\t\t\n\t<div id=\"text-3385504242\" class=\"text\">\n\t\t\n<h2><span style=\"font-size: 80%;\">Odkryj przysz\u0142o\u015b\u0107 <strong>Rozwi\u0105zanie solarne po niemiecku<\/strong><strong>\u00a02025!<\/strong><\/span><\/h2>\n\t\t\n<style>\n#text-3385504242 {\n  font-size: 1rem;\n  text-align: center;\n}\n@media (min-width:550px) {\n  #text-3385504242 {\n    font-size: 1.4rem;\n  }\n}\n<\/style>\n\t<\/div>\n\t\n\t\t<\/div>\n\t\t\t\t\t<\/div>\n\n\t\n<\/div>\n<div class=\"row row-small\"  id=\"row-2116777578\">\n\n\t<div id=\"col-1896546917\" class=\"col medium-4 small-12 large-4\"  >\n\t\t\t\t<div class=\"col-inner\"  >\n\t\t\t\n\t\t\t\n\t<div class=\"box has-hover   has-hover box-default box-text-bottom\" >\n\n\t\t<div class=\"box-image\" style=\"border-radius:2%;width:63%;\">\n\t\t\t\t\t\t<div class=\"image-cover\" style=\"padding-top:100%;\">\n\t\t\t\t<img loading=\"lazy\" decoding=\"async\" width=\"2560\" height=\"2048\" src=\"https:\/\/luxpowertek.com\/wp-content\/uploads\/2025\/11\/Hybrid-inverter-single-phase-GEN3-6-14K-scaled.webp\" class=\"attachment-original size-original\" alt=\"Falownik hybrydowy jednofazowy-GEN3 6-14K\" srcset=\"https:\/\/luxpowertek.com\/wp-content\/uploads\/2025\/11\/Hybrid-inverter-single-phase-GEN3-6-14K-scaled.webp 2560w, https:\/\/luxpowertek.com\/wp-content\/uploads\/2025\/11\/Hybrid-inverter-single-phase-GEN3-6-14K-300x240.webp 300w, https:\/\/luxpowertek.com\/wp-content\/uploads\/2025\/11\/Hybrid-inverter-single-phase-GEN3-6-14K-1030x824.webp 1030w, https:\/\/luxpowertek.com\/wp-content\/uploads\/2025\/11\/Hybrid-inverter-single-phase-GEN3-6-14K-768x614.webp 768w, https:\/\/luxpowertek.com\/wp-content\/uploads\/2025\/11\/Hybrid-inverter-single-phase-GEN3-6-14K-1536x1229.webp 1536w, https:\/\/luxpowertek.com\/wp-content\/uploads\/2025\/11\/Hybrid-inverter-single-phase-GEN3-6-14K-2048x1638.webp 2048w, https:\/\/luxpowertek.com\/wp-content\/uploads\/2025\/11\/Hybrid-inverter-single-phase-GEN3-6-14K-15x12.webp 15w, https:\/\/luxpowertek.com\/wp-content\/uploads\/2025\/11\/Hybrid-inverter-single-phase-GEN3-6-14K-510x408.webp 510w\" sizes=\"auto, (max-width: 2560px) 100vw, 2560px\" \/>\t\t\t\t\t\t\t\t\t\t\t<\/div>\n\t\t\t\t\t<\/div>\n\n\t\t<div class=\"box-text text-left\" >\n\t\t\t<div class=\"box-text-inner\">\n\t\t\t\t\n\t<div id=\"text-1204529266\" class=\"text\">\n\t\t\n<p class=\"lead\" style=\"text-align: center;\"><strong>GEN3-LB-EU 12K<\/strong><\/p>\n<p class=\"lead\" style=\"text-align: center;\">Seria jednofazowa\/hybrydowa pracuj\u0105ca z akumulatorem niskonapi\u0119ciowym<\/p>\n\t\t\n<style>\n#text-1204529266 {\n  text-align: left;\n}\n<\/style>\n\t<\/div>\n\t\n\t\t\t<\/div>\n\t\t<\/div>\n\t<\/div>\n\t\n\t<div id=\"gap-1186426044\" class=\"gap-element clearfix\" style=\"display:block; height:auto;\">\n\t\t\n<style>\n#gap-1186426044 {\n  padding-top: 66px;\n}\n<\/style>\n\t<\/div>\n\t\n\t<div class=\"box has-hover   has-hover box-default box-text-bottom\" >\n\n\t\t<div class=\"box-image\" style=\"border-radius:5%;width:62%;\">\n\t\t\t\t\t\t<div class=\"\" >\n\t\t\t\t<img loading=\"lazy\" decoding=\"async\" width=\"2304\" height=\"2560\" src=\"https:\/\/luxpowertek.com\/wp-content\/uploads\/2025\/11\/All-in-one-series-three-phase-TriStack-12K-scaled.webp\" class=\"attachment-original size-original\" alt=\"Wszystko w jednym szeregu \u2013 trzy fazy \u2013 TriStack 12K\" srcset=\"https:\/\/luxpowertek.com\/wp-content\/uploads\/2025\/11\/All-in-one-series-three-phase-TriStack-12K-scaled.webp 2304w, https:\/\/luxpowertek.com\/wp-content\/uploads\/2025\/11\/All-in-one-series-three-phase-TriStack-12K-270x300.webp 270w, https:\/\/luxpowertek.com\/wp-content\/uploads\/2025\/11\/All-in-one-series-three-phase-TriStack-12K-927x1030.webp 927w, https:\/\/luxpowertek.com\/wp-content\/uploads\/2025\/11\/All-in-one-series-three-phase-TriStack-12K-768x853.webp 768w, https:\/\/luxpowertek.com\/wp-content\/uploads\/2025\/11\/All-in-one-series-three-phase-TriStack-12K-1382x1536.webp 1382w, https:\/\/luxpowertek.com\/wp-content\/uploads\/2025\/11\/All-in-one-series-three-phase-TriStack-12K-1843x2048.webp 1843w, https:\/\/luxpowertek.com\/wp-content\/uploads\/2025\/11\/All-in-one-series-three-phase-TriStack-12K-11x12.webp 11w, https:\/\/luxpowertek.com\/wp-content\/uploads\/2025\/11\/All-in-one-series-three-phase-TriStack-12K-510x567.webp 510w\" sizes=\"auto, (max-width: 2304px) 100vw, 2304px\" \/>\t\t\t\t\t\t\t\t\t\t\t<\/div>\n\t\t\t\t\t<\/div>\n\n\t\t<div class=\"box-text text-left\" >\n\t\t\t<div class=\"box-text-inner\">\n\t\t\t\t\n\t<div id=\"text-323247872\" class=\"text\">\n\t\t\n<p class=\"lead\" style=\"text-align: center;\"><b>TriStack (falownik 12 kW)<\/b><\/p>\n<p class=\"lead\" style=\"text-align: center;\">Tr\u00f3jfazowy \/ Seria All-in-One<\/p>\n\t\t\n<style>\n#text-323247872 {\n  line-height: 2;\n}\n<\/style>\n\t<\/div>\n\t\n\t<div id=\"gap-45665907\" class=\"gap-element clearfix\" style=\"display:block; height:auto;\">\n\t\t\n<style>\n#gap-45665907 {\n  padding-top: 60px;\n}\n<\/style>\n\t<\/div>\n\t\n\t\t\t<\/div>\n\t\t<\/div>\n\t<\/div>\n\t\n\t<div class=\"box has-hover   has-hover box-default box-text-bottom\" >\n\n\t\t<div class=\"box-image\" style=\"border-radius:2%;width:63%;\">\n\t\t\t\t\t\t<div class=\"\" >\n\t\t\t\t<img loading=\"lazy\" decoding=\"async\" width=\"1920\" height=\"2560\" src=\"https:\/\/luxpowertek.com\/wp-content\/uploads\/2025\/11\/Storage-Battery-PShield-Max-16kWh-scaled.webp\" class=\"attachment-original size-original\" alt=\"Akumulator magazynuj\u0105cy PShield Max -16 kWh\" srcset=\"https:\/\/luxpowertek.com\/wp-content\/uploads\/2025\/11\/Storage-Battery-PShield-Max-16kWh-scaled.webp 1920w, https:\/\/luxpowertek.com\/wp-content\/uploads\/2025\/11\/Storage-Battery-PShield-Max-16kWh-225x300.webp 225w, https:\/\/luxpowertek.com\/wp-content\/uploads\/2025\/11\/Storage-Battery-PShield-Max-16kWh-773x1030.webp 773w, https:\/\/luxpowertek.com\/wp-content\/uploads\/2025\/11\/Storage-Battery-PShield-Max-16kWh-768x1024.webp 768w, https:\/\/luxpowertek.com\/wp-content\/uploads\/2025\/11\/Storage-Battery-PShield-Max-16kWh-1152x1536.webp 1152w, https:\/\/luxpowertek.com\/wp-content\/uploads\/2025\/11\/Storage-Battery-PShield-Max-16kWh-1536x2048.webp 1536w, https:\/\/luxpowertek.com\/wp-content\/uploads\/2025\/11\/Storage-Battery-PShield-Max-16kWh-9x12.webp 9w, https:\/\/luxpowertek.com\/wp-content\/uploads\/2025\/11\/Storage-Battery-PShield-Max-16kWh-510x680.webp 510w\" sizes=\"auto, (max-width: 1920px) 100vw, 1920px\" \/>\t\t\t\t\t\t\t\t\t\t\t<\/div>\n\t\t\t\t\t<\/div>\n\n\t\t<div class=\"box-text text-left\" >\n\t\t\t<div class=\"box-text-inner\">\n\t\t\t\t\n<p class=\"lead\" style=\"text-align: center;\"><b>PSHELD MAX \/ 16kWh<\/b><\/p>\n<p class=\"lead\" style=\"text-align: center;\">Wysoka wydajno\u015b\u0107, klasa zewn\u0119trzna<\/p>\n\t<div id=\"text-884316392\" class=\"text\">\n\t\t\n\t\t\n<style>\n#text-884316392 {\n  line-height: 2;\n}\n<\/style>\n\t<\/div>\n\t\n\t\t\t<\/div>\n\t\t<\/div>\n\t<\/div>\n\t\n\t\t<\/div>\n\t\t\t\t\t<\/div>\n\n\t\n\n\t<div id=\"col-508727943\" class=\"col medium-4 small-12 large-4\"  >\n\t\t\t\t<div class=\"col-inner\"  >\n\t\t\t\n\t\t\t\n\t<div class=\"box has-hover   has-hover box-default box-text-bottom\" >\n\n\t\t<div class=\"box-image\" style=\"border-radius:2%;width:63%;\">\n\t\t\t\t\t\t<div class=\"image-cover\" style=\"padding-top:100%;\">\n\t\t\t\t<img loading=\"lazy\" decoding=\"async\" width=\"2240\" height=\"2560\" src=\"https:\/\/luxpowertek.com\/wp-content\/uploads\/2025\/11\/Eco-Hybrid-energy-storage-inverter-SNA3-EU-6k-scaled.webp\" class=\"attachment-original size-original\" alt=\"Falownik do magazynowania energii Eco-Hybrid-SNA3 EU 6k\" srcset=\"https:\/\/luxpowertek.com\/wp-content\/uploads\/2025\/11\/Eco-Hybrid-energy-storage-inverter-SNA3-EU-6k-scaled.webp 2240w, https:\/\/luxpowertek.com\/wp-content\/uploads\/2025\/11\/Eco-Hybrid-energy-storage-inverter-SNA3-EU-6k-263x300.webp 263w, https:\/\/luxpowertek.com\/wp-content\/uploads\/2025\/11\/Eco-Hybrid-energy-storage-inverter-SNA3-EU-6k-901x1030.webp 901w, https:\/\/luxpowertek.com\/wp-content\/uploads\/2025\/11\/Eco-Hybrid-energy-storage-inverter-SNA3-EU-6k-768x878.webp 768w, https:\/\/luxpowertek.com\/wp-content\/uploads\/2025\/11\/Eco-Hybrid-energy-storage-inverter-SNA3-EU-6k-1344x1536.webp 1344w, https:\/\/luxpowertek.com\/wp-content\/uploads\/2025\/11\/Eco-Hybrid-energy-storage-inverter-SNA3-EU-6k-1792x2048.webp 1792w, https:\/\/luxpowertek.com\/wp-content\/uploads\/2025\/11\/Eco-Hybrid-energy-storage-inverter-SNA3-EU-6k-11x12.webp 11w, https:\/\/luxpowertek.com\/wp-content\/uploads\/2025\/11\/Eco-Hybrid-energy-storage-inverter-SNA3-EU-6k-510x583.webp 510w\" sizes=\"auto, (max-width: 2240px) 100vw, 2240px\" \/>\t\t\t\t\t\t\t\t\t\t\t<\/div>\n\t\t\t\t\t<\/div>\n\n\t\t<div class=\"box-text text-left\" >\n\t\t\t<div class=\"box-text-inner\">\n\t\t\t\t\n\t<div id=\"text-1901436767\" class=\"text\">\n\t\t\n<p class=\"lead\" style=\"text-align: center;\"><strong>SNA3-EU 6K<\/strong><\/p>\n<p class=\"lead\" style=\"text-align: center;\">Seria jednofazowa\/eko-hybrydowa Pracuj\u0105ca z akumulatorem niskonapi\u0119ciowym<\/p>\n\t\t\n<style>\n#text-1901436767 {\n  text-align: left;\n}\n<\/style>\n\t<\/div>\n\t\n\t\t\t<\/div>\n\t\t<\/div>\n\t<\/div>\n\t\n\t<div id=\"gap-707686490\" class=\"gap-element clearfix\" style=\"display:block; height:auto;\">\n\t\t\n<style>\n#gap-707686490 {\n  padding-top: 65px;\n}\n<\/style>\n\t<\/div>\n\t\n\t<div class=\"box has-hover   has-hover box-default box-text-bottom\" >\n\n\t\t<div class=\"box-image\" style=\"border-radius:5%;width:87%;\">\n\t\t\t\t\t\t<div class=\"\" >\n\t\t\t\t<img loading=\"lazy\" decoding=\"async\" width=\"2560\" height=\"1706\" src=\"https:\/\/luxpowertek.com\/wp-content\/uploads\/2025\/11\/AC-couping-energy-storage-inverter-LXP-3600-ACS-scaled.webp\" class=\"attachment-original size-original\" alt=\"Falownik magazynuj\u0105cy energi\u0119 AC-LXP 3600 ACS\" srcset=\"https:\/\/luxpowertek.com\/wp-content\/uploads\/2025\/11\/AC-couping-energy-storage-inverter-LXP-3600-ACS-scaled.webp 2560w, https:\/\/luxpowertek.com\/wp-content\/uploads\/2025\/11\/AC-couping-energy-storage-inverter-LXP-3600-ACS-300x200.webp 300w, https:\/\/luxpowertek.com\/wp-content\/uploads\/2025\/11\/AC-couping-energy-storage-inverter-LXP-3600-ACS-1030x687.webp 1030w, https:\/\/luxpowertek.com\/wp-content\/uploads\/2025\/11\/AC-couping-energy-storage-inverter-LXP-3600-ACS-768x512.webp 768w, https:\/\/luxpowertek.com\/wp-content\/uploads\/2025\/11\/AC-couping-energy-storage-inverter-LXP-3600-ACS-1536x1024.webp 1536w, https:\/\/luxpowertek.com\/wp-content\/uploads\/2025\/11\/AC-couping-energy-storage-inverter-LXP-3600-ACS-2048x1365.webp 2048w, https:\/\/luxpowertek.com\/wp-content\/uploads\/2025\/11\/AC-couping-energy-storage-inverter-LXP-3600-ACS-18x12.webp 18w, https:\/\/luxpowertek.com\/wp-content\/uploads\/2025\/11\/AC-couping-energy-storage-inverter-LXP-3600-ACS-510x340.webp 510w\" sizes=\"auto, (max-width: 2560px) 100vw, 2560px\" \/>\t\t\t\t\t\t\t\t\t\t\t<\/div>\n\t\t\t\t\t<\/div>\n\n\t\t<div class=\"box-text text-left\" >\n\t\t\t<div class=\"box-text-inner\">\n\t\t\t\t\n\t<div id=\"gap-1757053338\" class=\"gap-element clearfix\" style=\"display:block; height:auto;\">\n\t\t\n<style>\n#gap-1757053338 {\n  padding-top: 30px;\n}\n<\/style>\n\t<\/div>\n\t\n\t<div id=\"text-2172350050\" class=\"text\">\n\t\t\n<p class=\"lead\" style=\"text-align: center;\"><b>LXP 3600 ACS<\/b><\/p>\n<p class=\"lead\" style=\"text-align: center;\">Sprz\u0119g\u0142o pr\u0105du przemiennego \/ Modernizacja systemu do systemu magazynowania energii<\/p>\n\t\t\n<style>\n#text-2172350050 {\n  line-height: 2;\n}\n<\/style>\n\t<\/div>\n\t\n\t<div id=\"gap-999332407\" class=\"gap-element clearfix\" style=\"display:block; height:auto;\">\n\t\t\n<style>\n#gap-999332407 {\n  padding-top: 30px;\n}\n<\/style>\n\t<\/div>\n\t\n\t\t\t<\/div>\n\t\t<\/div>\n\t<\/div>\n\t\n\t<div class=\"box has-hover   has-hover box-default box-text-bottom\" >\n\n\t\t<div class=\"box-image\" style=\"border-radius:2%;width:63%;\">\n\t\t\t\t\t\t<div class=\"\" >\n\t\t\t\t<img loading=\"lazy\" decoding=\"async\" width=\"2133\" height=\"2560\" src=\"https:\/\/luxpowertek.com\/wp-content\/uploads\/2025\/11\/Storage-Battery-PGEM-5.12kWh-scaled.webp\" class=\"attachment-original size-original\" alt=\"Akumulator PGEM 5,12 kWh\" srcset=\"https:\/\/luxpowertek.com\/wp-content\/uploads\/2025\/11\/Storage-Battery-PGEM-5.12kWh-scaled.webp 2133w, https:\/\/luxpowertek.com\/wp-content\/uploads\/2025\/11\/Storage-Battery-PGEM-5.12kWh-250x300.webp 250w, https:\/\/luxpowertek.com\/wp-content\/uploads\/2025\/11\/Storage-Battery-PGEM-5.12kWh-858x1030.webp 858w, https:\/\/luxpowertek.com\/wp-content\/uploads\/2025\/11\/Storage-Battery-PGEM-5.12kWh-768x922.webp 768w, https:\/\/luxpowertek.com\/wp-content\/uploads\/2025\/11\/Storage-Battery-PGEM-5.12kWh-1280x1536.webp 1280w, https:\/\/luxpowertek.com\/wp-content\/uploads\/2025\/11\/Storage-Battery-PGEM-5.12kWh-1707x2048.webp 1707w, https:\/\/luxpowertek.com\/wp-content\/uploads\/2025\/11\/Storage-Battery-PGEM-5.12kWh-10x12.webp 10w, https:\/\/luxpowertek.com\/wp-content\/uploads\/2025\/11\/Storage-Battery-PGEM-5.12kWh-247x296.webp 247w, https:\/\/luxpowertek.com\/wp-content\/uploads\/2025\/11\/Storage-Battery-PGEM-5.12kWh-510x612.webp 510w\" sizes=\"auto, (max-width: 2133px) 100vw, 2133px\" \/>\t\t\t\t\t\t\t\t\t\t\t<\/div>\n\t\t\t\t\t<\/div>\n\n\t\t<div class=\"box-text text-left\" >\n\t\t\t<div class=\"box-text-inner\">\n\t\t\t\t\n<p class=\"lead\" style=\"text-align: center;\"><b>PGE \/ 5,12 kWh<\/b><\/p>\n<p class=\"lead\" style=\"text-align: center;\">Modu\u0142 baterii mieszkalnej<\/p>\n\t<div id=\"gap-1632707524\" class=\"gap-element clearfix\" style=\"display:block; height:auto;\">\n\t\t\n<style>\n#gap-1632707524 {\n  padding-top: 114px;\n}\n<\/style>\n\t<\/div>\n\t\n\t\t\t<\/div>\n\t\t<\/div>\n\t<\/div>\n\t\n\t<div id=\"gap-1841043887\" class=\"gap-element clearfix\" style=\"display:block; height:auto;\">\n\t\t\n<style>\n#gap-1841043887 {\n  padding-top: 30px;\n}\n<\/style>\n\t<\/div>\n\t\n\t\t<\/div>\n\t\t\t\t\t<\/div>\n\n\t\n\n\t<div id=\"col-364601637\" class=\"col medium-4 small-12 large-4\"  >\n\t\t\t\t<div class=\"col-inner\"  >\n\t\t\t\n\t\t\t\n\t<div class=\"box has-hover   has-hover box-default box-text-bottom\" >\n\n\t\t<div class=\"box-image\" style=\"border-radius:2%;width:63%;\">\n\t\t\t\t\t\t<div class=\"image-cover\" style=\"padding-top:100%;\">\n\t\t\t\t<img loading=\"lazy\" decoding=\"async\" width=\"1920\" height=\"2560\" src=\"https:\/\/luxpowertek.com\/wp-content\/uploads\/2025\/11\/Commercial-_-Industrial_Three-Phase-hybrid-inverter-TriP2-HB-3P-12-30K-scaled.webp\" class=\"attachment-original size-original\" alt=\"Komercyjny _ Przemys\u0142owy_Tr\u00f3jfazowy falownik hybrydowy-TriP2-HB-3P 12-30K\" srcset=\"https:\/\/luxpowertek.com\/wp-content\/uploads\/2025\/11\/Commercial-_-Industrial_Three-Phase-hybrid-inverter-TriP2-HB-3P-12-30K-scaled.webp 1920w, https:\/\/luxpowertek.com\/wp-content\/uploads\/2025\/11\/Commercial-_-Industrial_Three-Phase-hybrid-inverter-TriP2-HB-3P-12-30K-225x300.webp 225w, https:\/\/luxpowertek.com\/wp-content\/uploads\/2025\/11\/Commercial-_-Industrial_Three-Phase-hybrid-inverter-TriP2-HB-3P-12-30K-773x1030.webp 773w, https:\/\/luxpowertek.com\/wp-content\/uploads\/2025\/11\/Commercial-_-Industrial_Three-Phase-hybrid-inverter-TriP2-HB-3P-12-30K-768x1024.webp 768w, https:\/\/luxpowertek.com\/wp-content\/uploads\/2025\/11\/Commercial-_-Industrial_Three-Phase-hybrid-inverter-TriP2-HB-3P-12-30K-1152x1536.webp 1152w, https:\/\/luxpowertek.com\/wp-content\/uploads\/2025\/11\/Commercial-_-Industrial_Three-Phase-hybrid-inverter-TriP2-HB-3P-12-30K-1536x2048.webp 1536w, https:\/\/luxpowertek.com\/wp-content\/uploads\/2025\/11\/Commercial-_-Industrial_Three-Phase-hybrid-inverter-TriP2-HB-3P-12-30K-9x12.webp 9w, https:\/\/luxpowertek.com\/wp-content\/uploads\/2025\/11\/Commercial-_-Industrial_Three-Phase-hybrid-inverter-TriP2-HB-3P-12-30K-510x680.webp 510w\" sizes=\"auto, (max-width: 1920px) 100vw, 1920px\" \/>\t\t\t\t\t\t\t\t\t\t\t<\/div>\n\t\t\t\t\t<\/div>\n\n\t\t<div class=\"box-text text-left\" >\n\t\t\t<div class=\"box-text-inner\">\n\t\t\t\t\n\t<div id=\"text-2074523518\" class=\"text\">\n\t\t\n<p class=\"lead\" style=\"text-align: center;\"><strong>TriP2-HB-3P 30K<\/strong><\/p>\n<p class=\"lead\" style=\"text-align: center;\">Seria tr\u00f3jfazowa\/hybrydowa wsp\u00f3\u0142pracuj\u0105ca z akumulatorem wysokonapi\u0119ciowym<\/p>\n\t\t\n<style>\n#text-2074523518 {\n  text-align: left;\n}\n<\/style>\n\t<\/div>\n\t\n\t<div id=\"gap-1521713366\" class=\"gap-element clearfix\" style=\"display:block; height:auto;\">\n\t\t\n<style>\n#gap-1521713366 {\n  padding-top: 63px;\n}\n<\/style>\n\t<\/div>\n\t\n\t\t\t<\/div>\n\t\t<\/div>\n\t<\/div>\n\t\n\t<div class=\"box has-hover   has-hover box-default box-text-bottom\" >\n\n\t\t<div class=\"box-image\" style=\"border-radius:2%;width:63%;\">\n\t\t\t\t\t\t<div class=\"\" >\n\t\t\t\t<img loading=\"lazy\" decoding=\"async\" width=\"2133\" height=\"2560\" src=\"https:\/\/luxpowertek.com\/wp-content\/uploads\/2025\/11\/Storage-Battery-Pshiled-5.12kWh-scaled.webp\" class=\"attachment-original size-original\" alt=\"Akumulator magazynuj\u0105cy \u2013 Pshiled 5,12 kWh\" srcset=\"https:\/\/luxpowertek.com\/wp-content\/uploads\/2025\/11\/Storage-Battery-Pshiled-5.12kWh-scaled.webp 2133w, https:\/\/luxpowertek.com\/wp-content\/uploads\/2025\/11\/Storage-Battery-Pshiled-5.12kWh-250x300.webp 250w, https:\/\/luxpowertek.com\/wp-content\/uploads\/2025\/11\/Storage-Battery-Pshiled-5.12kWh-858x1030.webp 858w, https:\/\/luxpowertek.com\/wp-content\/uploads\/2025\/11\/Storage-Battery-Pshiled-5.12kWh-768x922.webp 768w, https:\/\/luxpowertek.com\/wp-content\/uploads\/2025\/11\/Storage-Battery-Pshiled-5.12kWh-1280x1536.webp 1280w, https:\/\/luxpowertek.com\/wp-content\/uploads\/2025\/11\/Storage-Battery-Pshiled-5.12kWh-1707x2048.webp 1707w, https:\/\/luxpowertek.com\/wp-content\/uploads\/2025\/11\/Storage-Battery-Pshiled-5.12kWh-10x12.webp 10w, https:\/\/luxpowertek.com\/wp-content\/uploads\/2025\/11\/Storage-Battery-Pshiled-5.12kWh-247x296.webp 247w, https:\/\/luxpowertek.com\/wp-content\/uploads\/2025\/11\/Storage-Battery-Pshiled-5.12kWh-510x612.webp 510w\" sizes=\"auto, (max-width: 2133px) 100vw, 2133px\" \/>\t\t\t\t\t\t\t\t\t\t\t<\/div>\n\t\t\t\t\t<\/div>\n\n\t\t<div class=\"box-text text-left\" >\n\t\t\t<div class=\"box-text-inner\">\n\t\t\t\t\n<p class=\"lead\" style=\"text-align: center;\"><b>Pshield (5,12 kWh)<\/b><b>\uff09<\/b><\/p>\n<p class=\"lead\" style=\"text-align: center;\">Modu\u0142 akumulatora domowego \/ niskiego napi\u0119cia<\/p>\n\t<div id=\"gap-1848766468\" class=\"gap-element clearfix\" style=\"display:block; height:auto;\">\n\t\t\n<style>\n#gap-1848766468 {\n  padding-top: 50px;\n}\n<\/style>\n\t<\/div>\n\t\n\t<div id=\"text-3208246094\" class=\"text\">\n\t\t\n\t\t\n<style>\n#text-3208246094 {\n  line-height: 2;\n}\n<\/style>\n\t<\/div>\n\t\n\t\t\t<\/div>\n\t\t<\/div>\n\t<\/div>\n\t\n\t<div class=\"box has-hover   has-hover box-default box-text-bottom\" >\n\n\t\t<div class=\"box-image\" style=\"border-radius:2%;width:63%;\">\n\t\t\t\t\t\t<div class=\"\" >\n\t\t\t\t<img loading=\"lazy\" decoding=\"async\" width=\"2133\" height=\"2560\" src=\"https:\/\/luxpowertek.com\/wp-content\/uploads\/2025\/11\/Storage-Battery-PSTACK-45kWh-scaled.webp\" class=\"attachment-original size-original\" alt=\"Akumulator magazynuj\u0105cy PSTACK 45 kWh\" srcset=\"https:\/\/luxpowertek.com\/wp-content\/uploads\/2025\/11\/Storage-Battery-PSTACK-45kWh-scaled.webp 2133w, https:\/\/luxpowertek.com\/wp-content\/uploads\/2025\/11\/Storage-Battery-PSTACK-45kWh-250x300.webp 250w, https:\/\/luxpowertek.com\/wp-content\/uploads\/2025\/11\/Storage-Battery-PSTACK-45kWh-858x1030.webp 858w, https:\/\/luxpowertek.com\/wp-content\/uploads\/2025\/11\/Storage-Battery-PSTACK-45kWh-768x922.webp 768w, https:\/\/luxpowertek.com\/wp-content\/uploads\/2025\/11\/Storage-Battery-PSTACK-45kWh-1280x1536.webp 1280w, https:\/\/luxpowertek.com\/wp-content\/uploads\/2025\/11\/Storage-Battery-PSTACK-45kWh-1707x2048.webp 1707w, https:\/\/luxpowertek.com\/wp-content\/uploads\/2025\/11\/Storage-Battery-PSTACK-45kWh-10x12.webp 10w, https:\/\/luxpowertek.com\/wp-content\/uploads\/2025\/11\/Storage-Battery-PSTACK-45kWh-247x296.webp 247w, https:\/\/luxpowertek.com\/wp-content\/uploads\/2025\/11\/Storage-Battery-PSTACK-45kWh-510x612.webp 510w\" sizes=\"auto, (max-width: 2133px) 100vw, 2133px\" \/>\t\t\t\t\t\t\t\t\t\t\t<\/div>\n\t\t\t\t\t<\/div>\n\n\t\t<div class=\"box-text text-left\" >\n\t\t\t<div class=\"box-text-inner\">\n\t\t\t\t\n<p class=\"lead\" style=\"text-align: center;\"><b>PStack \/ 5,069 kWh<\/b><\/p>\n<p class=\"lead\" style=\"text-align: center;\">Rozszerzalny modu\u0142 akumulatorowy<\/p>\n\t<div id=\"gap-378644614\" class=\"gap-element clearfix\" style=\"display:block; height:auto;\">\n\t\t\n<style>\n#gap-378644614 {\n  padding-top: 6px;\n}\n<\/style>\n\t<\/div>\n\t\n\t<div id=\"text-1967741305\" class=\"text\">\n\t\t\n\t\t\n<style>\n#text-1967741305 {\n  line-height: 2;\n}\n<\/style>\n\t<\/div>\n\t\n\t\t\t<\/div>\n\t\t<\/div>\n\t<\/div>\n\t\n\t<div id=\"gap-1992613511\" class=\"gap-element clearfix\" style=\"display:block; height:auto;\">\n\t\t\n<style>\n#gap-1992613511 {\n  padding-top: 1px;\n}\n<\/style>\n\t<\/div>\n\t\n\t\t<\/div>\n\t\t\t\t\t<\/div>\n\n\t\n\n\t<div id=\"col-604814298\" class=\"col medium-4 small-12 large-4\"  >\n\t\t\t\t<div class=\"col-inner\"  >\n\t\t\t\n\t\t\t\n\t<div class=\"box has-hover   has-hover box-default box-text-bottom\" >\n\n\t\t<div class=\"box-image\" style=\"border-radius:2%;width:63%;\">\n\t\t\t\t\t\t<div class=\"\" >\n\t\t\t\t<img loading=\"lazy\" decoding=\"async\" width=\"2560\" height=\"1600\" src=\"https:\/\/luxpowertek.com\/wp-content\/uploads\/2025\/11\/Commercial-_-Industrial_energy-storage-inverter-BESS-125K-scaled.webp\" class=\"attachment-original size-original\" alt=\"Komercyjny _ Przemys\u0142owy_falownik do magazynowania energii-BESS 125K\" srcset=\"https:\/\/luxpowertek.com\/wp-content\/uploads\/2025\/11\/Commercial-_-Industrial_energy-storage-inverter-BESS-125K-scaled.webp 2560w, https:\/\/luxpowertek.com\/wp-content\/uploads\/2025\/11\/Commercial-_-Industrial_energy-storage-inverter-BESS-125K-300x188.webp 300w, https:\/\/luxpowertek.com\/wp-content\/uploads\/2025\/11\/Commercial-_-Industrial_energy-storage-inverter-BESS-125K-1030x644.webp 1030w, https:\/\/luxpowertek.com\/wp-content\/uploads\/2025\/11\/Commercial-_-Industrial_energy-storage-inverter-BESS-125K-768x480.webp 768w, https:\/\/luxpowertek.com\/wp-content\/uploads\/2025\/11\/Commercial-_-Industrial_energy-storage-inverter-BESS-125K-1536x960.webp 1536w, https:\/\/luxpowertek.com\/wp-content\/uploads\/2025\/11\/Commercial-_-Industrial_energy-storage-inverter-BESS-125K-2048x1280.webp 2048w, https:\/\/luxpowertek.com\/wp-content\/uploads\/2025\/11\/Commercial-_-Industrial_energy-storage-inverter-BESS-125K-18x12.webp 18w, https:\/\/luxpowertek.com\/wp-content\/uploads\/2025\/11\/Commercial-_-Industrial_energy-storage-inverter-BESS-125K-510x319.webp 510w\" sizes=\"auto, (max-width: 2560px) 100vw, 2560px\" \/>\t\t\t\t\t\t\t\t\t\t\t<\/div>\n\t\t\t\t\t<\/div>\n\n\t\t<div class=\"box-text text-left\" >\n\t\t\t<div class=\"box-text-inner\">\n\t\t\t\t\n<p class=\"lead\" style=\"text-align: center;\"><b>C&amp;I <strong>System magazynowania energii<\/strong><\/b><\/p>\n\t<div id=\"gap-1511864371\" class=\"gap-element clearfix\" style=\"display:block; height:auto;\">\n\t\t\n<style>\n#gap-1511864371 {\n  padding-top: 78px;\n}\n<\/style>\n\t<\/div>\n\t\n\t\t\t<\/div>\n\t\t<\/div>\n\t<\/div>\n\t\n\t<div id=\"gap-1321035176\" class=\"gap-element clearfix\" style=\"display:block; height:auto;\">\n\t\t\n<style>\n#gap-1321035176 {\n  padding-top: 66px;\n}\n<\/style>\n\t<\/div>\n\t\n\t\t<\/div>\n\t\t\t\t\t<\/div>\n\n\t\n\n\t<div id=\"col-1881281306\" class=\"col medium-4 small-12 large-4\"  >\n\t\t\t\t<div class=\"col-inner\"  >\n\t\t\t\n\t\t\t\n\t<div class=\"box has-hover   has-hover box-default box-text-bottom\" >\n\n\t\t<div class=\"box-image\" style=\"border-radius:2%;width:39%;\">\n\t\t\t\t\t\t<div class=\"image-cover\" style=\"padding-top:100%;\">\n\t\t\t\t<img loading=\"lazy\" decoding=\"async\" width=\"2560\" height=\"1600\" src=\"https:\/\/luxpowertek.com\/wp-content\/uploads\/2025\/11\/Commercial-_-Industrial_energy-storage-inverter-BESS-125K-scaled.webp\" class=\"attachment-original size-original\" alt=\"Komercyjny _ Przemys\u0142owy_falownik do magazynowania energii-BESS 125K\" srcset=\"https:\/\/luxpowertek.com\/wp-content\/uploads\/2025\/11\/Commercial-_-Industrial_energy-storage-inverter-BESS-125K-scaled.webp 2560w, https:\/\/luxpowertek.com\/wp-content\/uploads\/2025\/11\/Commercial-_-Industrial_energy-storage-inverter-BESS-125K-300x188.webp 300w, https:\/\/luxpowertek.com\/wp-content\/uploads\/2025\/11\/Commercial-_-Industrial_energy-storage-inverter-BESS-125K-1030x644.webp 1030w, https:\/\/luxpowertek.com\/wp-content\/uploads\/2025\/11\/Commercial-_-Industrial_energy-storage-inverter-BESS-125K-768x480.webp 768w, https:\/\/luxpowertek.com\/wp-content\/uploads\/2025\/11\/Commercial-_-Industrial_energy-storage-inverter-BESS-125K-1536x960.webp 1536w, https:\/\/luxpowertek.com\/wp-content\/uploads\/2025\/11\/Commercial-_-Industrial_energy-storage-inverter-BESS-125K-2048x1280.webp 2048w, https:\/\/luxpowertek.com\/wp-content\/uploads\/2025\/11\/Commercial-_-Industrial_energy-storage-inverter-BESS-125K-18x12.webp 18w, https:\/\/luxpowertek.com\/wp-content\/uploads\/2025\/11\/Commercial-_-Industrial_energy-storage-inverter-BESS-125K-510x319.webp 510w\" sizes=\"auto, (max-width: 2560px) 100vw, 2560px\" \/>\t\t\t\t\t\t\t\t\t\t\t<\/div>\n\t\t\t\t\t<\/div>\n\n\t\t<div class=\"box-text text-left\" >\n\t\t\t<div class=\"box-text-inner\">\n\t\t\t\t\n\t<div id=\"text-2639474208\" class=\"text\">\n\t\t\n<p class=\"lead\" style=\"text-align: center;\"><strong>Rozwi\u0105zanie magazynowania fotowoltaicznego na balkonie<\/strong><\/p>\n\t\t\n<style>\n#text-2639474208 {\n  text-align: left;\n}\n<\/style>\n\t<\/div>\n\t\n\t\t\t<\/div>\n\t\t<\/div>\n\t<\/div>\n\t\n\t\t<\/div>\n\t\t\t\t\t<\/div>\n\n\t\n<\/div>\n\t<div id=\"gap-1428955810\" class=\"gap-element clearfix\" style=\"display:block; height:auto;\">\n\t\t\n<style>\n#gap-1428955810 {\n  padding-top: 17px;\n}\n<\/style>\n\t<\/div>\n\t\n\t\t<\/div>\n\n\t\t\n<style>\n#section_879544967 {\n  padding-top: 30px;\n  padding-bottom: 30px;\n}\n<\/style>\n\t<\/section>","protected":false},"excerpt":{"rendered":"","protected":false},"author":3,"featured_media":0,"parent":0,"menu_order":0,"comment_status":"closed","ping_status":"closed","template":"page-transparent-header.php","meta":{"rop_custom_images_group":[],"rop_custom_messages_group":[],"rop_publish_now":"initial","rop_publish_now_accounts":[],"rop_publish_now_history":[],"rop_publish_now_status":"pending","footnotes":""},"class_list":["post-16484","page","type-page","status-publish","hentry"],"yoast_head":"<!-- This site is optimized with the Yoast SEO plugin v27.3 - https:\/\/yoast.com\/product\/yoast-seo-wordpress\/ -->\n<title>Exhibition-Solar Solutions Dusseldorf 2025 -<\/title>\n<meta name=\"robots\" content=\"index, follow, max-snippet:-1, max-image-preview:large, max-video-preview:-1\" \/>\n<link rel=\"canonical\" href=\"https:\/\/luxpowertek.com\/pl\/wystawa-intersoalreurope2025-7\/\" \/>\n<meta property=\"og:locale\" content=\"pl_PL\" \/>\n<meta property=\"og:type\" content=\"article\" \/>\n<meta property=\"og:title\" content=\"Exhibition-Solar Solutions Dusseldorf 2025 -\" \/>\n<meta property=\"og:url\" content=\"https:\/\/luxpowertek.com\/pl\/wystawa-intersoalreurope2025-7\/\" \/>\n<meta property=\"article:publisher\" content=\"https:\/\/www.facebook.com\/LUXPOWERTEK\" \/>\n<meta property=\"article:modified_time\" content=\"2025-11-10T08:59:11+00:00\" \/>\n<meta name=\"twitter:card\" content=\"summary_large_image\" \/>\n<meta name=\"twitter:label1\" content=\"Est. reading time\" \/>\n\t<meta name=\"twitter:data1\" content=\"4 minuty\" \/>\n<script type=\"application\/ld+json\" class=\"yoast-schema-graph\">{\"@context\":\"https:\\\/\\\/schema.org\",\"@graph\":[{\"@type\":\"WebPage\",\"@id\":\"https:\\\/\\\/luxpowertek.com\\\/exhibition-solar-solutions-dusseldorf-2025\\\/\",\"url\":\"https:\\\/\\\/luxpowertek.com\\\/exhibition-solar-solutions-dusseldorf-2025\\\/\",\"name\":\"Exhibition-Solar Solutions Dusseldorf 2025 -\",\"isPartOf\":{\"@id\":\"https:\\\/\\\/luxpowertek.com\\\/#website\"},\"datePublished\":\"2025-11-10T00:53:46+00:00\",\"dateModified\":\"2025-11-10T08:59:11+00:00\",\"breadcrumb\":{\"@id\":\"https:\\\/\\\/luxpowertek.com\\\/exhibition-solar-solutions-dusseldorf-2025\\\/#breadcrumb\"},\"inLanguage\":\"pl-PL\",\"potentialAction\":[{\"@type\":\"ReadAction\",\"target\":[\"https:\\\/\\\/luxpowertek.com\\\/exhibition-solar-solutions-dusseldorf-2025\\\/\"]}]},{\"@type\":\"BreadcrumbList\",\"@id\":\"https:\\\/\\\/luxpowertek.com\\\/exhibition-solar-solutions-dusseldorf-2025\\\/#breadcrumb\",\"itemListElement\":[{\"@type\":\"ListItem\",\"position\":1,\"name\":\"Home\",\"item\":\"https:\\\/\\\/luxpowertek.com\\\/\"},{\"@type\":\"ListItem\",\"position\":2,\"name\":\"Exhibition-Solar Solutions Dusseldorf 2025\"}]},{\"@type\":\"WebSite\",\"@id\":\"https:\\\/\\\/luxpowertek.com\\\/#website\",\"url\":\"https:\\\/\\\/luxpowertek.com\\\/\",\"name\":\"\",\"description\":\"\",\"publisher\":{\"@id\":\"https:\\\/\\\/luxpowertek.com\\\/#organization\"},\"potentialAction\":[{\"@type\":\"SearchAction\",\"target\":{\"@type\":\"EntryPoint\",\"urlTemplate\":\"https:\\\/\\\/luxpowertek.com\\\/?s={search_term_string}\"},\"query-input\":{\"@type\":\"PropertyValueSpecification\",\"valueRequired\":true,\"valueName\":\"search_term_string\"}}],\"inLanguage\":\"pl-PL\"},{\"@type\":\"Organization\",\"@id\":\"https:\\\/\\\/luxpowertek.com\\\/#organization\",\"name\":\"LuxpowerTek\",\"url\":\"https:\\\/\\\/luxpowertek.com\\\/\",\"logo\":{\"@type\":\"ImageObject\",\"inLanguage\":\"pl-PL\",\"@id\":\"https:\\\/\\\/luxpowertek.com\\\/#\\\/schema\\\/logo\\\/image\\\/\",\"url\":\"https:\\\/\\\/luxpowertek.com\\\/wp-content\\\/uploads\\\/2024\\\/08\\\/Luxpower_logo_new.webp\",\"contentUrl\":\"https:\\\/\\\/luxpowertek.com\\\/wp-content\\\/uploads\\\/2024\\\/08\\\/Luxpower_logo_new.webp\",\"width\":1030,\"height\":186,\"caption\":\"LuxpowerTek\"},\"image\":{\"@id\":\"https:\\\/\\\/luxpowertek.com\\\/#\\\/schema\\\/logo\\\/image\\\/\"},\"sameAs\":[\"https:\\\/\\\/www.facebook.com\\\/LUXPOWERTEK\"]}]}<\/script>\n<!-- \/ Yoast SEO plugin. -->","yoast_head_json":{"title":"Wystawa \u2013 Rozwi\u0105zania Solarne Dusseldorf 2025 \u2013","robots":{"index":"index","follow":"follow","max-snippet":"max-snippet:-1","max-image-preview":"max-image-preview:large","max-video-preview":"max-video-preview:-1"},"canonical":"https:\/\/luxpowertek.com\/pl\/wystawa-intersoalreurope2025-7\/","og_locale":"pl_PL","og_type":"article","og_title":"Exhibition-Solar Solutions Dusseldorf 2025 -","og_url":"https:\/\/luxpowertek.com\/pl\/wystawa-intersoalreurope2025-7\/","article_publisher":"https:\/\/www.facebook.com\/LUXPOWERTEK","article_modified_time":"2025-11-10T08:59:11+00:00","twitter_card":"summary_large_image","twitter_misc":{"Est. reading time":"4 minuty"},"schema":{"@context":"https:\/\/schema.org","@graph":[{"@type":"WebPage","@id":"https:\/\/luxpowertek.com\/exhibition-solar-solutions-dusseldorf-2025\/","url":"https:\/\/luxpowertek.com\/exhibition-solar-solutions-dusseldorf-2025\/","name":"Wystawa \u2013 Rozwi\u0105zania Solarne Dusseldorf 2025 \u2013","isPartOf":{"@id":"https:\/\/luxpowertek.com\/#website"},"datePublished":"2025-11-10T00:53:46+00:00","dateModified":"2025-11-10T08:59:11+00:00","breadcrumb":{"@id":"https:\/\/luxpowertek.com\/exhibition-solar-solutions-dusseldorf-2025\/#breadcrumb"},"inLanguage":"pl-PL","potentialAction":[{"@type":"ReadAction","target":["https:\/\/luxpowertek.com\/exhibition-solar-solutions-dusseldorf-2025\/"]}]},{"@type":"BreadcrumbList","@id":"https:\/\/luxpowertek.com\/exhibition-solar-solutions-dusseldorf-2025\/#breadcrumb","itemListElement":[{"@type":"ListItem","position":1,"name":"Home","item":"https:\/\/luxpowertek.com\/"},{"@type":"ListItem","position":2,"name":"Exhibition-Solar Solutions Dusseldorf 2025"}]},{"@type":"WebSite","@id":"https:\/\/luxpowertek.com\/#website","url":"https:\/\/luxpowertek.com\/","name":"","description":"","publisher":{"@id":"https:\/\/luxpowertek.com\/#organization"},"potentialAction":[{"@type":"SearchAction","target":{"@type":"EntryPoint","urlTemplate":"https:\/\/luxpowertek.com\/?s={search_term_string}"},"query-input":{"@type":"PropertyValueSpecification","valueRequired":true,"valueName":"search_term_string"}}],"inLanguage":"pl-PL"},{"@type":"Organization","@id":"https:\/\/luxpowertek.com\/#organization","name":"Powietrze","url":"https:\/\/luxpowertek.com\/","logo":{"@type":"ImageObject","inLanguage":"pl-PL","@id":"https:\/\/luxpowertek.com\/#\/schema\/logo\/image\/","url":"https:\/\/luxpowertek.com\/wp-content\/uploads\/2024\/08\/Luxpower_logo_new.webp","contentUrl":"https:\/\/luxpowertek.com\/wp-content\/uploads\/2024\/08\/Luxpower_logo_new.webp","width":1030,"height":186,"caption":"LuxpowerTek"},"image":{"@id":"https:\/\/luxpowertek.com\/#\/schema\/logo\/image\/"},"sameAs":["https:\/\/www.facebook.com\/LUXPOWERTEK"]}]}},"_links":{"self":[{"href":"https:\/\/luxpowertek.com\/pl\/wp-json\/wp\/v2\/pages\/16484","targetHints":{"allow":["GET"]}}],"collection":[{"href":"https:\/\/luxpowertek.com\/pl\/wp-json\/wp\/v2\/pages"}],"about":[{"href":"https:\/\/luxpowertek.com\/pl\/wp-json\/wp\/v2\/types\/page"}],"author":[{"embeddable":true,"href":"https:\/\/luxpowertek.com\/pl\/wp-json\/wp\/v2\/users\/3"}],"replies":[{"embeddable":true,"href":"https:\/\/luxpowertek.com\/pl\/wp-json\/wp\/v2\/comments?post=16484"}],"version-history":[{"count":13,"href":"https:\/\/luxpowertek.com\/pl\/wp-json\/wp\/v2\/pages\/16484\/revisions"}],"predecessor-version":[{"id":16515,"href":"https:\/\/luxpowertek.com\/pl\/wp-json\/wp\/v2\/pages\/16484\/revisions\/16515"}],"wp:attachment":[{"href":"https:\/\/luxpowertek.com\/pl\/wp-json\/wp\/v2\/media?parent=16484"}],"curies":[{"name":"wp","href":"https:\/\/api.w.org\/{rel}","templated":true}]}}