{"id":38,"date":"2020-02-07T07:03:33","date_gmt":"2020-02-06T23:03:33","guid":{"rendered":"https:\/\/f.seowaimao.com\/?page_id=38"},"modified":"2023-07-14T12:10:11","modified_gmt":"2023-07-14T04:10:11","slug":"tamogatas","status":"publish","type":"page","link":"https:\/\/luxpowertek.com\/hu\/tamogatas\/","title":{"rendered":"T\u00e1mogat\u00e1s"},"content":{"rendered":"<div class=\"banner has-hover header_banner\" id=\"banner-104092589\">\n          <div class=\"banner-inner fill\">\n        <div class=\"banner-bg fill\" >\n            <div class=\"bg fill bg-fill\"><\/div>\n                        <div class=\"overlay\"><\/div>            \n                    <\/div>\n\t\t\n        <div class=\"banner-layers container\">\n            <div class=\"fill banner-link\"><\/div>            \n   <div id=\"text-box-1159554529\" class=\"text-box banner-layer x50 md-x50 lg-x50 y50 md-y50 lg-y50 res-text\">\n                                <div class=\"text-box-content text dark\">\n              \n              <div class=\"text-inner text-center\">\n                  \n              <\/div>\n           <\/div>\n                            \n<style>\n#text-box-1159554529 {\n  width: 60%;\n}\n#text-box-1159554529 .text-box-content {\n  font-size: 100%;\n}\n<\/style>\n    <\/div>\n \n        <\/div>\n      <\/div>\n\n            \n<style>\n#banner-104092589 {\n  padding-top: 78%;\n}\n#banner-104092589 .bg.bg-loaded {\n  background-image: url(https:\/\/luxpowertek.com\/wp-content\/uploads\/2022\/03\/\u753b\u677f-128-min-scaled.jpg);\n}\n#banner-104092589 .overlay {\n  background-color: rgba(0, 0, 0, 0.2);\n}\n#banner-104092589 .bg {\n  background-position: 52% 88%;\n}\n@media (min-width:550px) {\n  #banner-104092589 {\n    padding-top: 38%;\n  }\n}\n<\/style>\n  <\/div>\n\n\n\t<section class=\"section custom_title_buttom\" id=\"section_1539459951\">\n\t\t<div class=\"bg section-bg fill bg-fill  bg-loaded\" >\n\n\t\t\t\n\t\t\t\n\t\t\t\n\n\t\t<\/div>\n\n\t\t\n\n\t\t<div class=\"section-content relative\">\n\t\t\t\n<div class=\"row\"  id=\"row-1258505216\">\n\n\t<div id=\"col-1524951354\" class=\"col small-12 large-12\"  >\n\t\t\t\t<div class=\"col-inner\"  >\n\t\t\t\n\t\t\t\n\t<div id=\"text-2966996384\" class=\"text\">\n\t\t\n<h1>GYIK<\/h1>\n\t\t\n<style>\n#text-2966996384 {\n  text-align: center;\n}\n<\/style>\n\t<\/div>\n\t\n<div class=\"row\"  id=\"row-505005375\">\n\n\t<div id=\"col-911375823\" class=\"col hide-for-small medium-4 small-12 large-4\"  >\n\t\t\t\t<div class=\"col-inner\"  >\n\t\t\t\n\t\t\t\n\t\t<\/div>\n\t\t\t\t\t<\/div>\n\n\t\n\n\t<div id=\"col-279888580\" class=\"col medium-4 small-12 large-4\"  >\n\t\t\t\t<div class=\"col-inner\"  >\n\t\t\t\n\t\t\t\n<div class=\"searchform-wrapper ux-search-box relative is-normal\"><form role=\"search\" method=\"get\" class=\"searchform\" action=\"https:\/\/luxpowertek.com\/hu\/\" data-trp-original-action=\"https:\/\/luxpowertek.com\/hu\/\">\n\t<div class=\"flex-row relative\">\n\t\t\t\t\t\t<div class=\"flex-col flex-grow\">\n\t\t\t<label class=\"screen-reader-text\" for=\"woocommerce-product-search-field-0\" data-no-translation=\"\" data-trp-gettext=\"\">Keres\u00e9s:<\/label>\n\t\t\t<input type=\"search\" id=\"woocommerce-product-search-field-0\" class=\"search-field mb-0\" placeholder=\"Keres\u00e9s\u2026\" value=\"\" name=\"s\" data-no-translation-placeholder=\"\" \/>\n\t\t\t<input type=\"hidden\" name=\"post_type\" value=\"product\" \/>\n\t\t\t\t\t<\/div>\n\t\t<div class=\"flex-col\">\n\t\t\t<button type=\"submit\" value=\"Keres\u00e9s\" class=\"ux-search-submit submit-button secondary button  icon mb-0\" aria-label=\"K\u00fcld\u00e9s\" data-no-translation-value=\"\">\n\t\t\t\t<i class=\"icon-search\" ><\/i>\t\t\t<\/button>\n\t\t<\/div>\n\t<\/div>\n\t<div class=\"live-search-results text-left z-top\"><\/div>\n<input type=\"hidden\" name=\"trp-form-language\" value=\"hu\"\/><\/form>\n<\/div>\n\t\t<\/div>\n\t\t\t\t\t<\/div>\n\n\t\n\n\t<div id=\"col-1317546222\" class=\"col hide-for-small medium-4 small-12 large-4\"  >\n\t\t\t\t<div class=\"col-inner\"  >\n\t\t\t\n\t\t\t\n\t\t<\/div>\n\t\t\t\t\t<\/div>\n\n\t\n<\/div>\n\t\t<\/div>\n\t\t\t\t\t<\/div>\n\n\t\n<\/div>\n\t\t<\/div>\n\n\t\t\n<style>\n#section_1539459951 {\n  padding-top: 30px;\n  padding-bottom: 30px;\n}\n<\/style>\n\t<\/section>\n\t\n\t<section class=\"section\" id=\"section_841495257\">\n\t\t<div class=\"bg section-bg fill bg-fill  bg-loaded\" >\n\n\t\t\t\n\t\t\t\n\t\t\t\n\n\t\t<\/div>\n\n\t\t\n\n\t\t<div class=\"section-content relative\">\n\t\t\t\n<div class=\"row\"  id=\"row-1028864875\">\n\n\t<div id=\"col-1060484673\" class=\"col small-12 large-12\"  >\n\t\t\t\t<div class=\"col-inner\"  >\n\t\t\t\n\t\t\t\n<div class=\"accordion\">\n\t<div id=\"accordion-177920031\" class=\"accordion-item\">\n\t\t<a id=\"accordion-177920031-label\" class=\"accordion-title plain\" href=\"#accordion-item-part-1.-wifi-configuration&#038;monitor-system\" aria-expanded=\"false\" aria-controls=\"accordion-177920031-content\" >\n\t\t\t<button class=\"toggle\" aria-label=\"V\u00e1lt\u00e1s\"><i class=\"icon-angle-down\"><\/i><\/button>\n\t\t\t<span>1. r\u00e9sz. WiFi konfigur\u00e1ci\u00f3s \u00e9s monitoroz\u00f3 rendszer<\/span>\n\t\t<\/a>\n\t\t<div id=\"accordion-177920031-content\" class=\"accordion-inner\" aria-labelledby=\"accordion-177920031-label\" >\n\t\t\t\n<h3><span style=\"color: #63ad82\"><strong>1. k\u00e9rd\u00e9s: Hogyan \u00e1ll\u00edthatok be jelsz\u00f3t a wifi dongle-omhoz?<\/strong><\/span><\/h3>\n<p><strong><b>V:<\/b><\/strong>K\u00e9rj\u00fck, tekintse meg a k\u00f6vetkez\u0151 dokumentumot:<strong><b>Monitorrendszer be\u00e1ll\u00edt\u00e1sa forgalmaz\u00f3k sz\u00e1m\u00e1ra<\/b><\/strong>&#039;vagy&#039;<strong><b>Monitorrendszer be\u00e1ll\u00edt\u00e1sa v\u00e9gfelhaszn\u00e1l\u00f3k sz\u00e1m\u00e1ra<\/b><\/strong>\u201eA jelsz\u00f3 be\u00e1ll\u00edt\u00e1s\u00e1hoz. Ez el\u00e9rhet\u0151 a k\u00f6vetkez\u0151 weboldalon: https:\/\/www.luxpowertek.com\/download\/<\/p>\n<h3><span style=\"color: #63ad82\"><strong>2. k\u00e9rd\u00e9s: Mi\u00e9rt villog folyamatosan a WiFi dongle k\u00f6z\u00e9ps\u0151 l\u00e1mp\u00e1ja (Cloud LED)? Vagy mi\u00e9rt offline \u00e1llapotban van az eszk\u00f6z\u00f6m?<\/strong><\/span><\/h3>\n<p><strong><b>V:<\/b><\/strong>\u00a0Amikor a wifi dongle norm\u00e1lisan m\u0171k\u00f6dik, h\u00e1rom LED-nek folyamatosan vil\u00e1g\u00edtania kell. Ha a wifi dongle k\u00f6z\u00e9ps\u0151 LED-je villog, vagy nem tal\u00e1lja az invertert a monitorrendszerben, annak a k\u00f6vetkez\u0151 okai lehetnek: A Wi-Fi jelsz\u00f3 nincs be\u00e1ll\u00edtva, vagy helytelen. Ha m\u00e9g nem \u00e1ll\u00edtott be Wi-Fi jelsz\u00f3t, k\u00e9rj\u00fck, olvassa el a \u201e\u201d r\u00e9szt.<strong><b>Monitorrendszer be\u00e1ll\u00edt\u00e1sa forgalmaz\u00f3k sz\u00e1m\u00e1ra<\/b><\/strong>&#039; vagy &#039;<strong><b>Monitorrendszer be\u00e1ll\u00edt\u00e1sa v\u00e9gfelhaszn\u00e1l\u00f3k sz\u00e1m\u00e1ra<\/b><\/strong>\u201eA jelsz\u00f3 be\u00e1ll\u00edt\u00e1s\u00e1hoz kattintson ide. (https:\/\/www.luxpowertek.com\/download\/).\u201d<\/p>\n<ul>\n<li style=\"list-style-type: none\">\n<ul>\n<li>Ha m\u00e1r be\u00e1ll\u00edtotta a jelsz\u00f3t, k\u00e9rj\u00fck, csatlakoztassa mobiltelefonj\u00e1t vagy sz\u00e1m\u00edt\u00f3g\u00e9p\u00e9t a wifi dongle hotspothoz, \u00e9s l\u00e1togasson el a 10.10.10.1 weboldalra. Mind a felhaszn\u00e1l\u00f3n\u00e9v, mind a jelsz\u00f3 \u201eAdmin\u201d, bejelentkez\u00e9s ut\u00e1n ellen\u0151rizze, hogy a wifi dongle le tudja-e kapni az IP-c\u00edmet. Ha nem, az azt jelenti, hogy rossz jelsz\u00f3 van megadva, ha igen, akkor a jelsz\u00f3 helyes.<\/li>\n<\/ul>\n<\/li>\n<\/ul>\n<p><img loading=\"lazy\" decoding=\"async\" class=\"alignnone wp-image-1767 size-full\" src=\"https:\/\/luxpowertek.com\/wp-content\/uploads\/2021\/12\/1-1.png\" alt=\"\" width=\"394\" height=\"454\" srcset=\"https:\/\/luxpowertek.com\/wp-content\/uploads\/2021\/12\/1-1.png 394w, https:\/\/luxpowertek.com\/wp-content\/uploads\/2021\/12\/1-1-260x300.png 260w\" sizes=\"auto, (max-width: 394px) 100vw, 394px\" \/><\/p>\n<ul>\n<li><strong><b>Van egy kis probl\u00e9ma a wifivel, <\/b><\/strong>Miut\u00e1n bejelentkezt\u00e9l \u00e9s azt l\u00e1tod, hogy a wifi modul m\u00e1r megkapta az IP-c\u00edmet, ha a \u201eNetwork 1 state\u201d (1. h\u00e1l\u00f3zat \u00e1llapota) tov\u00e1bbra is \u201emegszakadt\u201d a kapcsolat, az azt jelenti, hogy valamilyen probl\u00e9ma van a wifivel. Ellen\u0151rizd a wifi-t \u00e9s az internetet.<\/li>\n<li>Ha megkaptad az IP-c\u00edmedet \u00e9s a TCP kliens \u00e1llapotod a k\u00f6vetkez\u0151: <strong><b>Csatlakoztatva<\/b><\/strong>, K\u00e9rj\u00fck, ellen\u0151rizze, hogy m\u00e1r hozz\u00e1adta-e ezt az adatnapl\u00f3 sorozatsz\u00e1m\u00e1t az \u00e1llom\u00e1s\u00e1hoz. Amikor regisztr\u00e1l az alkalmaz\u00e1sban a v\u00e9gfelhaszn\u00e1l\u00f3i fi\u00f3khoz, meg kell adnia a wifi modul sorozatsz\u00e1m\u00e1t, majd az adatnapl\u00f3 automatikusan hozz\u00e1ad\u00f3dik az \u00e1llom\u00e1shoz. Ha forgalmaz\u00f3i \u00e9s telep\u00edt\u0151i fi\u00f3kot haszn\u00e1l, k\u00e9rj\u00fck, jelentkezzen be az internetre, \u00e9s l\u00e9pjen a \u201ekonfigur\u00e1ci\u00f3\u201d -&gt; \u201e\u00e1llom\u00e1s\u201d men\u00fcpontra az \u00e1llom\u00e1s hozz\u00e1ad\u00e1s\u00e1hoz, majd l\u00e9pjen az \u201eadatnapl\u00f3\u201d oldalra az adatnapl\u00f3 hozz\u00e1ad\u00e1s\u00e1hoz. Ezut\u00e1n ind\u00edtsa \u00fajra a wifi dongle-t.<\/li>\n<\/ul>\n<p><img loading=\"lazy\" decoding=\"async\" class=\"alignnone wp-image-1770 size-full\" src=\"https:\/\/luxpowertek.com\/wp-content\/uploads\/2021\/12\/2-2.png\" alt=\"\" width=\"554\" height=\"261\" srcset=\"https:\/\/luxpowertek.com\/wp-content\/uploads\/2021\/12\/2-2.png 554w, https:\/\/luxpowertek.com\/wp-content\/uploads\/2021\/12\/2-2-300x141.png 300w\" sizes=\"auto, (max-width: 554px) 100vw, 554px\" \/><\/p>\n<h3><span style=\"color: #63ad82\"><strong>3. k\u00e9rd\u00e9s: Hogyan tudom figyelni \u00e9s konfigur\u00e1lni az invertert, ha a h\u00e1l\u00f3zat nem \u00e9rhet\u0151 el a helysz\u00ednen?<\/strong><\/span><\/h3>\n<p><strong><b>V: <\/b><\/strong>A helyi kapcsolat el\u00e9rhet\u0151 a Luxpower alkalmaz\u00e1sban, k\u00e9rj\u00fck, ellen\u0151rizze a k\u00f6vetkez\u0151t: &#039;<strong><b>Monitorrendszer be\u00e1ll\u00edt\u00e1sa v\u00e9gfelhaszn\u00e1l\u00f3k sz\u00e1m\u00e1ra<\/b><\/strong>&#039;f\u00e1jl, amely el\u00e9rhet\u0151 a let\u00f6lt\u00e9si weboldalon.<\/p>\n<h3><span style=\"color: #63ad82\"><strong>4. k\u00e9rd\u00e9s: Mit tehetek, ha elfelejtettem a monitorrendszeremhez tartoz\u00f3 felhaszn\u00e1l\u00f3nevet \u00e9s jelsz\u00f3t?<\/strong><\/span><\/h3>\n<p><strong><b>V:<\/b><\/strong>\u00a0K\u00e9rj\u00fck, vegye fel a kapcsolatot a helyi forgalmaz\u00f3kkal vagy <a href=\"mailto:info@luxpowertek.com\"><u>info@luxpowertek.com<\/u><\/a>\u00a0\u00c9s mondd meg nekik az inverter \u00e9s a wifi dongle sorozatsz\u00e1m\u00e1t, mi seg\u00edt\u00fcnk megtal\u00e1lni a felhaszn\u00e1l\u00f3nevet \u00e9s vissza\u00e1ll\u00edtani a jelsz\u00f3t.<\/p>\n<h3><span style=\"color: #63ad82\"><strong>5. k\u00e9rd\u00e9s: Mit tehetek, ha egyn\u00e9l t\u00f6bb inverterem van egy telep\u00edt\u00e9sben?<\/strong><\/span><\/h3>\n<p><strong><b>V: <\/b><\/strong>\u00a0Ha a modelljei standard modellek, akkor csak az \u00f6sszes adatnapl\u00f3t kell hozz\u00e1adnia az \u00e1llom\u00e1shoz.<img loading=\"lazy\" decoding=\"async\" class=\"alignnone wp-image-1771 size-full\" src=\"https:\/\/luxpowertek.com\/wp-content\/uploads\/2021\/12\/3-2.png\" alt=\"\" width=\"553\" height=\"154\" srcset=\"https:\/\/luxpowertek.com\/wp-content\/uploads\/2021\/12\/3-2.png 553w, https:\/\/luxpowertek.com\/wp-content\/uploads\/2021\/12\/3-2-300x84.png 300w\" sizes=\"auto, (max-width: 553px) 100vw, 553px\" \/>Ha p\u00e1rhuzamos modellt haszn\u00e1l a telep\u00edt\u00e9shez, \u00e1ll\u00edtsa azokat p\u00e1rhuzamos csoportba, hogy az \u00f6sszes invertert k\u00f6nnyen l\u00e1thassa. L\u00e9pjen az \u00c1ttekint\u00e9s-&gt;Eszk\u00f6z\u00e1ttekint\u00e9s-&gt;v\u00e1lassza ki az \u00e1llom\u00e1st -&gt;kattintson a P\u00e1rhuzamos-&gt;P\u00e1rhuzamos index bemenetre (1, 2, 3-at \u00edrhat be)-&gt;Ment\u00e9s lehet\u0151s\u00e9gre.<img loading=\"lazy\" decoding=\"async\" class=\"alignnone wp-image-1772 size-full\" src=\"https:\/\/luxpowertek.com\/wp-content\/uploads\/2021\/12\/4-2.png\" alt=\"\" width=\"553\" height=\"214\" srcset=\"https:\/\/luxpowertek.com\/wp-content\/uploads\/2021\/12\/4-2.png 553w, https:\/\/luxpowertek.com\/wp-content\/uploads\/2021\/12\/4-2-300x116.png 300w\" sizes=\"auto, (max-width: 553px) 100vw, 553px\" \/><\/p>\n<h3><span style=\"color: #63ad82\"><strong>6. k\u00e9rd\u00e9s: Mit tehetek, ha megv\u00e1ltoztatom a wifi router jelszav\u00e1t?<\/strong><\/span><\/h3>\n<p><strong><b>V: <\/b><\/strong>K\u00e9rj\u00fck, hivatkozzon <strong><b>Monitorrendszer be\u00e1ll\u00edt\u00e1sa forgalmaz\u00f3k sz\u00e1m\u00e1ra<\/b><\/strong>&#039; vagy &#039;<strong><b>Monitorrendszer be\u00e1ll\u00edt\u00e1sa v\u00e9gfelhaszn\u00e1l\u00f3k sz\u00e1m\u00e1ra<\/b><\/strong>&#039; a wifi jelsz\u00f3 \u00fajb\u00f3li be\u00e1ll\u00edt\u00e1s\u00e1hoz.<\/p>\n<h3><span style=\"color: #63ad82\"><strong>7. k\u00e9rd\u00e9s: Hogyan tudom megv\u00e1ltoztatni a monitorrendszer jelszav\u00e1t?<\/strong><\/span><\/h3>\n<p><strong><b>V: <\/b><\/strong>Jelszav\u00e1t a server.luxpowertek.com weboldalon a \u201eKonfigur\u00e1ci\u00f3\u201d-&gt;\u201eFelhaszn\u00e1l\u00f3k\u201d-&gt;\u201eJelsz\u00f3 m\u00f3dos\u00edt\u00e1sa\u201d men\u00fcpontban m\u00f3dos\u00edthatja.<img loading=\"lazy\" decoding=\"async\" class=\"alignnone wp-image-1773 size-full\" src=\"https:\/\/luxpowertek.com\/wp-content\/uploads\/2021\/12\/5.png\" alt=\"\" width=\"554\" height=\"154\" srcset=\"https:\/\/luxpowertek.com\/wp-content\/uploads\/2021\/12\/5.png 554w, https:\/\/luxpowertek.com\/wp-content\/uploads\/2021\/12\/5-300x83.png 300w\" sizes=\"auto, (max-width: 554px) 100vw, 554px\" \/><\/p>\n<h3><span style=\"color: #63ad82\"><strong>8. k\u00e9rd\u00e9s: Hogyan friss\u00edthetem az invertereim firmware-j\u00e9t?<\/strong><\/span><\/h3>\n<p><strong><b>V:<\/b><\/strong><strong><b>\u00a0<\/b><\/strong>K\u00e9rj\u00fck, vegye fel a kapcsolatot a helyi forgalmaz\u00f3kkal a firmware friss\u00edt\u00e9s\u00e9\u00e9rt, amely ingyenes.<\/p>\n<h3><span style=\"color: #63ad82\"><strong>9. k\u00e9rd\u00e9s: Mi\u00e9rt nem lehet menteni a be\u00e1ll\u00edt\u00e1sokat a Luxpowerview alkalmaz\u00e1sban vagy weboldalon, \u00e9s mi\u00e9rt adja vissza mindig az \u201eid\u0151t\u00fall\u00e9p\u00e9s\u201d \u00fczenetet?<\/strong><\/span><\/h3>\n<p><strong><b>V:<\/b><\/strong>\u00a0K\u00e9rj\u00fck, ellen\u0151rizze a h\u00e1l\u00f3zat er\u0151ss\u00e9g\u00e9t, ezt okozhatja a WiFi modul kapcsolat\u00e1nak megszakad\u00e1sa is, ami \u201eEszk\u00f6z offline\u201d \u00fczenetet ad vissza.<\/p>\n\t\t<\/div>\n\t<\/div>\n\t\n\t<div id=\"accordion-3446861345\" class=\"accordion-item\">\n\t\t<a id=\"accordion-3446861345-label\" class=\"accordion-title plain\" href=\"#accordion-item-part-2.battery-connection-&#038;-operation\" aria-expanded=\"false\" aria-controls=\"accordion-3446861345-content\" >\n\t\t\t<button class=\"toggle\" aria-label=\"V\u00e1lt\u00e1s\"><i class=\"icon-angle-down\"><\/i><\/button>\n\t\t\t<span>2. r\u00e9sz. Akkumul\u00e1tor csatlakoztat\u00e1sa \u00e9s m\u0171k\u00f6d\u00e9se<\/span>\n\t\t<\/a>\n\t\t<div id=\"accordion-3446861345-content\" class=\"accordion-inner\" aria-labelledby=\"accordion-3446861345-label\" >\n\t\t\t\n<h3><span style=\"color: #63ad82\"><strong>1. k\u00e9rd\u00e9s: Mi\u00e9rt jelzi az inverter a k\u00f6vetkez\u0151t: \u201e\u2026\u201d<\/strong><strong>Akkumul\u00e1tor kommunik\u00e1ci\u00f3s hiba<\/strong><strong>&#039;?<\/strong><\/span><\/h3>\n<p><strong><b>V: (1)<\/b><\/strong><strong><b>\u00a0<\/b><\/strong>Ha l\u00edtium elemmel m\u0171k\u00f6dik, k\u00e9rj\u00fck, gy\u0151z\u0151dj\u00f6n meg arr\u00f3l, hogy az kompatibilis a Lux egys\u00e9gekkel (k\u00e9rj\u00fck, \u00e9rdekl\u0151dj\u00f6n a telep\u00edt\u0151n\u00e9l vagy a forgalmaz\u00f3n\u00e1l).<\/p>\n<ul>\n<li style=\"list-style-type: none\">\n<ul>\n<li>Ha az akkumul\u00e1tor kompatibilis a Lux egys\u00e9ggel, k\u00e9rj\u00fck, v\u00e1lassza ki az akkumul\u00e1tor t\u00edpus\u00e1t vagy m\u00e1rk\u00e1j\u00e1t az LCD kijelz\u0151n (Be\u00e1ll\u00edt\u00e1sok-&gt;Akkumul\u00e1tor be\u00e1ll\u00edt\u00e1sa-&gt;L\u00edtium akkumul\u00e1tor kiv\u00e1laszt\u00e1sa-&gt;Akkumul\u00e1tor m\u00e1rka kiv\u00e1laszt\u00e1sa)<\/li>\n<li>A Luxpower kartondoboz\u00e1ban tal\u00e1lhat\u00f3 k\u00e1bel a Pylontech akkumul\u00e1torhoz haszn\u00e1lhat\u00f3. Ha Pylontech akkumul\u00e1tort haszn\u00e1l, k\u00f6zvetlen\u00fcl is haszn\u00e1lhatja a k\u00e1belt. K\u00e9rj\u00fck, vegye figyelembe, hogy a k\u00e1belhez c\u00edmke van ragasztva, ne csatlakoztassa az akkumul\u00e1tor oldal\u00e1t az inverter oldal\u00e1hoz. Ha 8 darabn\u00e1l t\u00f6bb Pylontech akkumul\u00e1tort telep\u00edt, akkor egy akkumul\u00e1toreloszt\u00f3ra van sz\u00fcks\u00e9ge.<\/li>\n<\/ul>\n<\/li>\n<\/ul>\n<p>Gy\u0151z\u0151dj\u00f6n meg r\u00f3la, hogy a megfelel\u0151 kommunik\u00e1ci\u00f3s k\u00e1belt haszn\u00e1lja az akkumul\u00e1tor \u00e9s az inverter k\u00f6z\u00f6tt (a k\u00fcl\u00f6nb\u00f6z\u0151 akkumul\u00e1torokhoz k\u00fcl\u00f6nb\u00f6z\u0151 kommunik\u00e1ci\u00f3s k\u00e1belek sz\u00fcks\u00e9gesek). Az akkumul\u00e1tor kommunik\u00e1ci\u00f3s portj\u00e1nak defin\u00edci\u00f3ja az al\u00e1bbiakban l\u00e1that\u00f3:<img loading=\"lazy\" decoding=\"async\" class=\"alignnone wp-image-1778 size-full\" src=\"https:\/\/luxpowertek.com\/wp-content\/uploads\/2021\/12\/6.png\" alt=\"\" width=\"554\" height=\"278\" srcset=\"https:\/\/luxpowertek.com\/wp-content\/uploads\/2021\/12\/6.png 554w, https:\/\/luxpowertek.com\/wp-content\/uploads\/2021\/12\/6-300x151.png 300w\" sizes=\"auto, (max-width: 554px) 100vw, 554px\" \/><\/p>\n<ul>\n<li>K\u00e9rj\u00fck, ne felejtse el a f\u0151 akkumul\u00e1tort az inverterhez csatlakoztatni, ha akkumul\u00e1torcsoporttal rendelkezik, \u00e9s \u00e1ll\u00edtsa be a f\u0151 akkumul\u00e1tort az akkumul\u00e1torcsoportnak megfelel\u0151en. (K\u00e9rj\u00fck, vegye fel a kapcsolatot az akkumul\u00e1tor gy\u00e1rt\u00f3j\u00e1val az akkumul\u00e1torcsoport be\u00e1ll\u00edt\u00e1s\u00e1hoz.)<\/li>\n<\/ul>\n<h3><span style=\"color: #63ad82\"><strong>2. k\u00e9rd\u00e9s: Hogyan v\u00e1laszthatom ki az akkumul\u00e1tor m\u00e1rk\u00e1j\u00e1t?<\/strong><\/span><\/h3>\n<p>Az akkumul\u00e1tort LCD-n vagy weboldalon (forgalmaz\u00f3kn\u00e1l) is be\u00e1ll\u00edthatja. K\u00e9rj\u00fck, tekintse meg a felhaszn\u00e1l\u00f3i k\u00e9zik\u00f6nyvet az akkumul\u00e1tor be\u00e1ll\u00edt\u00e1s\u00e1hoz \u00e9s az akkumul\u00e1tor m\u00e1rk\u00e1j\u00e1nak kiv\u00e1laszt\u00e1s\u00e1hoz.<\/p>\n<h3><span style=\"color: #63ad82\"><strong>3. k\u00e9rd\u00e9s: Mi\u00e9rt jelzi ki az inverter? <\/strong><strong>&#039;<\/strong><strong>Akkumul\u00e1tor meghib\u00e1sod\u00e1sa<\/strong><strong>&#039;<\/strong><strong>\u00a0?<\/strong><\/span><\/h3>\n<p>Az inverter akkumul\u00e1torhib\u00e1t jelez, ha az akkumul\u00e1tor nem t\u00f6lthet\u0151 vagy mer\u00fcl le. K\u00e9rj\u00fck, vegye fel a kapcsolatot az akkumul\u00e1tor sz\u00e1ll\u00edt\u00f3j\u00e1val a probl\u00e9ma kider\u00edt\u00e9se \u00e9rdek\u00e9ben.<\/p>\n<h3><span style=\"color: #63ad82\"><strong>4. k\u00e9rd\u00e9s: Mi\u00e9rt jelenik meg a rendszerben a \u201eb\u201d \u00e9rt\u00e9k?<\/strong><strong>akkumul\u00e1tor szakad\u00e1s figyelmeztet\u00e9s<\/strong><strong>?<\/strong><\/span><\/h3>\n<ul>\n<li>Ellen\u0151rizd, hogy az akkumul\u00e1tor csatlakoz\u00e1sa ford\u00edtott-e.<\/li>\n<li>Javasoljuk, hogy multim\u00e9terrel m\u00e9rje meg az akkumul\u00e1tor fesz\u00fclts\u00e9g\u00e9t az inverterhez val\u00f3 csatlakoztat\u00e1s el\u0151tt (bemeneti fesz\u00fclts\u00e9gtartom\u00e1ny 40-60V), k\u00e9rj\u00fck, figyeljen az akkumul\u00e1tor polarit\u00e1s\u00e1ra.<\/li>\n<li>Miut\u00e1n ellen\u0151rizte, hogy az akkumul\u00e1tor kimeneti fesz\u00fclts\u00e9ge norm\u00e1lis-e, ellen\u0151rizze, hogy az inverter \u00e9s az akkumul\u00e1tor k\u00f6z\u00f6tti megszak\u00edt\u00f3 z\u00e1rva van-e.<\/li>\n<\/ul>\n<h3><span style=\"color: #63ad82\"><strong>5. k\u00e9rd\u00e9s: Mi\u00e9rt nem l\u00e1that\u00f3 az akkumul\u00e1tor fesz\u00fclts\u00e9ge \u00e9s a SOC \u00e9rt\u00e9ke, b\u00e1r csatlakoztattam az akkumul\u00e1tort az inverterhez?<\/strong><\/span><\/h3>\n<p><strong><b>V: <\/b><\/strong>L\u00edtium akkumul\u00e1tor haszn\u00e1lata eset\u00e9n ellen\u0151rizze, hogy nincs-e kommunik\u00e1ci\u00f3s hiba az inverter \u00e9s az akkumul\u00e1tor k\u00f6z\u00f6tt. \u00d3lom-savas akkumul\u00e1tor haszn\u00e1lata eset\u00e9n ellen\u0151rizze az akkumul\u00e1tor be\u00e1ll\u00edt\u00e1sait, \u00e9s v\u00e1ltson \u00f3lom-savas \u00fczemm\u00f3dra.<\/p>\n<h3><span style=\"color: #63ad82\"><strong>6. k\u00e9rd\u00e9s: Milyen param\u00e9tert kell be\u00e1ll\u00edtanom az \u00f3lom-savas akkumul\u00e1torhoz?<\/strong><\/span><\/h3>\n<p><strong>V: <\/strong>Az \u00f3lomakkumul\u00e1torok eset\u00e9ben h\u00e1rom fokozat l\u00e9tezik. T\u00f6lt\u00e9shez \u00e1ll\u00edtsa be a CV (egyenfesz\u00fclts\u00e9g) \u00e9s a cseppt\u00f6lt\u00e9si fesz\u00fclts\u00e9get. Kis\u00fct\u00e9shez \u00e1ll\u00edtsa be a kis\u00fct\u00e9s kikapcsol\u00e1si fesz\u00fclts\u00e9g\u00e9t h\u00e1l\u00f3zatra kapcsolt \u00e9s h\u00e1l\u00f3zaton k\u00edv\u00fcli \u00fczemm\u00f3dban.<img loading=\"lazy\" decoding=\"async\" class=\"alignnone wp-image-1780 size-full\" src=\"https:\/\/luxpowertek.com\/wp-content\/uploads\/2021\/12\/7.png\" alt=\"\" width=\"554\" height=\"190\" srcset=\"https:\/\/luxpowertek.com\/wp-content\/uploads\/2021\/12\/7.png 554w, https:\/\/luxpowertek.com\/wp-content\/uploads\/2021\/12\/7-300x103.png 300w\" sizes=\"auto, (max-width: 554px) 100vw, 554px\" \/><\/p>\n<h3><span style=\"color: #63ad82\"><strong>7. k\u00e9rd\u00e9s: Mi\u00e9rt nem mer\u00fcl le az akkumul\u00e1tor, amikor van h\u00e1l\u00f3zat, m\u00edg h\u00e1l\u00f3zat n\u00e9lk\u00fcl norm\u00e1lisan lemer\u00fcl?<\/strong><\/span><\/h3>\n<p><strong><b>V: <\/b><\/strong>Ez a probl\u00e9ma \u00f6sszef\u00fcgg a<\/p>\n<ul>\n<li>Kis\u00fct\u00e9si hat\u00e1r\u00e9rt\u00e9k \u00e9s kis\u00fct\u00e9si \u00f3r\u00e1k be\u00e1ll\u00edt\u00e1sa.<\/li>\n<\/ul>\n<p>H\u00e1l\u00f3zat el\u00e9rhet\u0151: Az akkumul\u00e1tor lemer\u00fcl, ha 100% \u2265 SOC <strong><b>&gt; <\/b><\/strong>H\u00e1l\u00f3zati kis\u00fct\u00e9si hat\u00e1r\u00e9rt\u00e9k (vagy BMS korl\u00e1toz\u00e1s) H\u00e1l\u00f3zat nem el\u00e9rhet\u0151: Az akkumul\u00e1tor lemer\u00fcl, ha 100% \u2265 SOC \uff1e h\u00e1l\u00f3zaton k\u00edv\u00fcli kis\u00fct\u00e9si hat\u00e1r\u00e9rt\u00e9k (vagy BMS korl\u00e1toz\u00e1s)<\/p>\n<ul>\n<li>A rendszer nem fog lemer\u00fclni, ha a be\u00e1ll\u00edt\u00e1si id\u0151pontban enged\u00e9lyezi a h\u00e1l\u00f3zati t\u00f6lt\u00e9st.<\/li>\n<\/ul>\n<h3><span style=\"color: #63ad82\"><strong>8. k\u00e9rd\u00e9s: Mi\u00e9rt nincs kimenet, ha a h\u00e1l\u00f3zat nem el\u00e9rhet\u0151, \u00e9s az akkumul\u00e1tor energi\u00e1ja elegend\u0151?<\/strong><\/span><\/h3>\n<p><strong><b>V: <\/b><\/strong>A biztons\u00e1gi ment\u00e9s funkci\u00f3t enged\u00e9lyezni kell az alkalmaz\u00e1sban vagy a weboldalon. Az EPS funkci\u00f3 enged\u00e9lyez\u00e9se el\u0151tt ellen\u0151rizze, hogy a monitorrendszerben \u201ek\u00e9szenl\u00e9ti\u201d \u00fczemm\u00f3dra van-e \u00e1ll\u00edtva.<\/p>\n<h3><span style=\"color: #63ad82\"><strong>9. k\u00e9rd\u00e9s: Mi\u00e9rt ugrik a SOC hirtelen 100%-re vagy 0%-re? (\u00d3lom-savas akkumul\u00e1tor)<\/strong><\/span><\/h3>\n<p><strong><b>V:<\/b><\/strong>\u00a0Amikor az inverter t\u00f6lt\u00e9s m\u00f3dban m\u0171k\u00f6dik \u00f3lom-savas akkumul\u00e1torral, \u00e9s az akkumul\u00e1tor megszak\u00edt\u00f3j\u00e1t elfelejtik bekapcsolni, \u00e9s a t\u00f6lt\u00e9si teljes\u00edtm\u00e9ny majdnem nulla, akkor az inverter azt hiszi, hogy teljesen fel van t\u00f6ltve, \u00e9s a SOC-t 100%-re \u00e1ll\u00edtja. Amikor az inverter kis\u00fct\u00e9s m\u00f3dban m\u0171k\u00f6dik, \u00e9s az akkumul\u00e1tor megszak\u00edt\u00f3j\u00e1t elfelejtik bekapcsolni, \u00e9s nincs el\u00e9g energia a kis\u00fct\u00e9shez, \u00e9s az akkumul\u00e1tor fesz\u00fclts\u00e9ge gyorsan cs\u00f6kken, akkor az inverter azt hiszi, hogy az akkumul\u00e1tor energi\u00e1ja lemer\u00fclt, \u00e9s a SOC-t 0%-re \u00e1ll\u00edtja. Ind\u00edtsa \u00fajra az invertert a SOC vissza\u00e1ll\u00edt\u00e1s\u00e1hoz.<\/p>\n<h3><span style=\"color: #63ad82\"><strong>10. k\u00e9rd\u00e9s: Mi\u00e9rt nem t\u00f6lt\u0151dik az akkumul\u00e1tor, annak ellen\u00e9re, hogy a napelemes rendszer elegend\u0151, \u00e9s a t\u00f6lt\u00f6tts\u00e9gi szint (SOC) nem \u00e9ri el a 100% \u00e9rt\u00e9ket? (\u00d3lom-savas akkumul\u00e1tor)<\/strong><\/span><\/h3>\n<p><strong><b>V:<\/b><\/strong>\u00a0A r\u00e9gi firmware-ek (2020\/12 el\u0151ttiek) eset\u00e9ben az \u00f3lomakkumul\u00e1torok t\u00f6lt\u00e9s\u00e9nek k\u00e9t szakasza van. Miut\u00e1n az akkumul\u00e1tor teljesen felt\u00f6lt\u00f6tt (r\u00f6vid id\u0151n bel\u00fcl a be\u00e1ll\u00edtott fesz\u00fclts\u00e9gre), a rendszer nem t\u00f6lti az akkumul\u00e1tort, am\u00edg az akkumul\u00e1tor fesz\u00fclts\u00e9ge 50 V al\u00e1 nem cs\u00f6kken, vagy a kis\u00fct\u00e9si teljes\u00edtm\u00e9ny meg nem t\u00f6rt\u00e9nik. Az \u00faj firmware-ek eset\u00e9ben h\u00e1rom szakasz lesz, \u00e9s a felhaszn\u00e1l\u00f3k be\u00e1ll\u00edthatj\u00e1k a CV t\u00f6lt\u00e9si fesz\u00fclts\u00e9get \u00e9s a cseppt\u00f6lt\u00e9si fesz\u00fclts\u00e9get. Az akkumul\u00e1tor 100%-re t\u00f6lt\u0151dik. Ha b\u00e1rmilyen probl\u00e9m\u00e1ja van az \u00f3lomakkumul\u00e1tor r\u00e9gi firmware-rel t\u00f6rt\u00e9n\u0151 haszn\u00e1latakor, k\u00e9rj\u00fck, vegye fel a kapcsolatot a Luxpowerrel a firmware friss\u00edt\u00e9s\u00e9hez.<\/p>\n<h3><span style=\"color: #63ad82\"><strong>11. k\u00e9rd\u00e9s: Mi\u00e9rt esik le az akkumul\u00e1tor fesz\u00fclts\u00e9ge an\u00e9lk\u00fcl, hogy b\u00e1rmilyen kis\u00fct\u00e9s t\u00f6rt\u00e9nne? Mi\u00e9rt 52V az akkumul\u00e1tor fesz\u00fclts\u00e9ge a 15% SOC-n\u00e1l? (\u00d3lom-savas)<\/strong><\/span><\/h3>\n<p><strong><b>V: <\/b><\/strong>Az \u00f3lomakkumul\u00e1torok t\u00f6lt\u00f6tts\u00e9gi szintj\u00e9nek (SOC) kisz\u00e1m\u00edt\u00e1sa nem pontos. Neh\u00e9z pontos Volt-SOC g\u00f6rb\u00e9t rajzolni, mivel a fesz\u00fclts\u00e9g t\u00f6lt\u00e9s \u00e9s kis\u00fct\u00e9s k\u00f6zben sokat v\u00e1ltozik. Ez\u00e9rt \u00f3lomakkumul\u00e1torok eset\u00e9n k\u00e9rj\u00fck, a fesz\u00fclts\u00e9gszintre \u00f6sszpontos\u00edtson.<\/p>\n<h3><span style=\"color: #63ad82\"><strong>12. k\u00e9rd\u00e9s: Mi\u00e9rt nem mer\u00fcl le az akkumul\u00e1tor teljes energi\u00e1val, annak ellen\u00e9re, hogy a teljes\u00edtm\u00e9nykorl\u00e1t 100%? (l\u00edtium)<\/strong><\/span><\/h3>\n<p><strong><b>V:<\/b><\/strong>\u00a0A t\u00f6lt\u00e9si\/kis\u00fct\u00e9si teljes\u00edtm\u00e9nyt mind az inverter, mind a BMS korl\u00e1tozza. P\u00e9ld\u00e1ul az inverter kis\u00fct\u00e9si teljes\u00edtm\u00e9nykorl\u00e1tja 3000 W, \u00e9s csak k\u00e9t US2000-es Pylon van az inverterhez csatlakoztatva, \u00edgy a BMS \u00e1ltal korl\u00e1tozott cs\u00facs kis\u00fct\u00e9si \u00e1ram 25 A * 2 = 50 A, teh\u00e1t a rendszer maxim\u00e1lis kis\u00fct\u00e9si teljes\u00edtm\u00e9nye k\u00f6r\u00fclbel\u00fcl 50 V * 50 A = 2500 W.<\/p>\n\t\t<\/div>\n\t<\/div>\n\t\n\t<div id=\"accordion-3470170976\" class=\"accordion-item\">\n\t\t<a id=\"accordion-3470170976-label\" class=\"accordion-title plain\" href=\"#accordion-item-part-3.-about-lux-unit-operation\" aria-expanded=\"false\" aria-controls=\"accordion-3470170976-content\" >\n\t\t\t<button class=\"toggle\" aria-label=\"V\u00e1lt\u00e1s\"><i class=\"icon-angle-down\"><\/i><\/button>\n\t\t\t<span>3. r\u00e9sz. A Lux egys\u00e9g m\u0171k\u00f6d\u00e9s\u00e9r\u0151l<\/span>\n\t\t<\/a>\n\t\t<div id=\"accordion-3470170976-content\" class=\"accordion-inner\" aria-labelledby=\"accordion-3470170976-label\" >\n\t\t\t\n<h3><span style=\"color: #63ad82\"><strong>1. k\u00e9rd\u00e9s: Mi\u00e9rt adja vissza az alkalmaz\u00e1s vagy a szerver a k\u00f6vetkez\u0151t? <\/strong><strong>&#039;<\/strong><strong>A m\u0171velet sikertelen volt, hibak\u00f3d: 3<\/strong><strong>&#039;<\/strong><strong>\u00a0minden alkalommal, amikor megpr\u00f3b\u00e1lom enged\u00e9lyezni <\/strong><strong>&#039;<\/strong><strong>Biztons\u00e1gi ment\u00e9s funkci\u00f3<\/strong><strong>&#039;<\/strong><strong>\u00a0?<\/strong><\/span><\/h3>\n<p><strong><b>V: <\/b><\/strong>A \u201eBiztons\u00e1gi ment\u00e9s\u201d funkci\u00f3 csak akkor \u00e1ll\u00edthat\u00f3 vissza, ha az inverter k\u00e9szenl\u00e9ti \u00e1llapotban van, ez\u00e9rt el\u0151sz\u00f6r a \u201eK\u00e9szenl\u00e9t\u201d m\u00f3dot kell be\u00e1ll\u00edtani, majd enged\u00e9lyezni\/letiltani a \u201eBiztons\u00e1gi ment\u00e9s\u201d funkci\u00f3t, \u00e9s az inverter bak-j\u00e1t \u201eNorm\u00e1l\u201d m\u00f3dra kell \u00e1ll\u00edtani.<\/p>\n<h3><span style=\"color: #63ad82\"><strong>2. k\u00e9rd\u00e9s: Mi\u00e9rt mer\u00edt le az akkumul\u00e1tor t\u00falzott energi\u00e1t a h\u00e1l\u00f3zatba, vagy haszn\u00e1lja a h\u00e1l\u00f3zati energi\u00e1t, annak ellen\u00e9re, hogy az akkumul\u00e1tor k\u00e9pes lemer\u00fclni \u00f6nkiszolg\u00e1l\u00f3 m\u00f3dban?<\/strong><\/span><\/h3>\n<p><strong><b>V:<\/b><\/strong>\u00a0A terhel\u00e9sfogyaszt\u00e1s hirtelen v\u00e1ltoz\u00e1sa azt eredm\u00e9nyezi, hogy az energia a h\u00e1l\u00f3zatba ker\u00fcl vagy onnan import\u00e1l\u00f3dik, \u00e9s az akkumul\u00e1tor 1-2 m\u00e1sodpercen bel\u00fcl a v\u00e1ltoz\u00e1s \u00e9szlel\u00e9se ut\u00e1n megkezdi a terhel\u00e9sek kompenz\u00e1l\u00e1s\u00e1t a megfelel\u0151 teljes\u00edtm\u00e9nnyel. Az inverter a k\u00fcls\u0151 CT-n kereszt\u00fcl \u00e9rz\u00e9keli a terhel\u00e9sv\u00e1ltoz\u00e1st, \u00e9s 500 milliszekundumos k\u00e9sleltet\u00e9ssel reag\u00e1l. P\u00e9ld\u00e1ul, ha a kiegyenl\u00edtett terhel\u00e9sfogyaszt\u00e1s 300 W, az akkumul\u00e1tor pedig 300 W-ot mer\u00edt a terhel\u00e9sek kompenz\u00e1l\u00e1s\u00e1ra, de ha a terhel\u00e9sfogyaszt\u00e1s hirtelen 170 W-ra v\u00e1ltozik, a felesleges energia (300-170 = 130 W) egy pillanatban bet\u00e1pl\u00e1l\u00f3dik a h\u00e1l\u00f3zatba. Ehelyett, ha a kiegyenl\u00edtett terhel\u00e9sfogyaszt\u00e1s 170 W, \u00e9s hirtelen 300 W-ra v\u00e1ltozik, akkor a felesleges energia (170-300 = -130 W) egy pillanatban a h\u00e1l\u00f3zatb\u00f3l ker\u00fcl kivon\u00e1sra, \u00e9s az akkumul\u00e1tor a kompenz\u00e1ci\u00f3t egy m\u00e1sik egyens\u00faly el\u00e9r\u00e9s\u00e9hez igaz\u00edtja.<\/p>\n<h3><span style=\"color: #63ad82\"><strong>3. k\u00e9rd\u00e9s: Mi a k\u00fcl\u00f6nbs\u00e9g az \u00f6nkiszolg\u00e1l\u00f3 m\u00f3d, a t\u00f6lt\u00e9si priorit\u00e1s m\u00f3d \u00e9s az utols\u00f3 t\u00f6lt\u00e9s m\u00f3d k\u00f6z\u00f6tt?<\/strong><\/span><\/h3>\n<p><strong><b>V:<\/b><\/strong>Ezek a m\u0171k\u00f6d\u00e9si m\u00f3dok a fotovoltaikus energiagazd\u00e1lkod\u00e1sra szolg\u00e1lnak. A Lux egys\u00e9g alap\u00e9rtelmez\u00e9s szerint \u00f6nkiszolg\u00e1l\u00f3 m\u00f3dban fog m\u0171k\u00f6dni.<\/p>\n<ol>\n<li>\u00d6nkiszolg\u00e1l\u00f3 m\u00f3d: a fotovoltaikus energiagazd\u00e1lkod\u00e1s priorit\u00e1sa a k\u00f6vetkez\u0151: A terhel\u00e9s fogyaszt\u00e1s\u00e1nak kompenz\u00e1l\u00e1sa &gt; Az akkumul\u00e1tor t\u00f6lt\u00e9se &gt; H\u00e1l\u00f3zatra val\u00f3 bet\u00e1pl\u00e1l\u00e1s.<\/li>\n<li>T\u00f6lt\u00e9si priorit\u00e1s m\u00f3d: Ha nem szeretn\u00e9, hogy az akkumul\u00e1tor nappal lemer\u00fclj\u00f6n, enged\u00e9lyezheti a \u201et\u00f6lt\u00e9si priorit\u00e1st\u201d a t\u00f6lt\u00e9si \u00f3r\u00e1kon bel\u00fcl, adott teljes\u00edtm\u00e9nykorl\u00e1toz\u00e1ssal. A fotovoltaikus energiagazd\u00e1lkod\u00e1s priorit\u00e1sa a k\u00f6vetkez\u0151: Akkumul\u00e1tor t\u00f6lt\u00e9se &gt; A terhel\u00e9s fogyaszt\u00e1s\u00e1nak kompenz\u00e1l\u00e1sa &gt; H\u00e1l\u00f3zatra val\u00f3 bet\u00e1pl\u00e1l\u00e1s.<\/li>\n<li>Utols\u00f3 t\u00f6lt\u00e9s m\u00f3d: Ha egy kis kapacit\u00e1s\u00fa akkumul\u00e1tort csatlakoztat egy nagy teljes\u00edtm\u00e9ny\u0171 fotovoltaikus rendszerhez, \u00e9s a felesleges energia j\u00f3 \u00e1ron \u00e9rt\u00e9kes\u00edthet\u0151 a h\u00e1l\u00f3zatba, akkor az akkumul\u00e1tort addig t\u00f6ltheti, am\u00edg a fotovoltaikus termel\u00e9s meg nem haladja a be\u00e1ll\u00edtott \u00e9rt\u00e9ket. A fotovoltaikus energiagazd\u00e1lkod\u00e1s priorit\u00e1sa a k\u00f6vetkez\u0151: Kompenz\u00e1lja a terhel\u00e9sfogyaszt\u00e1st &gt; Bet\u00e1pl\u00e1l\u00e1s a h\u00e1l\u00f3zatba &gt; Az akkumul\u00e1tor t\u00f6lt\u00e9se.<\/li>\n<\/ol>\n<h3><span style=\"color: #63ad82\"><strong>4. k\u00e9rd\u00e9s: M\u0171k\u00f6dhet-e a Luxpower tiszt\u00e1n h\u00e1l\u00f3zaton k\u00edv\u00fcli alkalmaz\u00e1sban?<\/strong><\/span><\/h3>\n<p><strong><b>V:<\/b><\/strong>\u00a0Igen, a Luxpower inverter t\u00e1mogatja a szigetek tiszta, h\u00e1l\u00f3zaton k\u00edv\u00fcli m\u0171k\u00f6d\u00e9s\u00e9t, \u00e9s a standard garanciaid\u0151 5 \u00e9v.<\/p>\n<h3><span style=\"color: #63ad82\"><strong>5. k\u00e9rd\u00e9s: M\u0171k\u00f6dhet-e a Luxpower inverter h\u00e1romf\u00e1zis\u00fa rendszerben vagy h\u00e1romf\u00e1zis\u00fa m\u00e9r\u0151\u00f3r\u00e1val?<\/strong><\/span><\/h3>\n<p><strong><b>V:<\/b><\/strong>\u00a0Igen, a Luxpower inverter h\u00e1romf\u00e1zis\u00fa m\u00e9r\u0151\u00f3r\u00e1val is m\u0171k\u00f6dik, \u00e9s biztos\u00edtja a m\u00e1sik k\u00e9t f\u00e1zis \u00e1ramell\u00e1t\u00e1s\u00e1t, valamint kompenz\u00e1lja a m\u00e1sik k\u00e9t f\u00e1zist. P\u00e9ld\u00e1ul: A f\u00e1zis terhel\u00e9se: 500 W, B f\u00e1zis terhel\u00e9se: 600 W, C f\u00e1zis terhel\u00e9se: 700 W, akkor az inverter 500 + 600 + 700 = 1800 W teljes\u00edtm\u00e9nyt ad le az A f\u00e1zisban. Egyes orsz\u00e1gokban az A f\u00e1zis export\u00e1lt teljes\u00edtm\u00e9nye kompenz\u00e1lja a B \u00e9s a C f\u00e1zis k\u00f6lts\u00e9g\u00e9t, ez\u00e9rt k\u00e9rj\u00fck, vegye fel a kapcsolatot az energiaszolg\u00e1ltat\u00f3val, miel\u0151tt h\u00e1romf\u00e1zis\u00fa m\u00e9r\u0151\u00f3r\u00e1t telep\u00edt.<\/p>\n<h3><span style=\"color: #63ad82\"><strong>6. k\u00e9rd\u00e9s: Hogyan tarthatom meg az akkumul\u00e1tor kapacit\u00e1s\u00e1t h\u00e1l\u00f3zaton terhel\u00e9scs\u00f6kkent\u00e9s eset\u00e9n?\u00a0<\/strong><\/span><\/h3>\n<p>V: Enged\u00e9lyezheti a t\u00f6lt\u00e9si priorit\u00e1st a monitorrendszerben, \u00edgy a napelemes rendszer el\u0151sz\u00f6r az akkumul\u00e1tor t\u00f6lt\u00e9s\u00e9re fog szolg\u00e1lni, az akkumul\u00e1tor nem mer\u00fcl le a terhel\u00e9scs\u00f6kkent\u00e9sig. Ez a funkci\u00f3 olyan ter\u00fcleteken haszn\u00e1lhat\u00f3, ahol mindig van terhel\u00e9scs\u00f6kkent\u00e9s.<\/p>\n\t\t<\/div>\n\t<\/div>\n\t\n\t<div id=\"accordion-458828991\" class=\"accordion-item\">\n\t\t<a id=\"accordion-458828991-label\" class=\"accordion-title plain\" href=\"#accordion-item-part-4.-generator-connection\" aria-expanded=\"false\" aria-controls=\"accordion-458828991-content\" >\n\t\t\t<button class=\"toggle\" aria-label=\"V\u00e1lt\u00e1s\"><i class=\"icon-angle-down\"><\/i><\/button>\n\t\t\t<span>4. r\u00e9sz. Gener\u00e1tor csatlakoztat\u00e1sa<\/span>\n\t\t<\/a>\n\t\t<div id=\"accordion-458828991-content\" class=\"accordion-inner\" aria-labelledby=\"accordion-458828991-label\" >\n\t\t\t\n<h3><span style=\"color: #63ad82\"><strong>1. k\u00e9rd\u00e9s: M\u0171k\u00f6dhetnek-e a Lux egys\u00e9gek gener\u00e1torr\u00f3l a k\u00f6z\u00fczemi h\u00e1l\u00f3zat helyett?<\/strong><\/span><\/h3>\n<p><strong><b>V:<\/b><\/strong>\u00a0Igen, minden lux egys\u00e9g t\u00e1mogatja a gener\u00e1tor funkci\u00f3t<\/p>\n<h3><span style=\"color: #63ad82\"><strong>2. k\u00e9rd\u00e9s: Hogyan csatlakoztathatom a gener\u00e1tort a Lux egys\u00e9gekhez?<\/strong><\/span><\/h3>\n<p><strong><b>V:<\/b><\/strong>\u00a0A gener\u00e1tor kimenet\u00e9t az inverter h\u00e1l\u00f3zati csatlakoz\u00f3j\u00e1hoz csatlakoztathatja. Ha h\u00e1l\u00f3zati \u00e9s gener\u00e1tor bemenete is van, akkor k\u00fcls\u0151 ATS-re van sz\u00fcks\u00e9ge.<\/p>\n<h3><span style=\"color: #63ad82\"><strong>3. k\u00e9rd\u00e9s: Mit kell m\u00e9g tennem a gener\u00e1tor csatlakoztat\u00e1sa ut\u00e1n?<\/strong><\/span><\/h3>\n<p><strong>V: <\/strong>A gener\u00e1tor Lux egys\u00e9ghez val\u00f3 csatlakoztat\u00e1sa k\u00f6zben enged\u00e9lyeznie kell a \u201eMicro-grid\u201d funkci\u00f3t az alkalmaz\u00e1son vagy a weboldalon kereszt\u00fcl. Az akkumul\u00e1tor t\u00f6lt\u0151dik, amikor a gener\u00e1tor be van kapcsolva.<\/p>\n<h3><span style=\"color: #63ad82\"><strong>4. k\u00e9rd\u00e9s: Ir\u00e1ny\u00edthatom a gener\u00e1tort az inverterrel?<\/strong><\/span><\/h3>\n<p><strong><b>V: <\/b><\/strong>\u00a0Igen, k\u00fcls\u0151 vez\u00e9rl\u0151dobozra van sz\u00fcks\u00e9g (k\u00e9rj\u00fck, \u00e9rdekl\u0151dj\u00f6n a telep\u00edt\u0151n\u00e9l vagy a forgalmaz\u00f3n\u00e1l, ha sz\u00fcks\u00e9ges), \u00e9s a gener\u00e1tornak t\u00e1mogatnia kell a k\u00fcls\u0151 vez\u00e9rl\u00e9si funkci\u00f3t. A gener\u00e1tor automatikusan elindul, ha az akkumul\u00e1tor fesz\u00fclts\u00e9ge alacsonyabb a kikapcsol\u00e1si \u00e9rt\u00e9kn\u00e9l, vagy t\u00f6lt\u00e9si k\u00e9r\u00e9s van, vagy a t\u00f6lt\u00e9s le\u00e1ll\u00edt\u00e1s\u00e1ra figyelmeztet\u0151 jelz\u0151 van be\u00e1ll\u00edtva.<img loading=\"lazy\" decoding=\"async\" class=\"alignnone wp-image-1783 size-full\" src=\"https:\/\/luxpowertek.com\/wp-content\/uploads\/2021\/12\/8-1.png\" alt=\"\" width=\"554\" height=\"367\" srcset=\"https:\/\/luxpowertek.com\/wp-content\/uploads\/2021\/12\/8-1.png 554w, https:\/\/luxpowertek.com\/wp-content\/uploads\/2021\/12\/8-1-300x199.png 300w\" sizes=\"auto, (max-width: 554px) 100vw, 554px\" \/><img loading=\"lazy\" decoding=\"async\" class=\"alignnone wp-image-1784 size-full\" src=\"https:\/\/luxpowertek.com\/wp-content\/uploads\/2021\/12\/9-1.png\" alt=\"\" width=\"554\" height=\"248\" srcset=\"https:\/\/luxpowertek.com\/wp-content\/uploads\/2021\/12\/9-1.png 554w, https:\/\/luxpowertek.com\/wp-content\/uploads\/2021\/12\/9-1-300x134.png 300w\" sizes=\"auto, (max-width: 554px) 100vw, 554px\" \/><\/p>\n\t\t<\/div>\n\t<\/div>\n\t\n\t<div id=\"accordion-3423265101\" class=\"accordion-item\">\n\t\t<a id=\"accordion-3423265101-label\" class=\"accordion-title plain\" href=\"#accordion-item-part-5.-parallel-connection\" aria-expanded=\"false\" aria-controls=\"accordion-3423265101-content\" >\n\t\t\t<button class=\"toggle\" aria-label=\"V\u00e1lt\u00e1s\"><i class=\"icon-angle-down\"><\/i><\/button>\n\t\t\t<span>5. r\u00e9sz. P\u00e1rhuzamos csatlakoz\u00e1s<\/span>\n\t\t<\/a>\n\t\t<div id=\"accordion-3423265101-content\" class=\"accordion-inner\" aria-labelledby=\"accordion-3423265101-label\" >\n\t\t\t\n<h3><span style=\"color: #63ad82\"><strong>1. k\u00e9rd\u00e9s: Mi\u00e9rt jelentenek a p\u00e1rhuzamos egys\u00e9gek?<\/strong><strong>&#039;<\/strong><strong>E008 <\/strong><strong>&#039;<\/strong><strong>vagy <\/strong><strong>&#039;<\/strong><strong>E009<\/strong><strong>&#039;<\/strong><strong>\u00a0vagy <\/strong><strong>&#039;<\/strong><strong>E010<\/strong><strong>&#039;<\/strong><strong>vagy <\/strong><strong>&#039;<\/strong><strong>E011<\/strong><strong>&#039;<\/strong><strong>\u00a0vagy<\/strong><strong>&#039;<\/strong><strong>E015<\/strong><strong>&#039;<\/strong><strong>\u00a0?<\/strong><\/span><\/h3>\n<p><strong><b>V: <\/b><\/strong>K\u00e9rj\u00fck, ellen\u0151rizze<\/p>\n<ul>\n<li>Ellen\u0151rizze, hogy a CAN k\u00e1bel a megfelel\u0151 COM porthoz van-e csatlakoztatva.<\/li>\n<li>Ellen\u0151rizze a master\/slave r\u00e9sz p\u00e1rhuzamos be\u00e1ll\u00edt\u00e1s\u00e1t. A rendszerben csak egy masternek kell lennie, az \u00f6sszes t\u00f6bbinek slave-nek. A master vagy slave be\u00e1ll\u00edt\u00e1sokat az LCD kijelz\u0151n vagy a weboldalon v\u00e9gezheti el.<\/li>\n<li>Ellen\u0151rizze, hogy a kiegyenl\u00edt\u0151 ellen\u00e1ll\u00e1s be van-e kapcsolva a kommunik\u00e1ci\u00f3s hurok elej\u00e9n \u00e9s v\u00e9g\u00e9n.<\/li>\n<li>Egyf\u00e1zis\u00fa rendszer eset\u00e9n ellen\u0151rizze, hogy az \u00f6sszes \u201eGrid\u201d portot ugyanarra a f\u00e1zisra k\u00f6t\u00f6tte-e p\u00e1rhuzamosan, \u00e9s hogy az egyes portok \u201eL\u201d \u00e9s \u201eN\u201d vonala ne legyen felcser\u00e9lve, valamint ellen\u0151rizze, hogy az \u201eegyf\u00e1zis\u00fa master\u201d van-e kiv\u00e1lasztva. H\u00e1romf\u00e1zis\u00fa rendszer eset\u00e9n minden f\u00e1zishoz legal\u00e1bb egy Lux egys\u00e9gnek kell tartoznia, \u00e9s ellen\u0151rizze, hogy a \u201eh\u00e1romf\u00e1zis\u00fa master\u201d van-e kiv\u00e1lasztva.<\/li>\n<li>Ha a fenti adatok mindegyike helyes, \u00e9s tov\u00e1bbra is az \u201eE015\u201d hibak\u00f3d l\u00e1that\u00f3, pr\u00f3b\u00e1lja meg minden Lux egys\u00e9ghez be\u00e1ll\u00edtani a \u201e\u00c9szletelt f\u00e1zisok t\u00f6rl\u00e9se\u201d funkci\u00f3t.<\/li>\n<\/ul>\n<p><img loading=\"lazy\" decoding=\"async\" class=\"alignnone wp-image-1786 size-full\" src=\"https:\/\/luxpowertek.com\/wp-content\/uploads\/2021\/12\/10-3.png\" alt=\"\" width=\"554\" height=\"53\" srcset=\"https:\/\/luxpowertek.com\/wp-content\/uploads\/2021\/12\/10-3.png 554w, https:\/\/luxpowertek.com\/wp-content\/uploads\/2021\/12\/10-3-300x29.png 300w\" sizes=\"auto, (max-width: 554px) 100vw, 554px\" \/>A p\u00e1rhuzamos kommunik\u00e1ci\u00f3s k\u00e1bel csatlakoztat\u00e1s\u00e1hoz k\u00e9rj\u00fck, olvassa el a \u201eP\u00e1rhuzamos csatlakoz\u00e1si \u00fatmutat\u00f3\u201d c\u00edm\u0171 r\u00e9szt.<\/p>\n<h3><span style=\"color: #63ad82\"><strong>2. k\u00e9rd\u00e9s: Mi\u00e9rt?<\/strong><strong>n<\/strong><strong>n<\/strong><strong>&#039;<\/strong><strong>Minden egyes egys\u00e9get figyelek, b\u00e1r a megfelel\u0151 jelsz\u00f3t \u00e1ll\u00edtottam be \u00e9s az \u00f6sszes adatnapl\u00f3t hozz\u00e1adtam a monitorrendszerhez?<\/strong><\/span><\/h3>\n<p><strong><b>V: <\/b><\/strong>K\u00e9rj\u00fck, ellen\u0151rizze, hogy (1) a CAN k\u00e1bel a megfelel\u0151 COM porthoz van-e csatlakoztatva. (2) Ha a p\u00e1rhuzamos kommunik\u00e1ci\u00f3s k\u00e1belt saj\u00e1t maga k\u00e9sz\u00edtette, k\u00e9rj\u00fck, gy\u0151z\u0151dj\u00f6n meg arr\u00f3l, hogy a megfelel\u0151 k\u00e1belt k\u00e9sz\u00edtette-e, k\u00fcl\u00f6nben megszakadhat a wifi kommunik\u00e1ci\u00f3.<\/p>\n<h3><span style=\"color: #63ad82\"><strong>3. k\u00e9rd\u00e9s: A p\u00e1rhuzamos k\u00e1bel nem el\u00e9g hossz\u00fa, hogyan k\u00e9sz\u00edthetek p\u00e1rhuzamos kommunik\u00e1ci\u00f3s k\u00e1belt?<\/strong><\/span><\/h3>\n<p>PIN3 a PIN3-hoz, PIN4 a PIN4-hez. K\u00e9rj\u00fck, ne csatlakoztasson tov\u00e1bbi \u00e9rintkez\u0151ket egyetlen csatlakoz\u00f3hoz.<img loading=\"lazy\" decoding=\"async\" class=\"alignnone wp-image-1787 size-full\" src=\"https:\/\/luxpowertek.com\/wp-content\/uploads\/2021\/12\/11-1.png\" alt=\"\" width=\"554\" height=\"151\" srcset=\"https:\/\/luxpowertek.com\/wp-content\/uploads\/2021\/12\/11-1.png 554w, https:\/\/luxpowertek.com\/wp-content\/uploads\/2021\/12\/11-1-300x82.png 300w\" sizes=\"auto, (max-width: 554px) 100vw, 554px\" \/><strong><b>Vigy\u00e1zat:<\/b><\/strong>\u00a0Minden figyelmeztet\u0151 \u00e9s hibak\u00f3d befoly\u00e1solja vagy le\u00e1ll\u00edtja az inverter norm\u00e1l m\u0171k\u00f6d\u00e9s\u00e9t. K\u00e9rj\u00fck, ellen\u0151rizze a felhaszn\u00e1l\u00f3i k\u00e9zik\u00f6nyvben tal\u00e1lhat\u00f3 hibaelh\u00e1r\u00edt\u00e1si t\u00e1bl\u00e1zatot, ha az LCD kijelz\u0151n vagy a monitoroz\u00f3 oldalon megjelenik.<\/p>\n\t\t<\/div>\n\t<\/div>\n\t\n<\/div>\n\t\t<\/div>\n\t\t\t\t\t<\/div>\n\n\t\n<\/div>\n\t\t<\/div>\n\n\t\t\n<style>\n#section_841495257 {\n  padding-top: 30px;\n  padding-bottom: 30px;\n}\n<\/style>\n\t<\/section>\n\t\n\t<section class=\"section\" id=\"section_1026357279\">\n\t\t<div class=\"bg section-bg fill bg-fill  bg-loaded\" >\n\n\t\t\t\n\t\t\t\n\t\t\t\n\n\t\t<\/div>\n\n\t\t\n\n\t\t<div class=\"section-content relative\">\n\t\t\t\n<div class=\"row\"  id=\"row-452547724\">\n\n\t<div id=\"col-1578579648\" class=\"col hide-for-small medium-2 small-6 large-2\"  >\n\t\t\t\t<div class=\"col-inner\"  >\n\t\t\t\n\t\t\t\n\t\t<\/div>\n\t\t\t\t\t<\/div>\n\n\t\n\n\t<div id=\"col-98209393\" class=\"col medium-6 small-6 large-6\"  >\n\t\t\t\t<div class=\"col-inner\"  >\n\t\t\t\n\t\t\t\n<h2>M\u00e9g mindig nincsenek v\u00e1laszai? L\u00e9pjen kapcsolatba vel\u00fcnk, \u00e9s mi seg\u00edt\u00fcnk.<\/h2>\n\t\t<\/div>\n\t\t\t\t\t<\/div>\n\n\t\n\n\t<div id=\"col-245997028\" class=\"col medium-3 small-6 large-3\"  >\n\t\t\t\t<div class=\"col-inner\"  >\n\t\t\t\n\t\t\t\n<p><a class=\"button white button_green\" style=\"border-radius: 0px\" data-fancybox=\"\" data-src=\"#hidden-CF7\">L\u00e9pjen kapcsolatba vel\u00fcnk most<\/a><\/p>\n\t\t<\/div>\n\t\t\t\t\t<\/div>\n\n\t\n\n\t<div id=\"col-471560406\" class=\"col hide-for-small medium-1 small-6 large-1\"  >\n\t\t\t\t<div class=\"col-inner\"  >\n\t\t\t\n\t\t\t\n\t\t<\/div>\n\t\t\t\t\t<\/div>\n\n\t\n<\/div>\n\t\t<\/div>\n\n\t\t\n<style>\n#section_1026357279 {\n  padding-top: 30px;\n  padding-bottom: 30px;\n}\n<\/style>\n\t<\/section>\n\t\n\t<section class=\"section custom_title_buttom\" id=\"section_1841302705\">\n\t\t<div class=\"bg section-bg fill bg-fill  bg-loaded\" >\n\n\t\t\t\n\t\t\t\n\t\t\t\n\n\t\t<\/div>\n\n\t\t\n\n\t\t<div class=\"section-content relative\">\n\t\t\t\n<div class=\"row\"  id=\"row-1181402613\">\n\n\t<div id=\"col-2017676827\" class=\"col small-12 large-12\"  >\n\t\t\t\t<div class=\"col-inner text-center\"  >\n\t\t\t\n\t\t\t\n<h2>Min\u0151s\u00e9gi garancia<\/h2>\n\t\t<\/div>\n\t\t\t\t\t<\/div>\n\n\t\n<\/div>\n<div class=\"row\"  id=\"row-825195222\">\n\n\t<div id=\"col-2010817229\" class=\"col medium-6 small-12 large-6\"  >\n\t\t\t\t<div class=\"col-inner text-center\"  >\n\t\t\t\n\t\t\t\n<h3>Ellen\u0151rizze a j\u00f3t\u00e1ll\u00e1si id\u0151t<\/h3>\n<a href=\"https:\/\/server.luxpowertek.com\/WManage\/web\/warranty\/query\" class=\"button secondary\"  >\n    <span>Kattints r\u00e1m!<\/span>\n  <\/a>\n\n\t\t<\/div>\n\t\t\t\t\t<\/div>\n\n\t\n\n\t<div id=\"col-464067169\" class=\"col medium-6 small-12 large-6\"  >\n\t\t\t\t<div class=\"col-inner text-center\"  >\n\t\t\t\n\t\t\t\n<h3>Garancia regisztr\u00e1ci\u00f3<\/h3>\n<a href=\"https:\/\/server.luxpowertek.com\/WManage\/web\/warranty\/register\" class=\"button secondary\"  >\n    <span>Kattints r\u00e1m!<\/span>\n  <\/a>\n\n\t\t<\/div>\n\t\t\t\t\t<\/div>\n\n\t\n<\/div>\n\t\t<\/div>\n\n\t\t\n<style>\n#section_1841302705 {\n  padding-top: 30px;\n  padding-bottom: 30px;\n}\n<\/style>\n\t<\/section>","protected":false},"excerpt":{"rendered":"","protected":false},"author":1,"featured_media":0,"parent":0,"menu_order":0,"comment_status":"closed","ping_status":"closed","template":"page-transparent-header-light.php","meta":{"rop_custom_images_group":[],"rop_custom_messages_group":[],"rop_publish_now":"initial","rop_publish_now_accounts":[],"rop_publish_now_history":[],"rop_publish_now_status":"pending","footnotes":""},"class_list":["post-38","page","type-page","status-publish","hentry"],"yoast_head":"<!-- This site is optimized with the Yoast SEO plugin v27.3 - https:\/\/yoast.com\/product\/yoast-seo-wordpress\/ -->\n<title>Support -<\/title>\n<meta name=\"robots\" content=\"index, follow, max-snippet:-1, max-image-preview:large, max-video-preview:-1\" \/>\n<link rel=\"canonical\" href=\"https:\/\/luxpowertek.com\/hu\/tamogatas\/\" \/>\n<meta property=\"og:locale\" content=\"hu_HU\" \/>\n<meta property=\"og:type\" content=\"article\" \/>\n<meta property=\"og:title\" content=\"Support -\" \/>\n<meta property=\"og:url\" content=\"https:\/\/luxpowertek.com\/hu\/tamogatas\/\" \/>\n<meta property=\"article:publisher\" content=\"https:\/\/www.facebook.com\/LUXPOWERTEK\" \/>\n<meta property=\"article:modified_time\" content=\"2023-07-14T04:10:11+00:00\" \/>\n<meta property=\"og:image\" content=\"https:\/\/luxpowertek.com\/wp-content\/uploads\/2021\/12\/1-1.png\" \/>\n<meta name=\"twitter:card\" content=\"summary_large_image\" \/>\n<meta name=\"twitter:label1\" content=\"Est. reading time\" \/>\n\t<meta name=\"twitter:data1\" content=\"14 perc\" \/>\n<script type=\"application\/ld+json\" class=\"yoast-schema-graph\">{\"@context\":\"https:\\\/\\\/schema.org\",\"@graph\":[{\"@type\":\"WebPage\",\"@id\":\"https:\\\/\\\/luxpowertek.com\\\/es\\\/apoyo\\\/\",\"url\":\"https:\\\/\\\/luxpowertek.com\\\/es\\\/apoyo\\\/\",\"name\":\"Support -\",\"isPartOf\":{\"@id\":\"https:\\\/\\\/luxpowertek.com\\\/#website\"},\"primaryImageOfPage\":{\"@id\":\"https:\\\/\\\/luxpowertek.com\\\/es\\\/apoyo\\\/#primaryimage\"},\"image\":{\"@id\":\"https:\\\/\\\/luxpowertek.com\\\/es\\\/apoyo\\\/#primaryimage\"},\"thumbnailUrl\":\"https:\\\/\\\/luxpowertek.com\\\/wp-content\\\/uploads\\\/2021\\\/12\\\/1-1.png\",\"datePublished\":\"2020-02-06T23:03:33+00:00\",\"dateModified\":\"2023-07-14T04:10:11+00:00\",\"breadcrumb\":{\"@id\":\"https:\\\/\\\/luxpowertek.com\\\/es\\\/apoyo\\\/#breadcrumb\"},\"inLanguage\":\"hu\",\"potentialAction\":[{\"@type\":\"ReadAction\",\"target\":[\"https:\\\/\\\/luxpowertek.com\\\/es\\\/apoyo\\\/\"]}]},{\"@type\":\"ImageObject\",\"inLanguage\":\"hu\",\"@id\":\"https:\\\/\\\/luxpowertek.com\\\/es\\\/apoyo\\\/#primaryimage\",\"url\":\"https:\\\/\\\/luxpowertek.com\\\/wp-content\\\/uploads\\\/2021\\\/12\\\/1-1.png\",\"contentUrl\":\"https:\\\/\\\/luxpowertek.com\\\/wp-content\\\/uploads\\\/2021\\\/12\\\/1-1.png\"},{\"@type\":\"BreadcrumbList\",\"@id\":\"https:\\\/\\\/luxpowertek.com\\\/es\\\/apoyo\\\/#breadcrumb\",\"itemListElement\":[{\"@type\":\"ListItem\",\"position\":1,\"name\":\"Home\",\"item\":\"https:\\\/\\\/luxpowertek.com\\\/\"},{\"@type\":\"ListItem\",\"position\":2,\"name\":\"Support\"}]},{\"@type\":\"WebSite\",\"@id\":\"https:\\\/\\\/luxpowertek.com\\\/#website\",\"url\":\"https:\\\/\\\/luxpowertek.com\\\/\",\"name\":\"\",\"description\":\"\",\"publisher\":{\"@id\":\"https:\\\/\\\/luxpowertek.com\\\/#organization\"},\"potentialAction\":[{\"@type\":\"SearchAction\",\"target\":{\"@type\":\"EntryPoint\",\"urlTemplate\":\"https:\\\/\\\/luxpowertek.com\\\/?s={search_term_string}\"},\"query-input\":{\"@type\":\"PropertyValueSpecification\",\"valueRequired\":true,\"valueName\":\"search_term_string\"}}],\"inLanguage\":\"hu\"},{\"@type\":\"Organization\",\"@id\":\"https:\\\/\\\/luxpowertek.com\\\/#organization\",\"name\":\"LuxpowerTek\",\"url\":\"https:\\\/\\\/luxpowertek.com\\\/\",\"logo\":{\"@type\":\"ImageObject\",\"inLanguage\":\"hu\",\"@id\":\"https:\\\/\\\/luxpowertek.com\\\/#\\\/schema\\\/logo\\\/image\\\/\",\"url\":\"https:\\\/\\\/luxpowertek.com\\\/wp-content\\\/uploads\\\/2024\\\/08\\\/Luxpower_logo_new.webp\",\"contentUrl\":\"https:\\\/\\\/luxpowertek.com\\\/wp-content\\\/uploads\\\/2024\\\/08\\\/Luxpower_logo_new.webp\",\"width\":1030,\"height\":186,\"caption\":\"LuxpowerTek\"},\"image\":{\"@id\":\"https:\\\/\\\/luxpowertek.com\\\/#\\\/schema\\\/logo\\\/image\\\/\"},\"sameAs\":[\"https:\\\/\\\/www.facebook.com\\\/LUXPOWERTEK\"]}]}<\/script>\n<!-- \/ Yoast SEO plugin. -->","yoast_head_json":{"title":"T\u00e1mogat\u00e1s -","robots":{"index":"index","follow":"follow","max-snippet":"max-snippet:-1","max-image-preview":"max-image-preview:large","max-video-preview":"max-video-preview:-1"},"canonical":"https:\/\/luxpowertek.com\/hu\/tamogatas\/","og_locale":"hu_HU","og_type":"article","og_title":"Support -","og_url":"https:\/\/luxpowertek.com\/hu\/tamogatas\/","article_publisher":"https:\/\/www.facebook.com\/LUXPOWERTEK","article_modified_time":"2023-07-14T04:10:11+00:00","og_image":[{"url":"https:\/\/luxpowertek.com\/wp-content\/uploads\/2021\/12\/1-1.png","type":"","width":"","height":""}],"twitter_card":"summary_large_image","twitter_misc":{"Est. reading time":"14 perc"},"schema":{"@context":"https:\/\/schema.org","@graph":[{"@type":"WebPage","@id":"https:\/\/luxpowertek.com\/es\/apoyo\/","url":"https:\/\/luxpowertek.com\/es\/apoyo\/","name":"T\u00e1mogat\u00e1s -","isPartOf":{"@id":"https:\/\/luxpowertek.com\/#website"},"primaryImageOfPage":{"@id":"https:\/\/luxpowertek.com\/es\/apoyo\/#primaryimage"},"image":{"@id":"https:\/\/luxpowertek.com\/es\/apoyo\/#primaryimage"},"thumbnailUrl":"https:\/\/luxpowertek.com\/wp-content\/uploads\/2021\/12\/1-1.png","datePublished":"2020-02-06T23:03:33+00:00","dateModified":"2023-07-14T04:10:11+00:00","breadcrumb":{"@id":"https:\/\/luxpowertek.com\/es\/apoyo\/#breadcrumb"},"inLanguage":"hu","potentialAction":[{"@type":"ReadAction","target":["https:\/\/luxpowertek.com\/es\/apoyo\/"]}]},{"@type":"ImageObject","inLanguage":"hu","@id":"https:\/\/luxpowertek.com\/es\/apoyo\/#primaryimage","url":"https:\/\/luxpowertek.com\/wp-content\/uploads\/2021\/12\/1-1.png","contentUrl":"https:\/\/luxpowertek.com\/wp-content\/uploads\/2021\/12\/1-1.png"},{"@type":"BreadcrumbList","@id":"https:\/\/luxpowertek.com\/es\/apoyo\/#breadcrumb","itemListElement":[{"@type":"ListItem","position":1,"name":"Home","item":"https:\/\/luxpowertek.com\/"},{"@type":"ListItem","position":2,"name":"Support"}]},{"@type":"WebSite","@id":"https:\/\/luxpowertek.com\/#website","url":"https:\/\/luxpowertek.com\/","name":"","description":"","publisher":{"@id":"https:\/\/luxpowertek.com\/#organization"},"potentialAction":[{"@type":"SearchAction","target":{"@type":"EntryPoint","urlTemplate":"https:\/\/luxpowertek.com\/?s={search_term_string}"},"query-input":{"@type":"PropertyValueSpecification","valueRequired":true,"valueName":"search_term_string"}}],"inLanguage":"hu"},{"@type":"Organization","@id":"https:\/\/luxpowertek.com\/#organization","name":"LuxpowerTek","url":"https:\/\/luxpowertek.com\/","logo":{"@type":"ImageObject","inLanguage":"hu","@id":"https:\/\/luxpowertek.com\/#\/schema\/logo\/image\/","url":"https:\/\/luxpowertek.com\/wp-content\/uploads\/2024\/08\/Luxpower_logo_new.webp","contentUrl":"https:\/\/luxpowertek.com\/wp-content\/uploads\/2024\/08\/Luxpower_logo_new.webp","width":1030,"height":186,"caption":"LuxpowerTek"},"image":{"@id":"https:\/\/luxpowertek.com\/#\/schema\/logo\/image\/"},"sameAs":["https:\/\/www.facebook.com\/LUXPOWERTEK"]}]}},"_links":{"self":[{"href":"https:\/\/luxpowertek.com\/hu\/wp-json\/wp\/v2\/pages\/38","targetHints":{"allow":["GET"]}}],"collection":[{"href":"https:\/\/luxpowertek.com\/hu\/wp-json\/wp\/v2\/pages"}],"about":[{"href":"https:\/\/luxpowertek.com\/hu\/wp-json\/wp\/v2\/types\/page"}],"author":[{"embeddable":true,"href":"https:\/\/luxpowertek.com\/hu\/wp-json\/wp\/v2\/users\/1"}],"replies":[{"embeddable":true,"href":"https:\/\/luxpowertek.com\/hu\/wp-json\/wp\/v2\/comments?post=38"}],"version-history":[{"count":0,"href":"https:\/\/luxpowertek.com\/hu\/wp-json\/wp\/v2\/pages\/38\/revisions"}],"wp:attachment":[{"href":"https:\/\/luxpowertek.com\/hu\/wp-json\/wp\/v2\/media?parent=38"}],"curies":[{"name":"munkaf\u00fczet","href":"https:\/\/api.w.org\/{rel}","templated":true}]}}