{"id":16484,"date":"2025-11-10T08:53:46","date_gmt":"2025-11-10T00:53:46","guid":{"rendered":"https:\/\/luxpowertek.com\/?page_id=16484"},"modified":"2025-11-10T16:59:11","modified_gmt":"2025-11-10T08:59:11","slug":"intersolarsouthamerica2024-8","status":"publish","type":"page","link":"https:\/\/luxpowertek.com\/es\/intersolarsouthamerica2024-8\/","title":{"rendered":"Exposici\u00f3n de Soluciones Solares D\u00fcsseldorf 2025"},"content":{"rendered":"<div class=\"banner has-hover hide-for-medium\" id=\"banner-675291609\">\n          <div class=\"banner-inner fill\">\n        <div class=\"banner-bg fill\" >\n            <div class=\"bg fill bg-fill\"><\/div>\n                        <div class=\"overlay\"><\/div>            \n                    <\/div>\n\t\t\n        <div class=\"banner-layers container\">\n            <div class=\"fill banner-link\"><\/div>            \n   <div id=\"text-box-730652349\" class=\"text-box banner-layer x0 md-x5 lg-x80 y95 md-y100 lg-y65 res-text\">\n                                <div class=\"text-box-content text dark\">\n              \n              <div class=\"text-inner text-center\">\n                  \n<div class=\"row\"  id=\"row-2029020092\">\n\n\t<div id=\"col-695110683\" class=\"col medium-10 small-12 large-10\"  >\n\t\t\t\t<div class=\"col-inner text-right\"  >\n\t\t\t\n\t\t\t\n<a href=\"https:\/\/en.solarsolutionsduesseldorf.de\/tickets\/\" target=\"_blank\" class=\"button secondary\" rel=\"noopener\"  style=\"border-radius:10px;\">\n    <span>Reg\u00edstrese ahora<\/span>\n  <\/a>\n\n\t\t<\/div>\n\t\t\t\t\n<style>\n#col-695110683 > .col-inner {\n  padding: 0px 200px 0px 22px;\n  margin: 117px -31px -119px -472px;\n}\n<\/style>\n\t<\/div>\n\n\t\n<\/div>\n              <\/div>\n           <\/div>\n                            \n<style>\n#text-box-730652349 {\n  width: 92%;\n}\n#text-box-730652349 .text-box-content {\n  font-size: 100%;\n}\n@media (min-width:550px) {\n  #text-box-730652349 {\n    width: 91%;\n  }\n}\n@media (min-width:850px) {\n  #text-box-730652349 {\n    width: 52%;\n  }\n}\n<\/style>\n    <\/div>\n \n        <\/div>\n      <\/div>\n\n            \n<style>\n#banner-675291609 {\n  padding-top: 56.25%;\n}\n#banner-675291609 .bg.bg-loaded {\n  background-image: url(https:\/\/luxpowertek.com\/wp-content\/uploads\/2025\/11\/Invitation-Letter-Solar-Solutions-Dusseldorf-solar-solutions-scaled.webp);\n}\n#banner-675291609 .overlay {\n  background-color: rgba(0, 0, 0, 0.128);\n}\n#banner-675291609 .bg {\n  background-position: 4% 29%;\n}\n@media (min-width:550px) {\n  #banner-675291609 {\n    padding-top: 56.25%;\n  }\n  #banner-675291609 .overlay {\n    background-color: rgba(0, 0, 0, 0.023);\n  }\n}\n<\/style>\n  <\/div>\n\n\n\t<div id=\"gap-1948292819\" class=\"gap-element clearfix show-for-small\" style=\"display:block; height:auto;\">\n\t\t\n<style>\n#gap-1948292819 {\n  padding-top: 50px;\n}\n@media (min-width:550px) {\n  #gap-1948292819 {\n    padding-top: 30px;\n  }\n}\n<\/style>\n\t<\/div>\n\t\n\n  <div class=\"banner has-hover show-for-small\" id=\"banner-1886334708\">\n          <div class=\"banner-inner fill\">\n        <div class=\"banner-bg fill\" >\n            <div class=\"bg fill bg-fill\"><\/div>\n                                    \n                    <\/div>\n\t\t\n        <div class=\"banner-layers container\">\n            <div class=\"fill banner-link\"><\/div>            \n   <div id=\"text-box-1957279988\" class=\"text-box banner-layer x5 md-x50 lg-x50 y95 md-y50 lg-y50 res-text\">\n                                <div class=\"text-box-content text dark\">\n              \n              <div class=\"text-inner text-center\">\n                  \n<a href=\"https:\/\/www.intersolar.de\/tickets\" class=\"button secondary\"  style=\"border-radius:99px;\">\n    <span>Reg\u00edstrese ahora<\/span>\n  <\/a>\n\n              <\/div>\n           <\/div>\n                            \n<style>\n#text-box-1957279988 {\n  width: 37%;\n}\n#text-box-1957279988 .text-box-content {\n  font-size: 100%;\n}\n@media (min-width:550px) {\n  #text-box-1957279988 {\n    width: 60%;\n  }\n}\n<\/style>\n    <\/div>\n \n        <\/div>\n      <\/div>\n\n            \n<style>\n#banner-1886334708 {\n  padding-top: 56.25%;\n}\n#banner-1886334708 .bg.bg-loaded {\n  background-image: url(https:\/\/luxpowertek.com\/wp-content\/uploads\/2025\/04\/IntersolarEurope-2025-1030x579.webp);\n}\n@media (min-width:550px) {\n  #banner-1886334708 {\n    padding-top: 500px;\n  }\n}\n<\/style>\n  <\/div>\n\n\n\t<section class=\"section roadpage_join_us_section\" id=\"section_418190690\">\n\t\t<div class=\"bg section-bg fill bg-fill  bg-loaded\" >\n\n\t\t\t\n\t\t\t\n\t\t\t\n\n\t\t<\/div>\n\n\t\t\n\n\t\t<div class=\"section-content relative\">\n\t\t\t\n<div class=\"row\"  id=\"row-1824653609\">\n\n\t<div id=\"col-735891905\" class=\"col small-12 large-12\"  >\n\t\t\t\t<div class=\"col-inner\"  >\n\t\t\t\n\t<div class=\"is-border\"\n\t\tstyle=\"border-width:0px 0px 0px 0px;margin:0px 0px 0px -43px;\">\n\t<\/div>\n\t\t\t\n<div class=\"row\"  id=\"row-1738607089\">\n\n\t<div id=\"col-78520892\" class=\"col medium-11 small-12 large-11\"  >\n\t\t\t\t<div class=\"col-inner\"  >\n\t\t\t\n\t\t\t\n\t<div id=\"text-1491370150\" class=\"text\">\n\t\t\n<p><strong><b>LuxpowerTek presentar\u00e1 nuevas soluciones de almacenamiento de energ\u00eda en Solar Solutions Dusseldorf German 2025<\/b><\/strong><br \/>\n\t\t\n<style>\n#text-1491370150 {\n  font-size: 1rem;\n  text-align: left;\n}\n@media (min-width:550px) {\n  #text-1491370150 {\n    font-size: 1.4rem;\n  }\n}\n@media (min-width:850px) {\n  #text-1491370150 {\n    text-align: center;\n  }\n}\n<\/style>\n\t<\/div>\n\t\n<div class=\"text-center\"><div class=\"is-divider divider clearfix\" ><\/div><\/div>\n<p><strong>Stand n.\u00ba: D7, Pabell\u00f3n 14<\/strong><br \/>\n<strong>Fechas de la exposici\u00f3n: 3 y 4 de diciembre de 2025<\/strong><br \/>\n<strong>Ubicaci\u00f3n: Messe D\u00fcsseldorf, D\u00fcsseldorf, Alemania<\/strong><\/p>\n<p>LuxpowerTek se complace en anunciar nuestra participaci\u00f3n en <strong>Soluciones solares Dusseldorf 2025<\/strong>, la principal feria europea de soluciones descentralizadas de energ\u00eda y gesti\u00f3n energ\u00e9tica. En este prestigioso evento, presentaremos una gama de conceptos innovadores de almacenamiento de energ\u00eda e inversores, dise\u00f1ados para redefinir la flexibilidad, la inteligencia y la escalabilidad en aplicaciones residenciales, fotovoltaicas en balcones y comerciales e industriales.<\/p>\n<h3><strong>L\u00ednea de productos de vanguardia<\/strong><\/h3>\n<p><strong>Inversor h\u00edbrido monof\u00e1sico de baja tensi\u00f3n de \u00faltima generaci\u00f3n (12 kW)<\/strong><br \/>\nTotalmente actualizado para satisfacer las demandas del mercado alem\u00e1n, este modelo admite bater\u00edas de bajo voltaje, ofrece una capacidad de interacci\u00f3n con la red mejorada, una gesti\u00f3n inteligente del tiempo de uso (TOU) y compatibilidad con generadores; ideal para hogares energ\u00e9ticamente independientes que buscan resiliencia y eficiencia de costos.<\/p>\n<p><strong>Concepto de inversor eco-h\u00edbrido de pr\u00f3xima generaci\u00f3n<\/strong><br \/>\nCompacto y vers\u00e1til, dise\u00f1ado para usuarios que se inician en el sector de la energ\u00eda solar con almacenamiento. Combina una f\u00e1cil instalaci\u00f3n con una gesti\u00f3n inteligente de la energ\u00eda, ideal para maximizar el autoconsumo en entornos residenciales y peque\u00f1os comercios.<\/p>\n<p><strong>Sistema trif\u00e1sico de alta tensi\u00f3n todo en uno<\/strong><br \/>\nDise\u00f1ado para viviendas de gran tama\u00f1o e instalaciones comerciales, integra un sistema de bater\u00edas de alto voltaje con un potente inversor trif\u00e1sico en una carcasa compacta. Ofrece un rendimiento robusto, una instalaci\u00f3n sencilla y una autonom\u00eda energ\u00e9tica superior.<\/p>\n<p><strong>Soluci\u00f3n de almacenamiento de energ\u00eda para comercio e industria \/ Soluci\u00f3n de almacenamiento fotovoltaico para balcones<\/strong><br \/>\n\u00a1Como novedad destacada, hemos entrado en un nuevo \u00e1mbito de la energ\u00eda solar! Para m\u00e1s detalles, visite nuestro stand.<\/p>\n<h3><strong>Qu\u00e9 esperar en nuestro stand<\/strong><\/h3>\n<p class=\"ds-markdown-paragraph\">Los visitantes del stand D7 tendr\u00e1n\u00a0<strong>oportunidad exclusiva<\/strong>\u00a0Para explorar estos prototipos conceptuales antes de su lanzamiento al mercado, nuestros especialistas t\u00e9cnicos y de I+D estar\u00e1n disponibles durante todo el evento para analizar la arquitectura del sistema, su potencial de integraci\u00f3n y sus aplicaciones pr\u00e1cticas.<\/p>\n<p class=\"ds-markdown-paragraph\">Interact\u00faa con nosotros a trav\u00e9s de:<\/p>\n<ul>\n<li>\n<p class=\"ds-markdown-paragraph\"><strong>demostraciones de productos en vivo<\/strong><\/p>\n<\/li>\n<li>\n<p class=\"ds-markdown-paragraph\"><strong>Sesiones de consulta individualizadas<\/strong><\/p>\n<\/li>\n<li>\n<p class=\"ds-markdown-paragraph\"><strong>Discusiones t\u00e9cnicas y de asociaci\u00f3n detalladas<\/strong><\/p>\n<\/li>\n<\/ul>\n<p class=\"ds-markdown-paragraph\">Damos la bienvenida a distribuidores, instaladores, desarrolladores de proyectos y colegas del sector a unirse a nosotros en\u00a0<strong>Stand D7, Pabell\u00f3n 14<\/strong>, para descubrir c\u00f3mo las pr\u00f3ximas innovaciones de LuxpowerTek pueden dar forma al futuro de la energ\u00eda limpia, haci\u00e9ndola m\u00e1s inteligente, adaptable y ampliamente accesible en toda Europa.<\/p>\n<a href=\"https:\/\/luxpowertek.com\/es\/contacto\/\" class=\"button secondary is-outline\"  style=\"border-radius:99px;\">\n    <span>CONT\u00c1CTENOS<\/span>\n  <\/a>\n\n\t\t<\/div>\n\t\t\t\t\t<\/div>\n\n\t\n<\/div>\n\t\t<\/div>\n\t\t\t\t\t<\/div>\n\n\t\n<\/div>\n\t\t<\/div>\n\n\t\t\n<style>\n#section_418190690 {\n  padding-top: 19px;\n  padding-bottom: 19px;\n  background-color: rgb(245, 245, 245);\n}\n@media (min-width:550px) {\n  #section_418190690 {\n    padding-top: 50px;\n    padding-bottom: 50px;\n  }\n}\n<\/style>\n\t<\/section>\n\t\n\t<section class=\"section roadshow_page_h3\" id=\"section_595830987\">\n\t\t<div class=\"bg section-bg fill bg-fill  bg-loaded\" >\n\n\t\t\t\n\t\t\t\n\t\t\t\n\n\t\t<\/div>\n\n\t\t\n\n\t\t<div class=\"section-content relative\">\n\t\t\t\n<div class=\"row\"  id=\"row-709730539\">\n\n\t<div id=\"col-1840321587\" class=\"col small-12 large-12\"  >\n\t\t\t\t<div class=\"col-inner\"  >\n\t\t\t\n\t\t\t\n\t<div id=\"text-2952077519\" class=\"text\">\n\t\t\n<h2><span style=\"font-size: 80%;\">Descubra el futuro de <strong>Soluci\u00f3n solar alemana<\/strong><strong>\u00a02025!<\/strong><\/span><\/h2>\n\t\t\n<style>\n#text-2952077519 {\n  font-size: 1rem;\n  text-align: center;\n}\n@media (min-width:550px) {\n  #text-2952077519 {\n    font-size: 1.4rem;\n  }\n}\n<\/style>\n\t<\/div>\n\t\n\t\t<\/div>\n\t\t\t\t\t<\/div>\n\n\t\n<\/div>\n<div class=\"row row-small\"  id=\"row-522004520\">\n\n\t<div id=\"col-1255843898\" class=\"col medium-4 small-12 large-4\"  >\n\t\t\t\t<div class=\"col-inner\"  >\n\t\t\t\n\t\t\t\n\t<div class=\"box has-hover   has-hover box-default box-text-bottom\" >\n\n\t\t<div class=\"box-image\" style=\"border-radius:2%;width:63%;\">\n\t\t\t\t\t\t<div class=\"image-cover\" style=\"padding-top:100%;\">\n\t\t\t\t<img loading=\"lazy\" decoding=\"async\" width=\"2560\" height=\"2048\" src=\"https:\/\/luxpowertek.com\/wp-content\/uploads\/2025\/11\/Hybrid-inverter-single-phase-GEN3-6-14K-scaled.webp\" class=\"attachment-original size-original\" alt=\"Inversor h\u00edbrido monof\u00e1sico GEN3 6-14K\" srcset=\"https:\/\/luxpowertek.com\/wp-content\/uploads\/2025\/11\/Hybrid-inverter-single-phase-GEN3-6-14K-scaled.webp 2560w, https:\/\/luxpowertek.com\/wp-content\/uploads\/2025\/11\/Hybrid-inverter-single-phase-GEN3-6-14K-300x240.webp 300w, https:\/\/luxpowertek.com\/wp-content\/uploads\/2025\/11\/Hybrid-inverter-single-phase-GEN3-6-14K-1030x824.webp 1030w, https:\/\/luxpowertek.com\/wp-content\/uploads\/2025\/11\/Hybrid-inverter-single-phase-GEN3-6-14K-768x614.webp 768w, https:\/\/luxpowertek.com\/wp-content\/uploads\/2025\/11\/Hybrid-inverter-single-phase-GEN3-6-14K-1536x1229.webp 1536w, https:\/\/luxpowertek.com\/wp-content\/uploads\/2025\/11\/Hybrid-inverter-single-phase-GEN3-6-14K-2048x1638.webp 2048w, https:\/\/luxpowertek.com\/wp-content\/uploads\/2025\/11\/Hybrid-inverter-single-phase-GEN3-6-14K-15x12.webp 15w, https:\/\/luxpowertek.com\/wp-content\/uploads\/2025\/11\/Hybrid-inverter-single-phase-GEN3-6-14K-510x408.webp 510w\" sizes=\"auto, (max-width: 2560px) 100vw, 2560px\" \/>\t\t\t\t\t\t\t\t\t\t\t<\/div>\n\t\t\t\t\t<\/div>\n\n\t\t<div class=\"box-text text-left\" >\n\t\t\t<div class=\"box-text-inner\">\n\t\t\t\t\n\t<div id=\"text-162283511\" class=\"text\">\n\t\t\n<p class=\"lead\" style=\"text-align: center;\"><strong>GEN3-LB-EU 12K<\/strong><\/p>\n<p class=\"lead\" style=\"text-align: center;\">Serie monof\u00e1sica\/h\u00edbrida que funciona con bater\u00eda de bajo voltaje<\/p>\n\t\t\n<style>\n#text-162283511 {\n  text-align: left;\n}\n<\/style>\n\t<\/div>\n\t\n\t\t\t<\/div>\n\t\t<\/div>\n\t<\/div>\n\t\n\t<div id=\"gap-1889340423\" class=\"gap-element clearfix\" style=\"display:block; height:auto;\">\n\t\t\n<style>\n#gap-1889340423 {\n  padding-top: 66px;\n}\n<\/style>\n\t<\/div>\n\t\n\t<div class=\"box has-hover   has-hover box-default box-text-bottom\" >\n\n\t\t<div class=\"box-image\" style=\"border-radius:5%;width:62%;\">\n\t\t\t\t\t\t<div class=\"\" >\n\t\t\t\t<img loading=\"lazy\" decoding=\"async\" width=\"2304\" height=\"2560\" src=\"https:\/\/luxpowertek.com\/wp-content\/uploads\/2025\/11\/All-in-one-series-three-phase-TriStack-12K-scaled.webp\" class=\"attachment-original size-original\" alt=\"Serie todo en uno - trif\u00e1sica - TriStack 12K\" srcset=\"https:\/\/luxpowertek.com\/wp-content\/uploads\/2025\/11\/All-in-one-series-three-phase-TriStack-12K-scaled.webp 2304w, https:\/\/luxpowertek.com\/wp-content\/uploads\/2025\/11\/All-in-one-series-three-phase-TriStack-12K-270x300.webp 270w, https:\/\/luxpowertek.com\/wp-content\/uploads\/2025\/11\/All-in-one-series-three-phase-TriStack-12K-927x1030.webp 927w, https:\/\/luxpowertek.com\/wp-content\/uploads\/2025\/11\/All-in-one-series-three-phase-TriStack-12K-768x853.webp 768w, https:\/\/luxpowertek.com\/wp-content\/uploads\/2025\/11\/All-in-one-series-three-phase-TriStack-12K-1382x1536.webp 1382w, https:\/\/luxpowertek.com\/wp-content\/uploads\/2025\/11\/All-in-one-series-three-phase-TriStack-12K-1843x2048.webp 1843w, https:\/\/luxpowertek.com\/wp-content\/uploads\/2025\/11\/All-in-one-series-three-phase-TriStack-12K-11x12.webp 11w, https:\/\/luxpowertek.com\/wp-content\/uploads\/2025\/11\/All-in-one-series-three-phase-TriStack-12K-510x567.webp 510w\" sizes=\"auto, (max-width: 2304px) 100vw, 2304px\" \/>\t\t\t\t\t\t\t\t\t\t\t<\/div>\n\t\t\t\t\t<\/div>\n\n\t\t<div class=\"box-text text-left\" >\n\t\t\t<div class=\"box-text-inner\">\n\t\t\t\t\n\t<div id=\"text-223937249\" class=\"text\">\n\t\t\n<p class=\"lead\" style=\"text-align: center;\"><b>TriStack (Inversor de 12 kW)<\/b><\/p>\n<p class=\"lead\" style=\"text-align: center;\">Serie trif\u00e1sica \/ Todo en uno<\/p>\n\t\t\n<style>\n#text-223937249 {\n  line-height: 2;\n}\n<\/style>\n\t<\/div>\n\t\n\t<div id=\"gap-1563794672\" class=\"gap-element clearfix\" style=\"display:block; height:auto;\">\n\t\t\n<style>\n#gap-1563794672 {\n  padding-top: 60px;\n}\n<\/style>\n\t<\/div>\n\t\n\t\t\t<\/div>\n\t\t<\/div>\n\t<\/div>\n\t\n\t<div class=\"box has-hover   has-hover box-default box-text-bottom\" >\n\n\t\t<div class=\"box-image\" style=\"border-radius:2%;width:63%;\">\n\t\t\t\t\t\t<div class=\"\" >\n\t\t\t\t<img loading=\"lazy\" decoding=\"async\" width=\"1920\" height=\"2560\" src=\"https:\/\/luxpowertek.com\/wp-content\/uploads\/2025\/11\/Storage-Battery-PShield-Max-16kWh-scaled.webp\" class=\"attachment-original size-original\" alt=\"Bater\u00eda de almacenamiento PShield Max -16 kWh\" srcset=\"https:\/\/luxpowertek.com\/wp-content\/uploads\/2025\/11\/Storage-Battery-PShield-Max-16kWh-scaled.webp 1920w, https:\/\/luxpowertek.com\/wp-content\/uploads\/2025\/11\/Storage-Battery-PShield-Max-16kWh-225x300.webp 225w, https:\/\/luxpowertek.com\/wp-content\/uploads\/2025\/11\/Storage-Battery-PShield-Max-16kWh-773x1030.webp 773w, https:\/\/luxpowertek.com\/wp-content\/uploads\/2025\/11\/Storage-Battery-PShield-Max-16kWh-768x1024.webp 768w, https:\/\/luxpowertek.com\/wp-content\/uploads\/2025\/11\/Storage-Battery-PShield-Max-16kWh-1152x1536.webp 1152w, https:\/\/luxpowertek.com\/wp-content\/uploads\/2025\/11\/Storage-Battery-PShield-Max-16kWh-1536x2048.webp 1536w, https:\/\/luxpowertek.com\/wp-content\/uploads\/2025\/11\/Storage-Battery-PShield-Max-16kWh-9x12.webp 9w, https:\/\/luxpowertek.com\/wp-content\/uploads\/2025\/11\/Storage-Battery-PShield-Max-16kWh-510x680.webp 510w\" sizes=\"auto, (max-width: 1920px) 100vw, 1920px\" \/>\t\t\t\t\t\t\t\t\t\t\t<\/div>\n\t\t\t\t\t<\/div>\n\n\t\t<div class=\"box-text text-left\" >\n\t\t\t<div class=\"box-text-inner\">\n\t\t\t\t\n<p class=\"lead\" style=\"text-align: center;\"><b>PSHELD MAX \/ 16kWh<\/b><\/p>\n<p class=\"lead\" style=\"text-align: center;\">Alta capacidad para uso en exteriores<\/p>\n\t<div id=\"text-593454859\" class=\"text\">\n\t\t\n\t\t\n<style>\n#text-593454859 {\n  line-height: 2;\n}\n<\/style>\n\t<\/div>\n\t\n\t\t\t<\/div>\n\t\t<\/div>\n\t<\/div>\n\t\n\t\t<\/div>\n\t\t\t\t\t<\/div>\n\n\t\n\n\t<div id=\"col-171606491\" class=\"col medium-4 small-12 large-4\"  >\n\t\t\t\t<div class=\"col-inner\"  >\n\t\t\t\n\t\t\t\n\t<div class=\"box has-hover   has-hover box-default box-text-bottom\" >\n\n\t\t<div class=\"box-image\" style=\"border-radius:2%;width:63%;\">\n\t\t\t\t\t\t<div class=\"image-cover\" style=\"padding-top:100%;\">\n\t\t\t\t<img loading=\"lazy\" decoding=\"async\" width=\"2240\" height=\"2560\" src=\"https:\/\/luxpowertek.com\/wp-content\/uploads\/2025\/11\/Eco-Hybrid-energy-storage-inverter-SNA3-EU-6k-scaled.webp\" class=\"attachment-original size-original\" alt=\"Inversor de almacenamiento de energ\u00eda ecoh\u00edbrido - SNA3 EU 6k\" srcset=\"https:\/\/luxpowertek.com\/wp-content\/uploads\/2025\/11\/Eco-Hybrid-energy-storage-inverter-SNA3-EU-6k-scaled.webp 2240w, https:\/\/luxpowertek.com\/wp-content\/uploads\/2025\/11\/Eco-Hybrid-energy-storage-inverter-SNA3-EU-6k-263x300.webp 263w, https:\/\/luxpowertek.com\/wp-content\/uploads\/2025\/11\/Eco-Hybrid-energy-storage-inverter-SNA3-EU-6k-901x1030.webp 901w, https:\/\/luxpowertek.com\/wp-content\/uploads\/2025\/11\/Eco-Hybrid-energy-storage-inverter-SNA3-EU-6k-768x878.webp 768w, https:\/\/luxpowertek.com\/wp-content\/uploads\/2025\/11\/Eco-Hybrid-energy-storage-inverter-SNA3-EU-6k-1344x1536.webp 1344w, https:\/\/luxpowertek.com\/wp-content\/uploads\/2025\/11\/Eco-Hybrid-energy-storage-inverter-SNA3-EU-6k-1792x2048.webp 1792w, https:\/\/luxpowertek.com\/wp-content\/uploads\/2025\/11\/Eco-Hybrid-energy-storage-inverter-SNA3-EU-6k-11x12.webp 11w, https:\/\/luxpowertek.com\/wp-content\/uploads\/2025\/11\/Eco-Hybrid-energy-storage-inverter-SNA3-EU-6k-510x583.webp 510w\" sizes=\"auto, (max-width: 2240px) 100vw, 2240px\" \/>\t\t\t\t\t\t\t\t\t\t\t<\/div>\n\t\t\t\t\t<\/div>\n\n\t\t<div class=\"box-text text-left\" >\n\t\t\t<div class=\"box-text-inner\">\n\t\t\t\t\n\t<div id=\"text-2788536416\" class=\"text\">\n\t\t\n<p class=\"lead\" style=\"text-align: center;\"><strong>SNA3-EU 6K<\/strong><\/p>\n<p class=\"lead\" style=\"text-align: center;\">Serie monof\u00e1sica\/eco-h\u00edbrida que funciona con bater\u00eda de bajo voltaje<\/p>\n\t\t\n<style>\n#text-2788536416 {\n  text-align: left;\n}\n<\/style>\n\t<\/div>\n\t\n\t\t\t<\/div>\n\t\t<\/div>\n\t<\/div>\n\t\n\t<div id=\"gap-2018215868\" class=\"gap-element clearfix\" style=\"display:block; height:auto;\">\n\t\t\n<style>\n#gap-2018215868 {\n  padding-top: 65px;\n}\n<\/style>\n\t<\/div>\n\t\n\t<div class=\"box has-hover   has-hover box-default box-text-bottom\" >\n\n\t\t<div class=\"box-image\" style=\"border-radius:5%;width:87%;\">\n\t\t\t\t\t\t<div class=\"\" >\n\t\t\t\t<img loading=\"lazy\" decoding=\"async\" width=\"2560\" height=\"1706\" src=\"https:\/\/luxpowertek.com\/wp-content\/uploads\/2025\/11\/AC-couping-energy-storage-inverter-LXP-3600-ACS-scaled.webp\" class=\"attachment-original size-original\" alt=\"Inversor de almacenamiento de energ\u00eda de acoplamiento de CA - LXP 3600 ACS\" srcset=\"https:\/\/luxpowertek.com\/wp-content\/uploads\/2025\/11\/AC-couping-energy-storage-inverter-LXP-3600-ACS-scaled.webp 2560w, https:\/\/luxpowertek.com\/wp-content\/uploads\/2025\/11\/AC-couping-energy-storage-inverter-LXP-3600-ACS-300x200.webp 300w, https:\/\/luxpowertek.com\/wp-content\/uploads\/2025\/11\/AC-couping-energy-storage-inverter-LXP-3600-ACS-1030x687.webp 1030w, https:\/\/luxpowertek.com\/wp-content\/uploads\/2025\/11\/AC-couping-energy-storage-inverter-LXP-3600-ACS-768x512.webp 768w, https:\/\/luxpowertek.com\/wp-content\/uploads\/2025\/11\/AC-couping-energy-storage-inverter-LXP-3600-ACS-1536x1024.webp 1536w, https:\/\/luxpowertek.com\/wp-content\/uploads\/2025\/11\/AC-couping-energy-storage-inverter-LXP-3600-ACS-2048x1365.webp 2048w, https:\/\/luxpowertek.com\/wp-content\/uploads\/2025\/11\/AC-couping-energy-storage-inverter-LXP-3600-ACS-18x12.webp 18w, https:\/\/luxpowertek.com\/wp-content\/uploads\/2025\/11\/AC-couping-energy-storage-inverter-LXP-3600-ACS-510x340.webp 510w\" sizes=\"auto, (max-width: 2560px) 100vw, 2560px\" \/>\t\t\t\t\t\t\t\t\t\t\t<\/div>\n\t\t\t\t\t<\/div>\n\n\t\t<div class=\"box-text text-left\" >\n\t\t\t<div class=\"box-text-inner\">\n\t\t\t\t\n\t<div id=\"gap-434292446\" class=\"gap-element clearfix\" style=\"display:block; height:auto;\">\n\t\t\n<style>\n#gap-434292446 {\n  padding-top: 30px;\n}\n<\/style>\n\t<\/div>\n\t\n\t<div id=\"text-1146883915\" class=\"text\">\n\t\t\n<p class=\"lead\" style=\"text-align: center;\"><b>LXP 3600 ACS<\/b><\/p>\n<p class=\"lead\" style=\"text-align: center;\">Acoplamiento CA \/ Adaptaci\u00f3n del sistema a un sistema de almacenamiento de energ\u00eda<\/p>\n\t\t\n<style>\n#text-1146883915 {\n  line-height: 2;\n}\n<\/style>\n\t<\/div>\n\t\n\t<div id=\"gap-1413289297\" class=\"gap-element clearfix\" style=\"display:block; height:auto;\">\n\t\t\n<style>\n#gap-1413289297 {\n  padding-top: 30px;\n}\n<\/style>\n\t<\/div>\n\t\n\t\t\t<\/div>\n\t\t<\/div>\n\t<\/div>\n\t\n\t<div class=\"box has-hover   has-hover box-default box-text-bottom\" >\n\n\t\t<div class=\"box-image\" style=\"border-radius:2%;width:63%;\">\n\t\t\t\t\t\t<div class=\"\" >\n\t\t\t\t<img loading=\"lazy\" decoding=\"async\" width=\"2133\" height=\"2560\" src=\"https:\/\/luxpowertek.com\/wp-content\/uploads\/2025\/11\/Storage-Battery-PGEM-5.12kWh-scaled.webp\" class=\"attachment-original size-original\" alt=\"Bater\u00eda de almacenamiento PGEM de 5,12 kWh\" srcset=\"https:\/\/luxpowertek.com\/wp-content\/uploads\/2025\/11\/Storage-Battery-PGEM-5.12kWh-scaled.webp 2133w, https:\/\/luxpowertek.com\/wp-content\/uploads\/2025\/11\/Storage-Battery-PGEM-5.12kWh-250x300.webp 250w, https:\/\/luxpowertek.com\/wp-content\/uploads\/2025\/11\/Storage-Battery-PGEM-5.12kWh-858x1030.webp 858w, https:\/\/luxpowertek.com\/wp-content\/uploads\/2025\/11\/Storage-Battery-PGEM-5.12kWh-768x922.webp 768w, https:\/\/luxpowertek.com\/wp-content\/uploads\/2025\/11\/Storage-Battery-PGEM-5.12kWh-1280x1536.webp 1280w, https:\/\/luxpowertek.com\/wp-content\/uploads\/2025\/11\/Storage-Battery-PGEM-5.12kWh-1707x2048.webp 1707w, https:\/\/luxpowertek.com\/wp-content\/uploads\/2025\/11\/Storage-Battery-PGEM-5.12kWh-10x12.webp 10w, https:\/\/luxpowertek.com\/wp-content\/uploads\/2025\/11\/Storage-Battery-PGEM-5.12kWh-247x296.webp 247w, https:\/\/luxpowertek.com\/wp-content\/uploads\/2025\/11\/Storage-Battery-PGEM-5.12kWh-510x612.webp 510w\" sizes=\"auto, (max-width: 2133px) 100vw, 2133px\" \/>\t\t\t\t\t\t\t\t\t\t\t<\/div>\n\t\t\t\t\t<\/div>\n\n\t\t<div class=\"box-text text-left\" >\n\t\t\t<div class=\"box-text-inner\">\n\t\t\t\t\n<p class=\"lead\" style=\"text-align: center;\"><b>Energ\u00eda electromagn\u00e9tica primaria (PGEM) \/ 5,12 kWh<\/b><\/p>\n<p class=\"lead\" style=\"text-align: center;\">M\u00f3dulo de bater\u00eda residencial<\/p>\n\t<div id=\"gap-941500730\" class=\"gap-element clearfix\" style=\"display:block; height:auto;\">\n\t\t\n<style>\n#gap-941500730 {\n  padding-top: 114px;\n}\n<\/style>\n\t<\/div>\n\t\n\t\t\t<\/div>\n\t\t<\/div>\n\t<\/div>\n\t\n\t<div id=\"gap-1771662912\" class=\"gap-element clearfix\" style=\"display:block; height:auto;\">\n\t\t\n<style>\n#gap-1771662912 {\n  padding-top: 30px;\n}\n<\/style>\n\t<\/div>\n\t\n\t\t<\/div>\n\t\t\t\t\t<\/div>\n\n\t\n\n\t<div id=\"col-1664018960\" class=\"col medium-4 small-12 large-4\"  >\n\t\t\t\t<div class=\"col-inner\"  >\n\t\t\t\n\t\t\t\n\t<div class=\"box has-hover   has-hover box-default box-text-bottom\" >\n\n\t\t<div class=\"box-image\" style=\"border-radius:2%;width:63%;\">\n\t\t\t\t\t\t<div class=\"image-cover\" style=\"padding-top:100%;\">\n\t\t\t\t<img loading=\"lazy\" decoding=\"async\" width=\"1920\" height=\"2560\" src=\"https:\/\/luxpowertek.com\/wp-content\/uploads\/2025\/11\/Commercial-_-Industrial_Three-Phase-hybrid-inverter-TriP2-HB-3P-12-30K-scaled.webp\" class=\"attachment-original size-original\" alt=\"Inversor h\u00edbrido trif\u00e1sico comercial e industrial - TriP2-HB-3P 12-30K\" srcset=\"https:\/\/luxpowertek.com\/wp-content\/uploads\/2025\/11\/Commercial-_-Industrial_Three-Phase-hybrid-inverter-TriP2-HB-3P-12-30K-scaled.webp 1920w, https:\/\/luxpowertek.com\/wp-content\/uploads\/2025\/11\/Commercial-_-Industrial_Three-Phase-hybrid-inverter-TriP2-HB-3P-12-30K-225x300.webp 225w, https:\/\/luxpowertek.com\/wp-content\/uploads\/2025\/11\/Commercial-_-Industrial_Three-Phase-hybrid-inverter-TriP2-HB-3P-12-30K-773x1030.webp 773w, https:\/\/luxpowertek.com\/wp-content\/uploads\/2025\/11\/Commercial-_-Industrial_Three-Phase-hybrid-inverter-TriP2-HB-3P-12-30K-768x1024.webp 768w, https:\/\/luxpowertek.com\/wp-content\/uploads\/2025\/11\/Commercial-_-Industrial_Three-Phase-hybrid-inverter-TriP2-HB-3P-12-30K-1152x1536.webp 1152w, https:\/\/luxpowertek.com\/wp-content\/uploads\/2025\/11\/Commercial-_-Industrial_Three-Phase-hybrid-inverter-TriP2-HB-3P-12-30K-1536x2048.webp 1536w, https:\/\/luxpowertek.com\/wp-content\/uploads\/2025\/11\/Commercial-_-Industrial_Three-Phase-hybrid-inverter-TriP2-HB-3P-12-30K-9x12.webp 9w, https:\/\/luxpowertek.com\/wp-content\/uploads\/2025\/11\/Commercial-_-Industrial_Three-Phase-hybrid-inverter-TriP2-HB-3P-12-30K-510x680.webp 510w\" sizes=\"auto, (max-width: 1920px) 100vw, 1920px\" \/>\t\t\t\t\t\t\t\t\t\t\t<\/div>\n\t\t\t\t\t<\/div>\n\n\t\t<div class=\"box-text text-left\" >\n\t\t\t<div class=\"box-text-inner\">\n\t\t\t\t\n\t<div id=\"text-1512618623\" class=\"text\">\n\t\t\n<p class=\"lead\" style=\"text-align: center;\"><strong>TriP2-HB-3P 30K<\/strong><\/p>\n<p class=\"lead\" style=\"text-align: center;\">Serie trif\u00e1sica\/h\u00edbrida que funciona con bater\u00eda de alto voltaje<\/p>\n\t\t\n<style>\n#text-1512618623 {\n  text-align: left;\n}\n<\/style>\n\t<\/div>\n\t\n\t<div id=\"gap-1942433000\" class=\"gap-element clearfix\" style=\"display:block; height:auto;\">\n\t\t\n<style>\n#gap-1942433000 {\n  padding-top: 63px;\n}\n<\/style>\n\t<\/div>\n\t\n\t\t\t<\/div>\n\t\t<\/div>\n\t<\/div>\n\t\n\t<div class=\"box has-hover   has-hover box-default box-text-bottom\" >\n\n\t\t<div class=\"box-image\" style=\"border-radius:2%;width:63%;\">\n\t\t\t\t\t\t<div class=\"\" >\n\t\t\t\t<img loading=\"lazy\" decoding=\"async\" width=\"2133\" height=\"2560\" src=\"https:\/\/luxpowertek.com\/wp-content\/uploads\/2025\/11\/Storage-Battery-Pshiled-5.12kWh-scaled.webp\" class=\"attachment-original size-original\" alt=\"Bater\u00eda de almacenamiento Pshiled de 5,12 kWh\" srcset=\"https:\/\/luxpowertek.com\/wp-content\/uploads\/2025\/11\/Storage-Battery-Pshiled-5.12kWh-scaled.webp 2133w, https:\/\/luxpowertek.com\/wp-content\/uploads\/2025\/11\/Storage-Battery-Pshiled-5.12kWh-250x300.webp 250w, https:\/\/luxpowertek.com\/wp-content\/uploads\/2025\/11\/Storage-Battery-Pshiled-5.12kWh-858x1030.webp 858w, https:\/\/luxpowertek.com\/wp-content\/uploads\/2025\/11\/Storage-Battery-Pshiled-5.12kWh-768x922.webp 768w, https:\/\/luxpowertek.com\/wp-content\/uploads\/2025\/11\/Storage-Battery-Pshiled-5.12kWh-1280x1536.webp 1280w, https:\/\/luxpowertek.com\/wp-content\/uploads\/2025\/11\/Storage-Battery-Pshiled-5.12kWh-1707x2048.webp 1707w, https:\/\/luxpowertek.com\/wp-content\/uploads\/2025\/11\/Storage-Battery-Pshiled-5.12kWh-10x12.webp 10w, https:\/\/luxpowertek.com\/wp-content\/uploads\/2025\/11\/Storage-Battery-Pshiled-5.12kWh-247x296.webp 247w, https:\/\/luxpowertek.com\/wp-content\/uploads\/2025\/11\/Storage-Battery-Pshiled-5.12kWh-510x612.webp 510w\" sizes=\"auto, (max-width: 2133px) 100vw, 2133px\" \/>\t\t\t\t\t\t\t\t\t\t\t<\/div>\n\t\t\t\t\t<\/div>\n\n\t\t<div class=\"box-text text-left\" >\n\t\t\t<div class=\"box-text-inner\">\n\t\t\t\t\n<p class=\"lead\" style=\"text-align: center;\"><b>Pshield (5,12 kWh)<\/b><b>)<\/b><\/p>\n<p class=\"lead\" style=\"text-align: center;\">M\u00f3dulo de bater\u00eda residencial \/ Bajo voltaje<\/p>\n\t<div id=\"gap-1832920480\" class=\"gap-element clearfix\" style=\"display:block; height:auto;\">\n\t\t\n<style>\n#gap-1832920480 {\n  padding-top: 50px;\n}\n<\/style>\n\t<\/div>\n\t\n\t<div id=\"text-478712367\" class=\"text\">\n\t\t\n\t\t\n<style>\n#text-478712367 {\n  line-height: 2;\n}\n<\/style>\n\t<\/div>\n\t\n\t\t\t<\/div>\n\t\t<\/div>\n\t<\/div>\n\t\n\t<div class=\"box has-hover   has-hover box-default box-text-bottom\" >\n\n\t\t<div class=\"box-image\" style=\"border-radius:2%;width:63%;\">\n\t\t\t\t\t\t<div class=\"\" >\n\t\t\t\t<img loading=\"lazy\" decoding=\"async\" width=\"2133\" height=\"2560\" src=\"https:\/\/luxpowertek.com\/wp-content\/uploads\/2025\/11\/Storage-Battery-PSTACK-45kWh-scaled.webp\" class=\"attachment-original size-original\" alt=\"Bater\u00eda de almacenamiento-PSTACK 45kWh\" srcset=\"https:\/\/luxpowertek.com\/wp-content\/uploads\/2025\/11\/Storage-Battery-PSTACK-45kWh-scaled.webp 2133w, https:\/\/luxpowertek.com\/wp-content\/uploads\/2025\/11\/Storage-Battery-PSTACK-45kWh-250x300.webp 250w, https:\/\/luxpowertek.com\/wp-content\/uploads\/2025\/11\/Storage-Battery-PSTACK-45kWh-858x1030.webp 858w, https:\/\/luxpowertek.com\/wp-content\/uploads\/2025\/11\/Storage-Battery-PSTACK-45kWh-768x922.webp 768w, https:\/\/luxpowertek.com\/wp-content\/uploads\/2025\/11\/Storage-Battery-PSTACK-45kWh-1280x1536.webp 1280w, https:\/\/luxpowertek.com\/wp-content\/uploads\/2025\/11\/Storage-Battery-PSTACK-45kWh-1707x2048.webp 1707w, https:\/\/luxpowertek.com\/wp-content\/uploads\/2025\/11\/Storage-Battery-PSTACK-45kWh-10x12.webp 10w, https:\/\/luxpowertek.com\/wp-content\/uploads\/2025\/11\/Storage-Battery-PSTACK-45kWh-247x296.webp 247w, https:\/\/luxpowertek.com\/wp-content\/uploads\/2025\/11\/Storage-Battery-PSTACK-45kWh-510x612.webp 510w\" sizes=\"auto, (max-width: 2133px) 100vw, 2133px\" \/>\t\t\t\t\t\t\t\t\t\t\t<\/div>\n\t\t\t\t\t<\/div>\n\n\t\t<div class=\"box-text text-left\" >\n\t\t\t<div class=\"box-text-inner\">\n\t\t\t\t\n<p class=\"lead\" style=\"text-align: center;\"><b>Pila PStack \/ 5,069 kWh<\/b><\/p>\n<p class=\"lead\" style=\"text-align: center;\">M\u00f3dulo de bater\u00eda extensible<\/p>\n\t<div id=\"gap-1379161125\" class=\"gap-element clearfix\" style=\"display:block; height:auto;\">\n\t\t\n<style>\n#gap-1379161125 {\n  padding-top: 6px;\n}\n<\/style>\n\t<\/div>\n\t\n\t<div id=\"text-4233611602\" class=\"text\">\n\t\t\n\t\t\n<style>\n#text-4233611602 {\n  line-height: 2;\n}\n<\/style>\n\t<\/div>\n\t\n\t\t\t<\/div>\n\t\t<\/div>\n\t<\/div>\n\t\n\t<div id=\"gap-1157423235\" class=\"gap-element clearfix\" style=\"display:block; height:auto;\">\n\t\t\n<style>\n#gap-1157423235 {\n  padding-top: 1px;\n}\n<\/style>\n\t<\/div>\n\t\n\t\t<\/div>\n\t\t\t\t\t<\/div>\n\n\t\n\n\t<div id=\"col-1480870538\" class=\"col medium-4 small-12 large-4\"  >\n\t\t\t\t<div class=\"col-inner\"  >\n\t\t\t\n\t\t\t\n\t<div class=\"box has-hover   has-hover box-default box-text-bottom\" >\n\n\t\t<div class=\"box-image\" style=\"border-radius:2%;width:63%;\">\n\t\t\t\t\t\t<div class=\"\" >\n\t\t\t\t<img loading=\"lazy\" decoding=\"async\" width=\"2560\" height=\"1600\" src=\"https:\/\/luxpowertek.com\/wp-content\/uploads\/2025\/11\/Commercial-_-Industrial_energy-storage-inverter-BESS-125K-scaled.webp\" class=\"attachment-original size-original\" alt=\"Inversor de almacenamiento de energ\u00eda comercial e industrial - BESS 125K\" srcset=\"https:\/\/luxpowertek.com\/wp-content\/uploads\/2025\/11\/Commercial-_-Industrial_energy-storage-inverter-BESS-125K-scaled.webp 2560w, https:\/\/luxpowertek.com\/wp-content\/uploads\/2025\/11\/Commercial-_-Industrial_energy-storage-inverter-BESS-125K-300x188.webp 300w, https:\/\/luxpowertek.com\/wp-content\/uploads\/2025\/11\/Commercial-_-Industrial_energy-storage-inverter-BESS-125K-1030x644.webp 1030w, https:\/\/luxpowertek.com\/wp-content\/uploads\/2025\/11\/Commercial-_-Industrial_energy-storage-inverter-BESS-125K-768x480.webp 768w, https:\/\/luxpowertek.com\/wp-content\/uploads\/2025\/11\/Commercial-_-Industrial_energy-storage-inverter-BESS-125K-1536x960.webp 1536w, https:\/\/luxpowertek.com\/wp-content\/uploads\/2025\/11\/Commercial-_-Industrial_energy-storage-inverter-BESS-125K-2048x1280.webp 2048w, https:\/\/luxpowertek.com\/wp-content\/uploads\/2025\/11\/Commercial-_-Industrial_energy-storage-inverter-BESS-125K-18x12.webp 18w, https:\/\/luxpowertek.com\/wp-content\/uploads\/2025\/11\/Commercial-_-Industrial_energy-storage-inverter-BESS-125K-510x319.webp 510w\" sizes=\"auto, (max-width: 2560px) 100vw, 2560px\" \/>\t\t\t\t\t\t\t\t\t\t\t<\/div>\n\t\t\t\t\t<\/div>\n\n\t\t<div class=\"box-text text-left\" >\n\t\t\t<div class=\"box-text-inner\">\n\t\t\t\t\n<p class=\"lead\" style=\"text-align: center;\"><b>C&amp;I <strong>Sistema de almacenamiento de energ\u00eda<\/strong><\/b><\/p>\n\t<div id=\"gap-869545697\" class=\"gap-element clearfix\" style=\"display:block; height:auto;\">\n\t\t\n<style>\n#gap-869545697 {\n  padding-top: 78px;\n}\n<\/style>\n\t<\/div>\n\t\n\t\t\t<\/div>\n\t\t<\/div>\n\t<\/div>\n\t\n\t<div id=\"gap-762869561\" class=\"gap-element clearfix\" style=\"display:block; height:auto;\">\n\t\t\n<style>\n#gap-762869561 {\n  padding-top: 66px;\n}\n<\/style>\n\t<\/div>\n\t\n\t\t<\/div>\n\t\t\t\t\t<\/div>\n\n\t\n\n\t<div id=\"col-18656408\" class=\"col medium-4 small-12 large-4\"  >\n\t\t\t\t<div class=\"col-inner\"  >\n\t\t\t\n\t\t\t\n\t<div class=\"box has-hover   has-hover box-default box-text-bottom\" >\n\n\t\t<div class=\"box-image\" style=\"border-radius:2%;width:39%;\">\n\t\t\t\t\t\t<div class=\"image-cover\" style=\"padding-top:100%;\">\n\t\t\t\t<img loading=\"lazy\" decoding=\"async\" width=\"2560\" height=\"1600\" src=\"https:\/\/luxpowertek.com\/wp-content\/uploads\/2025\/11\/Commercial-_-Industrial_energy-storage-inverter-BESS-125K-scaled.webp\" class=\"attachment-original size-original\" alt=\"Inversor de almacenamiento de energ\u00eda comercial e industrial - BESS 125K\" srcset=\"https:\/\/luxpowertek.com\/wp-content\/uploads\/2025\/11\/Commercial-_-Industrial_energy-storage-inverter-BESS-125K-scaled.webp 2560w, https:\/\/luxpowertek.com\/wp-content\/uploads\/2025\/11\/Commercial-_-Industrial_energy-storage-inverter-BESS-125K-300x188.webp 300w, https:\/\/luxpowertek.com\/wp-content\/uploads\/2025\/11\/Commercial-_-Industrial_energy-storage-inverter-BESS-125K-1030x644.webp 1030w, https:\/\/luxpowertek.com\/wp-content\/uploads\/2025\/11\/Commercial-_-Industrial_energy-storage-inverter-BESS-125K-768x480.webp 768w, https:\/\/luxpowertek.com\/wp-content\/uploads\/2025\/11\/Commercial-_-Industrial_energy-storage-inverter-BESS-125K-1536x960.webp 1536w, https:\/\/luxpowertek.com\/wp-content\/uploads\/2025\/11\/Commercial-_-Industrial_energy-storage-inverter-BESS-125K-2048x1280.webp 2048w, https:\/\/luxpowertek.com\/wp-content\/uploads\/2025\/11\/Commercial-_-Industrial_energy-storage-inverter-BESS-125K-18x12.webp 18w, https:\/\/luxpowertek.com\/wp-content\/uploads\/2025\/11\/Commercial-_-Industrial_energy-storage-inverter-BESS-125K-510x319.webp 510w\" sizes=\"auto, (max-width: 2560px) 100vw, 2560px\" \/>\t\t\t\t\t\t\t\t\t\t\t<\/div>\n\t\t\t\t\t<\/div>\n\n\t\t<div class=\"box-text text-left\" >\n\t\t\t<div class=\"box-text-inner\">\n\t\t\t\t\n\t<div id=\"text-861794053\" class=\"text\">\n\t\t\n<p class=\"lead\" style=\"text-align: center;\"><strong>Soluci\u00f3n de almacenamiento fotovoltaico para balcones<\/strong><\/p>\n\t\t\n<style>\n#text-861794053 {\n  text-align: left;\n}\n<\/style>\n\t<\/div>\n\t\n\t\t\t<\/div>\n\t\t<\/div>\n\t<\/div>\n\t\n\t\t<\/div>\n\t\t\t\t\t<\/div>\n\n\t\n<\/div>\n\t<div id=\"gap-1864210182\" class=\"gap-element clearfix\" style=\"display:block; height:auto;\">\n\t\t\n<style>\n#gap-1864210182 {\n  padding-top: 17px;\n}\n<\/style>\n\t<\/div>\n\t\n\t\t<\/div>\n\n\t\t\n<style>\n#section_595830987 {\n  padding-top: 30px;\n  padding-bottom: 30px;\n}\n<\/style>\n\t<\/section>","protected":false},"excerpt":{"rendered":"","protected":false},"author":3,"featured_media":0,"parent":0,"menu_order":0,"comment_status":"closed","ping_status":"closed","template":"page-transparent-header.php","meta":{"rop_custom_images_group":[],"rop_custom_messages_group":[],"rop_publish_now":"initial","rop_publish_now_accounts":[],"rop_publish_now_history":[],"rop_publish_now_status":"pending","footnotes":""},"class_list":["post-16484","page","type-page","status-publish","hentry"],"yoast_head":"<!-- This site is optimized with the Yoast SEO plugin v27.3 - https:\/\/yoast.com\/product\/yoast-seo-wordpress\/ -->\n<title>Exhibition-Solar Solutions Dusseldorf 2025 -<\/title>\n<meta name=\"robots\" content=\"index, follow, max-snippet:-1, max-image-preview:large, max-video-preview:-1\" \/>\n<link rel=\"canonical\" href=\"https:\/\/luxpowertek.com\/es\/intersolarsouthamerica2024-8\/\" \/>\n<meta property=\"og:locale\" content=\"es_ES\" \/>\n<meta property=\"og:type\" content=\"article\" \/>\n<meta property=\"og:title\" content=\"Exhibition-Solar Solutions Dusseldorf 2025 -\" \/>\n<meta property=\"og:url\" content=\"https:\/\/luxpowertek.com\/es\/intersolarsouthamerica2024-8\/\" \/>\n<meta property=\"article:publisher\" content=\"https:\/\/www.facebook.com\/LUXPOWERTEK\" \/>\n<meta property=\"article:modified_time\" content=\"2025-11-10T08:59:11+00:00\" \/>\n<meta name=\"twitter:card\" content=\"summary_large_image\" \/>\n<meta name=\"twitter:label1\" content=\"Tiempo de lectura\" \/>\n\t<meta name=\"twitter:data1\" content=\"4 minutos\" \/>\n<script type=\"application\/ld+json\" class=\"yoast-schema-graph\">{\"@context\":\"https:\\\/\\\/schema.org\",\"@graph\":[{\"@type\":\"WebPage\",\"@id\":\"https:\\\/\\\/luxpowertek.com\\\/exhibition-solar-solutions-dusseldorf-2025\\\/\",\"url\":\"https:\\\/\\\/luxpowertek.com\\\/exhibition-solar-solutions-dusseldorf-2025\\\/\",\"name\":\"Exhibition-Solar Solutions Dusseldorf 2025 -\",\"isPartOf\":{\"@id\":\"https:\\\/\\\/luxpowertek.com\\\/#website\"},\"datePublished\":\"2025-11-10T00:53:46+00:00\",\"dateModified\":\"2025-11-10T08:59:11+00:00\",\"breadcrumb\":{\"@id\":\"https:\\\/\\\/luxpowertek.com\\\/exhibition-solar-solutions-dusseldorf-2025\\\/#breadcrumb\"},\"inLanguage\":\"es\",\"potentialAction\":[{\"@type\":\"ReadAction\",\"target\":[\"https:\\\/\\\/luxpowertek.com\\\/exhibition-solar-solutions-dusseldorf-2025\\\/\"]}]},{\"@type\":\"BreadcrumbList\",\"@id\":\"https:\\\/\\\/luxpowertek.com\\\/exhibition-solar-solutions-dusseldorf-2025\\\/#breadcrumb\",\"itemListElement\":[{\"@type\":\"ListItem\",\"position\":1,\"name\":\"Home\",\"item\":\"https:\\\/\\\/luxpowertek.com\\\/\"},{\"@type\":\"ListItem\",\"position\":2,\"name\":\"Exhibition-Solar Solutions Dusseldorf 2025\"}]},{\"@type\":\"WebSite\",\"@id\":\"https:\\\/\\\/luxpowertek.com\\\/#website\",\"url\":\"https:\\\/\\\/luxpowertek.com\\\/\",\"name\":\"\",\"description\":\"\",\"publisher\":{\"@id\":\"https:\\\/\\\/luxpowertek.com\\\/#organization\"},\"potentialAction\":[{\"@type\":\"SearchAction\",\"target\":{\"@type\":\"EntryPoint\",\"urlTemplate\":\"https:\\\/\\\/luxpowertek.com\\\/?s={search_term_string}\"},\"query-input\":{\"@type\":\"PropertyValueSpecification\",\"valueRequired\":true,\"valueName\":\"search_term_string\"}}],\"inLanguage\":\"es\"},{\"@type\":\"Organization\",\"@id\":\"https:\\\/\\\/luxpowertek.com\\\/#organization\",\"name\":\"LuxpowerTek\",\"url\":\"https:\\\/\\\/luxpowertek.com\\\/\",\"logo\":{\"@type\":\"ImageObject\",\"inLanguage\":\"es\",\"@id\":\"https:\\\/\\\/luxpowertek.com\\\/#\\\/schema\\\/logo\\\/image\\\/\",\"url\":\"https:\\\/\\\/luxpowertek.com\\\/wp-content\\\/uploads\\\/2024\\\/08\\\/Luxpower_logo_new.webp\",\"contentUrl\":\"https:\\\/\\\/luxpowertek.com\\\/wp-content\\\/uploads\\\/2024\\\/08\\\/Luxpower_logo_new.webp\",\"width\":1030,\"height\":186,\"caption\":\"LuxpowerTek\"},\"image\":{\"@id\":\"https:\\\/\\\/luxpowertek.com\\\/#\\\/schema\\\/logo\\\/image\\\/\"},\"sameAs\":[\"https:\\\/\\\/www.facebook.com\\\/LUXPOWERTEK\"]}]}<\/script>\n<!-- \/ Yoast SEO plugin. -->","yoast_head_json":{"title":"Exposici\u00f3n de Soluciones Solares de D\u00fcsseldorf 2025 -","robots":{"index":"index","follow":"follow","max-snippet":"max-snippet:-1","max-image-preview":"max-image-preview:large","max-video-preview":"max-video-preview:-1"},"canonical":"https:\/\/luxpowertek.com\/es\/intersolarsouthamerica2024-8\/","og_locale":"es_ES","og_type":"article","og_title":"Exhibition-Solar Solutions Dusseldorf 2025 -","og_url":"https:\/\/luxpowertek.com\/es\/intersolarsouthamerica2024-8\/","article_publisher":"https:\/\/www.facebook.com\/LUXPOWERTEK","article_modified_time":"2025-11-10T08:59:11+00:00","twitter_card":"summary_large_image","twitter_misc":{"Tiempo de lectura":"4 minutos"},"schema":{"@context":"https:\/\/schema.org","@graph":[{"@type":"WebPage","@id":"https:\/\/luxpowertek.com\/exhibition-solar-solutions-dusseldorf-2025\/","url":"https:\/\/luxpowertek.com\/exhibition-solar-solutions-dusseldorf-2025\/","name":"Exposici\u00f3n de Soluciones Solares de D\u00fcsseldorf 2025 -","isPartOf":{"@id":"https:\/\/luxpowertek.com\/#website"},"datePublished":"2025-11-10T00:53:46+00:00","dateModified":"2025-11-10T08:59:11+00:00","breadcrumb":{"@id":"https:\/\/luxpowertek.com\/exhibition-solar-solutions-dusseldorf-2025\/#breadcrumb"},"inLanguage":"es","potentialAction":[{"@type":"ReadAction","target":["https:\/\/luxpowertek.com\/exhibition-solar-solutions-dusseldorf-2025\/"]}]},{"@type":"BreadcrumbList","@id":"https:\/\/luxpowertek.com\/exhibition-solar-solutions-dusseldorf-2025\/#breadcrumb","itemListElement":[{"@type":"ListItem","position":1,"name":"Home","item":"https:\/\/luxpowertek.com\/"},{"@type":"ListItem","position":2,"name":"Exhibition-Solar Solutions Dusseldorf 2025"}]},{"@type":"WebSite","@id":"https:\/\/luxpowertek.com\/#website","url":"https:\/\/luxpowertek.com\/","name":"","description":"","publisher":{"@id":"https:\/\/luxpowertek.com\/#organization"},"potentialAction":[{"@type":"SearchAction","target":{"@type":"EntryPoint","urlTemplate":"https:\/\/luxpowertek.com\/?s={search_term_string}"},"query-input":{"@type":"PropertyValueSpecification","valueRequired":true,"valueName":"search_term_string"}}],"inLanguage":"es"},{"@type":"Organization","@id":"https:\/\/luxpowertek.com\/#organization","name":"LuxPowerTek","url":"https:\/\/luxpowertek.com\/","logo":{"@type":"ImageObject","inLanguage":"es","@id":"https:\/\/luxpowertek.com\/#\/schema\/logo\/image\/","url":"https:\/\/luxpowertek.com\/wp-content\/uploads\/2024\/08\/Luxpower_logo_new.webp","contentUrl":"https:\/\/luxpowertek.com\/wp-content\/uploads\/2024\/08\/Luxpower_logo_new.webp","width":1030,"height":186,"caption":"LuxpowerTek"},"image":{"@id":"https:\/\/luxpowertek.com\/#\/schema\/logo\/image\/"},"sameAs":["https:\/\/www.facebook.com\/LUXPOWERTEK"]}]}},"_links":{"self":[{"href":"https:\/\/luxpowertek.com\/es\/wp-json\/wp\/v2\/pages\/16484","targetHints":{"allow":["GET"]}}],"collection":[{"href":"https:\/\/luxpowertek.com\/es\/wp-json\/wp\/v2\/pages"}],"about":[{"href":"https:\/\/luxpowertek.com\/es\/wp-json\/wp\/v2\/types\/page"}],"author":[{"embeddable":true,"href":"https:\/\/luxpowertek.com\/es\/wp-json\/wp\/v2\/users\/3"}],"replies":[{"embeddable":true,"href":"https:\/\/luxpowertek.com\/es\/wp-json\/wp\/v2\/comments?post=16484"}],"version-history":[{"count":13,"href":"https:\/\/luxpowertek.com\/es\/wp-json\/wp\/v2\/pages\/16484\/revisions"}],"predecessor-version":[{"id":16515,"href":"https:\/\/luxpowertek.com\/es\/wp-json\/wp\/v2\/pages\/16484\/revisions\/16515"}],"wp:attachment":[{"href":"https:\/\/luxpowertek.com\/es\/wp-json\/wp\/v2\/media?parent=16484"}],"curies":[{"name":"wp","href":"https:\/\/api.w.org\/{rel}","templated":true}]}}